{"id":392,"date":"2022-05-18T06:21:56","date_gmt":"2022-05-18T05:21:56","guid":{"rendered":"https:\/\/mihealth.418staging.co.uk\/?post_type=regions&#038;p=392"},"modified":"2025-04-30T23:40:47","modified_gmt":"2025-04-30T22:40:47","slug":"franca","status":"publish","type":"regions","link":"https:\/\/mihealtheurope.org\/pt\/regions\/france\/","title":{"rendered":"Fran\u00e7a"},"content":{"rendered":"<div class=\"wp-block-pb-accordion-item c-accordion__item js-accordion-item no-js\" data-initially-open=\"false\" data-click-to-close=\"true\" data-auto-close=\"true\" data-scroll=\"false\" data-scroll-offset=\"0\" id=\"tab1\"><h2 id=\"at-3920\" class=\"c-accordion__title js-accordion-controller\" role=\"button\">Direitos dos migrantes em mat\u00e9ria de cuidados de sa\u00fade<\/h2><div id=\"ac-3920\" class=\"c-accordion__content\">\n<div class=\"wp-block-columns is-layout-flex wp-container-core-columns-is-layout-9d6595d7 wp-block-columns-is-layout-flex\">\n<div class=\"wp-block-column is-layout-flow wp-block-column-is-layout-flow\">\n<p><strong>Requerentes de asilo<\/strong> T\u00eam direito a um seguro de sa\u00fade gratuito enquanto o seu pedido estiver a ser analisado. As pessoas que n\u00e3o t\u00eam o direito de permanecer no territ\u00f3rio, incluindo os requerentes de asilo recusados, beneficiam do PUMA durante seis meses ap\u00f3s o termo da validade da certifica\u00e7\u00e3o do pedido de asilo. Ap\u00f3s este per\u00edodo, a ajuda m\u00e9dica do Estado (AME) permite-lhes receber tratamentos gratuitos nos hospitais, bem como em qualquer consult\u00f3rio m\u00e9dico. As pessoas com baixos rendimentos que ainda aguardam o seguro de doen\u00e7a e que necessitam de cuidados de sa\u00fade rapidamente podem dirigir-se aos Centros de Sa\u00fade de Dia (PASS) do hospital p\u00fablico mais pr\u00f3ximo.<\/p>\n<\/div>\n\n\n\n<div class=\"wp-block-column is-layout-flow wp-block-column-is-layout-flow\">\n<p><strong>Refugiados<\/strong> Ter os mesmos direitos de acesso ao sistema m\u00e9dico que os cidad\u00e3os franceses e os residentes legais.<\/p>\n<\/div>\n<\/div>\n\n\n\n<p><strong>Migrantes indocumentados <\/strong>&nbsp;Devido aos cuidados de sa\u00fade universais, os imigrantes sem documentos podem aceder aos mesmos benef\u00edcios de sa\u00fade que os cidad\u00e3os franceses atrav\u00e9s da Assist\u00eancia M\u00e9dica do Estado (AME), incluindo cuidados de emerg\u00eancia, cuidados pedi\u00e1tricos, cuidados dent\u00e1rios e cuidados de maternidade.&nbsp;<\/p>\n<\/div><\/div>\n\n\n\n<div class=\"wp-block-pb-accordion-item c-accordion__item js-accordion-item no-js\" data-initially-open=\"false\" data-click-to-close=\"true\" data-auto-close=\"true\" data-scroll=\"false\" data-scroll-offset=\"0\" id=\"tab2\"><h2 id=\"at-3921\" class=\"c-accordion__title js-accordion-controller\" role=\"button\">Teste e tratamento do HIV<\/h2><div id=\"ac-3921\" class=\"c-accordion__content\">\n<p><strong>Teste:<\/strong>\u00a0Gratuito e an\u00f3nimo para todos. Utilizar o <a href=\"https:\/\/www.testfinder.info\/\" target=\"_blank\" rel=\"noreferrer noopener\">Localizador de testes europeu<\/a> para ver onde voc\u00ea pode fazer o teste de HIV.\u00a0<\/p>\n\n\n\n<p><strong>Tratamento:<\/strong> &nbsp;Gratuito para todas as pessoas que se encontrem em Fran\u00e7a h\u00e1 mais de tr\u00eas meses. Os migrantes sem documentos tamb\u00e9m precisam de ter um rendimento inferior a 700 euros por m\u00eas.&nbsp;<\/p>\n<\/div><\/div>\n\n\n\n<div class=\"wp-block-pb-accordion-item c-accordion__item js-accordion-item no-js is-open\" data-initially-open=\"true\" data-click-to-close=\"true\" data-auto-close=\"true\" data-scroll=\"false\" data-scroll-offset=\"0\" id=\"tab3\"><h2 id=\"at-3922\" class=\"c-accordion__title js-accordion-controller\" role=\"button\">Procure apoio<\/h2><div id=\"ac-3922\" class=\"c-accordion__content\"><div class=\"facetwp-facet facetwp-facet-resource_map facetwp-type-map\" data-name=\"resource_map\" data-type=\"map\"><\/div><div class=\"facetwp-facet facetwp-facet-categories facetwp-type-dropdown\" data-name=\"categories\" data-type=\"dropdown\"><\/div><ul class=\"resources-grid\">\n    <!-- the loop -->\n            <li>\n\t\t<div>\n\t\t<h3>ADSF (Agir pour la Sant\u00e9 des Femmes)<\/h3>\n\t\t\n<p>Defende os direitos \u00e0 sa\u00fade das mulheres que vivem em situa\u00e7\u00e3o de exclus\u00e3o e\/ou vulnerabilidade.<\/p>\n\t\t<ul class=\"resource-info\">\n\t\t\t\t\t\t  <li class=\"phone\">+33 178 107 925<\/li>\n\t\t\t\t\t\t\t\t\t\t\t\t  <li class=\"email\"><a href=\"mailto:contact@adsfasso.org\">contact@adsfasso.org<\/a><\/li>\n\t\t\t\t\t\t\t\t\t  <li class=\"website\"><a href=\"https:\/\/adsfasso.org\/\" target=\"_blank\">https:\/\/adsfasso.org\/<\/a><\/li>\n\t\t\t\t\t\t\t\t\t\t\t<\/ul>\n\t\t<\/div>\n\t\t<\/li>\n            <li>\n\t\t<div>\n\t\t<h3>Conseil d\u00e9partemental de Seine-Saint-Denis<\/h3>\n\t\t\n<p>Assist\u00eancia a migrantes ou refugiados residentes em Seine-Saint Denis.<\/p>\n\t\t<ul class=\"resource-info\">\n\t\t\t\t\t\t\t\t\t\t\t\t  <li class=\"email\"><a href=\"mailto:mpastor@seinesaintdenis.fr\">mpastor@seinesaintdenis.fr<\/a><\/li>\n\t\t\t\t\t\t\t\t\t  <li class=\"website\"><a href=\"https:\/\/seinesaintdenis.fr\/\" target=\"_blank\">https:\/\/seinesaintdenis.fr\/<\/a><\/li>\n\t\t\t\t\t\t\t\t\t\t\t<\/ul>\n\t\t<\/div>\n\t\t<\/li>\n            <li>\n\t\t<div>\n\t\t<h3>SIS Association<\/h3>\n\t\t\n<p>Linha de apoio nacional gratuita, acess\u00edvel H24 e 7\/7 dias.<\/p>\n\t\t<ul class=\"resource-info\">\n\t\t\t\t\t\t  <li class=\"phone\">+33 141 834 304<\/li>\n\t\t\t\t\t\t\t\t\t\t\t\t  <li class=\"email\"><a href=\"mailto:sbathily@sis-association.org\">sbathily@sis-association.org <\/a><\/li>\n\t\t\t\t\t\t\t\t\t  <li class=\"website\"><a href=\"https:\/\/www.sida-info-service.org\/\" target=\"_blank\">https:\/\/www.sida-info-service.org\/<\/a><\/li>\n\t\t\t\t\t\t\t\t\t\t\t<\/ul>\n\t\t<\/div>\n\t\t<\/li>\n            <li>\n\t\t<div>\n\t\t<h3>Utopia 56<\/h3>\n\t\t\n<p>Com 150 a 250 volunt\u00e1rios, 24 horas por dia e 7 dias por semana, esta organiza\u00e7\u00e3o organiza \"corridas de sopa\", grupos de informa\u00e7\u00e3o social e alojamento solid\u00e1rio em Calais, Grande-Synthe, Lille, Paris, Rennes, Toulouse e Tours.<\/p>\n\t\t<ul class=\"resource-info\">\n\t\t\t\t\t\t\t\t\t\t\t\t  <li class=\"email\"><a href=\"mailto:contact@utopia56.org\">contact@utopia56.org<\/a><\/li>\n\t\t\t\t\t\t\t\t\t  <li class=\"website\"><a href=\"http:\/\/www.utopia56.com\/fr\" target=\"_blank\">http:\/\/www.utopia56.com\/fr<\/a><\/li>\n\t\t\t\t\t\t\t\t\t\t\t<\/ul>\n\t\t<\/div>\n\t\t<\/li>\n            <li>\n\t\t<div>\n\t\t<h3>PASSADO DA ASSOCIA\u00c7\u00c3O<\/h3>\n\t\t\n<p>Defende a capacita\u00e7\u00e3o econ\u00f3mica e a inclus\u00e3o social dos trabalhadores do sexo enquanto trabalhadores do sexo. Assiste-as na sua integra\u00e7\u00e3o social, na procura de alojamento, na sa\u00fade mental e em quest\u00f5es administrativas.<\/p>\n\t\t<ul class=\"resource-info\">\n\t\t\t\t\t\t  <li class=\"phone\">+33 153 241 540<\/li>\n\t\t\t\t\t\t\t\t\t\t\t\t  <li class=\"email\"><a href=\"mailto:pasttparis@gmail.com\">pasttparis@gmail.com<\/a><\/li>\n\t\t\t\t\t\t\t\t\t  <li class=\"website\"><a href=\"https:\/\/regis-pastt.asso-web.com\/\" target=\"_blank\">https:\/\/regis-pastt.asso-web.com\/<\/a><\/li>\n\t\t\t\t\t\t\t\t\t\t\t<\/ul>\n\t\t<\/div>\n\t\t<\/li>\n            <li>\n\t\t<div>\n\t\t<h3>AREMEDIA<\/h3>\n\t\t\n<p>Realiza investiga\u00e7\u00e3o sobre quest\u00f5es de sa\u00fade p\u00fablica e epidemiol\u00f3gicas. Apoia os jovens em situa\u00e7\u00e3o de vulnerabilidade ou exclus\u00e3o social.<\/p>\n\t\t<ul class=\"resource-info\">\n\t\t\t\t\t\t  <li class=\"phone\">+33 147 700 770<\/li>\n\t\t\t\t\t\t\t\t\t\t\t\t  <li class=\"email\"><a href=\"mailto:solene.bost@aremedia.org\">solene.bost@aremedia.org<\/a><\/li>\n\t\t\t\t\t\t\t\t\t  <li class=\"website\"><a href=\"https:\/\/www.aremedia.com.au\/\" target=\"_blank\">https:\/\/www.aremedia.com.au\/<\/a><\/li>\n\t\t\t\t\t\t\t\t\t\t\t<\/ul>\n\t\t<\/div>\n\t\t<\/li>\n            <li>\n\t\t<div>\n\t\t<h3>F\u00f3rum Oppelia Essonne<\/h3>\n\t\t\n<p>Presta assist\u00eancia a pessoas que enfrentam dificuldades psicol\u00f3gicas, sociais e de sa\u00fade, em especial as relacionadas com o consumo de drogas e as depend\u00eancias.<\/p>\n\t\t<ul class=\"resource-info\">\n\t\t\t\t\t\t  <li class=\"phone\">+33 143 441 414<\/li>\n\t\t\t\t\t\t\t\t\t\t\t\t  <li class=\"email\"><a href=\"mailto:essonne-accueil-evry@oppelia.fr\">essonne-accueil-evry@oppelia.fr<\/a><\/li>\n\t\t\t\t\t\t\t\t\t  <li class=\"website\"><a href=\"https:\/\/www.oppelia.fr\/etablissement\/essonne-accueil-evry\/\" target=\"_blank\">https:\/\/www.oppelia.fr\/etablissement\/essonne-accueil-evry\/<\/a><\/li>\n\t\t\t\t\t\t\t\t\t\t\t<\/ul>\n\t\t<\/div>\n\t\t<\/li>\n            <li>\n\t\t<div>\n\t\t<h3>AC\u00c7\u00d5ES TRAITEMENTS<\/h3>\n\t\t\n<p>Apoia as pessoas afectadas ou afectadas pelo VIH e\/ou pelas hepatites virais a tornarem-se intervenientes nos seus cuidados e a viverem melhor o seu estado de VIH. Trabalha tamb\u00e9m com as empresas farmac\u00eauticas para defender os interesses dos doentes.<\/p>\n\t\t<ul class=\"resource-info\">\n\t\t\t\t\t\t  <li class=\"phone\">+33 143 676 600<\/li>\n\t\t\t\t\t\t\t\t\t\t\t\t  <li class=\"email\"><a href=\"mailto:at@actions-traitements.org\">at@actions-traitements.org<\/a><\/li>\n\t\t\t\t\t\t\t\t\t  <li class=\"website\"><a href=\"https:\/\/www.actions-traitements.org\/\" target=\"_blank\">https:\/\/www.actions-traitements.org\/<\/a><\/li>\n\t\t\t\t\t\t\t\t\t\t\t<\/ul>\n\t\t<\/div>\n\t\t<\/li>\n            <li>\n\t\t<div>\n\t\t<h3>Grupo de Migrantes SPILF \/ SFLS (Sa\u00fade)<\/h3>\n\t\t\n<p>A SPILF \u00e9 uma associa\u00e7\u00e3o de direito de 1901 que re\u00fane os profissionais de sa\u00fade interessados nas doen\u00e7as infecciosas e tropicais.<\/p>\n\t\t<ul class=\"resource-info\">\n\t\t\t\t\t\t\t\t\t\t\t\t  <li class=\"email\"><a href=\"mailto:dr.vignier@gmail.com\">dr.vignier@gmail.com<\/a><\/li>\n\t\t\t\t\t\t\t\t\t  <li class=\"website\"><a href=\"https:\/\/www.infectiologie.com\/\" target=\"_blank\">https:\/\/www.infectiologie.com\/<\/a><\/li>\n\t\t\t\t\t\t\t\t\t\t\t<\/ul>\n\t\t<\/div>\n\t\t<\/li>\n        <!-- end of the loop -->\n<\/ul>\n    \t<div class=\"resource-bottom\">\n\t<div class=\"res-left\">\n\tSe n\u00e3o encontrar o que procura, fale connosco. <a href=\"\/pt\/contact\/\">por correio eletr\u00f3nico<\/a>.\n\t<\/div>\n\t<div class=\"res-right\">\n\t<h3>Fontes<\/h3>\n\t<ul>\n\t<li><a href=\"https:\/\/help.unhcr.org\/\" target=\"_blank\">https:\/\/help.unhcr.org\/<\/a><\/li>\n\t<li><a href=\"https:\/\/asylumineurope.org\/\" target=\"_blank\">https:\/\/asylumineurope.org\/<\/a><\/li>\n\t<\/ul>\n\t<\/div>\n\t<\/div>\n<\/div><\/div>\n\n\n\n<div class=\"wp-block-pb-accordion-item c-accordion__item js-accordion-item no-js\" data-initially-open=\"false\" data-click-to-close=\"true\" data-auto-close=\"true\" data-scroll=\"false\" data-scroll-offset=\"0\" id=\"tab4\"><h2 id=\"at-3923\" class=\"c-accordion__title js-accordion-controller\" role=\"button\">Transfer\u00eancias de documentos<\/h2><div id=\"ac-3923\" class=\"c-accordion__content\">\n<p><a href=\"\/wp-content\/uploads\/2022\/05\/EN_France.png\" target=\"_blank\" rel=\"noreferrer noopener\">Cuidados de sa\u00fade e direitos em mat\u00e9ria de VIH em Fran\u00e7a<\/a><\/p>\n<\/div><\/div>\n\n\n<div class=\"quote-wrap\">\n<div class=\"top-text\">justi\u00e7a<\/div>\n<p class=\"quote-text\" style=\"background-image:url(https:\/\/mihealtheurope.org\/wp-content\/uploads\/2022\/04\/quote1.png);\">A injusti\u00e7a em qualquer lugar \u00e9 uma amea\u00e7a \u00e0 justi\u00e7a em todo o lado.<span>Dr. Martin Luther King Jr.<\/span><\/p>\n<div class=\"bottom-text\">em todo o lado<\/div>\n<\/div>","protected":false},"excerpt":{"rendered":"","protected":false},"author":1,"featured_media":0,"comment_status":"closed","ping_status":"closed","template":"","meta":{"_acf_changed":false,"_uag_custom_page_level_css":"","footnotes":""},"class_list":["post-392","regions","type-regions","status-publish","hentry"],"acf":[],"yoast_head":"<!-- This site is optimized with the Yoast SEO plugin v27.5 - https:\/\/yoast.com\/product\/yoast-seo-wordpress\/ -->\n<title>France - Mi-Health Europe<\/title>\n<meta name=\"robots\" content=\"index, follow, max-snippet:-1, max-image-preview:large, max-video-preview:-1\" \/>\n<link rel=\"canonical\" href=\"https:\/\/mihealtheurope.org\/pt\/regioes\/franca\/\" \/>\n<meta property=\"og:locale\" content=\"pt_PT\" \/>\n<meta property=\"og:type\" content=\"article\" \/>\n<meta property=\"og:title\" content=\"France - Mi-Health Europe\" \/>\n<meta property=\"og:url\" content=\"https:\/\/mihealtheurope.org\/pt\/regioes\/franca\/\" \/>\n<meta property=\"og:site_name\" content=\"Mi-Health Europe\" \/>\n<meta property=\"article:publisher\" content=\"https:\/\/www.facebook.com\/MiHealthAAF\" \/>\n<meta property=\"article:modified_time\" content=\"2025-04-30T22:40:47+00:00\" \/>\n<meta name=\"twitter:card\" content=\"summary_large_image\" \/>\n<meta name=\"twitter:site\" content=\"@MiHealth_Europe\" \/>\n<meta name=\"twitter:label1\" content=\"Tempo estimado de leitura\" \/>\n\t<meta name=\"twitter:data1\" content=\"1 minuto\" \/>\n<script type=\"application\/ld+json\" class=\"yoast-schema-graph\">{\"@context\":\"https:\\\/\\\/schema.org\",\"@graph\":[{\"@type\":\"WebPage\",\"@id\":\"https:\\\/\\\/mihealtheurope.org\\\/regions\\\/france\\\/\",\"url\":\"https:\\\/\\\/mihealtheurope.org\\\/regions\\\/france\\\/\",\"name\":\"France - Mi-Health Europe\",\"isPartOf\":{\"@id\":\"https:\\\/\\\/mihealtheurope.org\\\/#website\"},\"datePublished\":\"2022-05-18T05:21:56+00:00\",\"dateModified\":\"2025-04-30T22:40:47+00:00\",\"breadcrumb\":{\"@id\":\"https:\\\/\\\/mihealtheurope.org\\\/regions\\\/france\\\/#breadcrumb\"},\"inLanguage\":\"pt-PT\",\"potentialAction\":[{\"@type\":\"ReadAction\",\"target\":[\"https:\\\/\\\/mihealtheurope.org\\\/regions\\\/france\\\/\"]}]},{\"@type\":\"BreadcrumbList\",\"@id\":\"https:\\\/\\\/mihealtheurope.org\\\/regions\\\/france\\\/#breadcrumb\",\"itemListElement\":[{\"@type\":\"ListItem\",\"position\":1,\"name\":\"Home\",\"item\":\"https:\\\/\\\/mihealtheurope.org\\\/\"},{\"@type\":\"ListItem\",\"position\":2,\"name\":\"Regions\",\"item\":\"https:\\\/\\\/mihealtheurope.org\\\/regions\\\/\"},{\"@type\":\"ListItem\",\"position\":3,\"name\":\"France\"}]},{\"@type\":\"WebSite\",\"@id\":\"https:\\\/\\\/mihealtheurope.org\\\/#website\",\"url\":\"https:\\\/\\\/mihealtheurope.org\\\/\",\"name\":\"https:\\\/\\\/mihealtheurope.org\\\/\",\"description\":\"Improving migrant health\",\"publisher\":{\"@id\":\"https:\\\/\\\/mihealtheurope.org\\\/#organization\"},\"potentialAction\":[{\"@type\":\"SearchAction\",\"target\":{\"@type\":\"EntryPoint\",\"urlTemplate\":\"https:\\\/\\\/mihealtheurope.org\\\/?s={search_term_string}\"},\"query-input\":{\"@type\":\"PropertyValueSpecification\",\"valueRequired\":true,\"valueName\":\"search_term_string\"}}],\"inLanguage\":\"pt-PT\"},{\"@type\":\"Organization\",\"@id\":\"https:\\\/\\\/mihealtheurope.org\\\/#organization\",\"name\":\"Mi-Health Europe\",\"url\":\"https:\\\/\\\/mihealtheurope.org\\\/\",\"logo\":{\"@type\":\"ImageObject\",\"inLanguage\":\"pt-PT\",\"@id\":\"https:\\\/\\\/mihealtheurope.org\\\/#\\\/schema\\\/logo\\\/image\\\/\",\"url\":\"https:\\\/\\\/mihealtheurope.org\\\/wp-content\\\/uploads\\\/2024\\\/04\\\/MiHealth_Blue-High-Res.png\",\"contentUrl\":\"https:\\\/\\\/mihealtheurope.org\\\/wp-content\\\/uploads\\\/2024\\\/04\\\/MiHealth_Blue-High-Res.png\",\"width\":1536,\"height\":1489,\"caption\":\"Mi-Health Europe\"},\"image\":{\"@id\":\"https:\\\/\\\/mihealtheurope.org\\\/#\\\/schema\\\/logo\\\/image\\\/\"},\"sameAs\":[\"https:\\\/\\\/www.facebook.com\\\/MiHealthAAF\",\"https:\\\/\\\/x.com\\\/MiHealth_Europe\",\"https:\\\/\\\/www.instagram.com\\\/mi_health_advocacy\\\/\"]}]}<\/script>\n<!-- \/ Yoast SEO plugin. -->","yoast_head_json":{"title":"Fran\u00e7a - Mi-Health Europe","robots":{"index":"index","follow":"follow","max-snippet":"max-snippet:-1","max-image-preview":"max-image-preview:large","max-video-preview":"max-video-preview:-1"},"canonical":"https:\/\/mihealtheurope.org\/pt\/regioes\/franca\/","og_locale":"pt_PT","og_type":"article","og_title":"France - Mi-Health Europe","og_url":"https:\/\/mihealtheurope.org\/pt\/regioes\/franca\/","og_site_name":"Mi-Health Europe","article_publisher":"https:\/\/www.facebook.com\/MiHealthAAF","article_modified_time":"2025-04-30T22:40:47+00:00","twitter_card":"summary_large_image","twitter_site":"@MiHealth_Europe","twitter_misc":{"Tempo estimado de leitura":"1 minuto"},"schema":{"@context":"https:\/\/schema.org","@graph":[{"@type":"WebPage","@id":"https:\/\/mihealtheurope.org\/regions\/france\/","url":"https:\/\/mihealtheurope.org\/regions\/france\/","name":"Fran\u00e7a - Mi-Health Europe","isPartOf":{"@id":"https:\/\/mihealtheurope.org\/#website"},"datePublished":"2022-05-18T05:21:56+00:00","dateModified":"2025-04-30T22:40:47+00:00","breadcrumb":{"@id":"https:\/\/mihealtheurope.org\/regions\/france\/#breadcrumb"},"inLanguage":"pt-PT","potentialAction":[{"@type":"ReadAction","target":["https:\/\/mihealtheurope.org\/regions\/france\/"]}]},{"@type":"BreadcrumbList","@id":"https:\/\/mihealtheurope.org\/regions\/france\/#breadcrumb","itemListElement":[{"@type":"ListItem","position":1,"name":"Home","item":"https:\/\/mihealtheurope.org\/"},{"@type":"ListItem","position":2,"name":"Regions","item":"https:\/\/mihealtheurope.org\/regions\/"},{"@type":"ListItem","position":3,"name":"France"}]},{"@type":"WebSite","@id":"https:\/\/mihealtheurope.org\/#website","url":"https:\/\/mihealtheurope.org\/","name":"https:\/\/mihealtheurope.org\/","description":"Melhorar a sa\u00fade dos migrantes","publisher":{"@id":"https:\/\/mihealtheurope.org\/#organization"},"potentialAction":[{"@type":"SearchAction","target":{"@type":"EntryPoint","urlTemplate":"https:\/\/mihealtheurope.org\/?s={search_term_string}"},"query-input":{"@type":"PropertyValueSpecification","valueRequired":true,"valueName":"search_term_string"}}],"inLanguage":"pt-PT"},{"@type":"Organization","@id":"https:\/\/mihealtheurope.org\/#organization","name":"Mi-Health Europe","url":"https:\/\/mihealtheurope.org\/","logo":{"@type":"ImageObject","inLanguage":"pt-PT","@id":"https:\/\/mihealtheurope.org\/#\/schema\/logo\/image\/","url":"https:\/\/mihealtheurope.org\/wp-content\/uploads\/2024\/04\/MiHealth_Blue-High-Res.png","contentUrl":"https:\/\/mihealtheurope.org\/wp-content\/uploads\/2024\/04\/MiHealth_Blue-High-Res.png","width":1536,"height":1489,"caption":"Mi-Health Europe"},"image":{"@id":"https:\/\/mihealtheurope.org\/#\/schema\/logo\/image\/"},"sameAs":["https:\/\/www.facebook.com\/MiHealthAAF","https:\/\/x.com\/MiHealth_Europe","https:\/\/www.instagram.com\/mi_health_advocacy\/"]}]}},"uagb_featured_image_src":{"full":false,"thumbnail":false,"medium":false,"medium_large":false,"large":false,"1536x1536":false,"2048x2048":false,"trp-custom-language-flag":false,"blog-img":false,"gform-image-choice-sm":false,"gform-image-choice-md":false,"gform-image-choice-lg":false},"uagb_author_info":{"display_name":"MIHealthUsr","author_link":"https:\/\/mihealtheurope.org\/pt\/author\/mihealthusr\/"},"uagb_comment_info":0,"uagb_excerpt":null,"_links":{"self":[{"href":"https:\/\/mihealtheurope.org\/pt\/wp-json\/wp\/v2\/regions\/392","targetHints":{"allow":["GET"]}}],"collection":[{"href":"https:\/\/mihealtheurope.org\/pt\/wp-json\/wp\/v2\/regions"}],"about":[{"href":"https:\/\/mihealtheurope.org\/pt\/wp-json\/wp\/v2\/types\/regions"}],"author":[{"embeddable":true,"href":"https:\/\/mihealtheurope.org\/pt\/wp-json\/wp\/v2\/users\/1"}],"replies":[{"embeddable":true,"href":"https:\/\/mihealtheurope.org\/pt\/wp-json\/wp\/v2\/comments?post=392"}],"version-history":[{"count":7,"href":"https:\/\/mihealtheurope.org\/pt\/wp-json\/wp\/v2\/regions\/392\/revisions"}],"predecessor-version":[{"id":2563,"href":"https:\/\/mihealtheurope.org\/pt\/wp-json\/wp\/v2\/regions\/392\/revisions\/2563"}],"wp:attachment":[{"href":"https:\/\/mihealtheurope.org\/pt\/wp-json\/wp\/v2\/media?parent=392"}],"curies":[{"name":"wp","href":"https:\/\/api.w.org\/{rel}","templated":true}]}}