{"id":358,"date":"2022-05-09T17:33:54","date_gmt":"2022-05-09T16:33:54","guid":{"rendered":"https:\/\/mihealth.418staging.co.uk\/?post_type=regions&#038;p=358"},"modified":"2025-04-30T23:31:47","modified_gmt":"2025-04-30T22:31:47","slug":"dinamarca","status":"publish","type":"regions","link":"https:\/\/mihealtheurope.org\/pt\/regions\/denmark\/","title":{"rendered":"Dinamarca"},"content":{"rendered":"<div class=\"wp-block-pb-accordion-item c-accordion__item js-accordion-item no-js\" data-initially-open=\"false\" data-click-to-close=\"true\" data-auto-close=\"true\" data-scroll=\"false\" data-scroll-offset=\"0\" id=\"tab1\"><h2 id=\"at-3580\" class=\"c-accordion__title js-accordion-controller\" role=\"button\">Direitos dos migrantes em mat\u00e9ria de cuidados de sa\u00fade<\/h2><div id=\"ac-3580\" class=\"c-accordion__content\">\n<div class=\"wp-block-columns is-layout-flex wp-container-core-columns-is-layout-9d6595d7 wp-block-columns-is-layout-flex\">\n<div class=\"wp-block-column is-layout-flow wp-block-column-is-layout-flow\">\n<p><strong>Requerentes de asilo<\/strong> Podem receber servi\u00e7os prim\u00e1rios b\u00e1sicos e servi\u00e7os hospitalares de emerg\u00eancia. Os requerentes de asilo devem solicitar tratamento especializado para doen\u00e7as cr\u00f3nicas dolorosas e potencialmente fatais, que \u00e9 financiado pelo Servi\u00e7o de Imigra\u00e7\u00e3o dinamarqu\u00eas.<\/p>\n<\/div>\n\n\n\n<div class=\"wp-block-column is-layout-flow wp-block-column-is-layout-flow\">\n<p><strong>Refugiados<\/strong> T\u00eam direito a acesso gratuito aos cuidados de sa\u00fade se estiverem registados como residentes h\u00e1 mais de seis semanas. As crian\u00e7as com menos de 16 anos est\u00e3o cobertas pela mesma forma de cobertura que os seus pais.&nbsp;<\/p>\n<\/div>\n<\/div>\n\n\n\n<p><strong>Migrantes indocumentados <\/strong>&nbsp;Podem aceder gratuitamente aos cuidados de urg\u00eancia, que s\u00e3o cobertos pelo Servi\u00e7o de Imigra\u00e7\u00e3o Dinamarqu\u00eas. Em determinadas circunst\u00e2ncias, podem aceder aos cuidados prim\u00e1rios e secund\u00e1rios mediante o pagamento da totalidade dos custos.  Podem informar-se junto de um dos centros de asilo ou do servi\u00e7o de imigra\u00e7\u00e3o dinamarqu\u00eas quando necessitarem de tratamento.<\/p>\n<\/div><\/div>\n\n\n\n<div class=\"wp-block-pb-accordion-item c-accordion__item js-accordion-item no-js\" data-initially-open=\"false\" data-click-to-close=\"true\" data-auto-close=\"true\" data-scroll=\"false\" data-scroll-offset=\"0\" id=\"tab2\"><h2 id=\"at-3581\" class=\"c-accordion__title js-accordion-controller\" role=\"button\">Teste e tratamento do HIV<\/h2><div id=\"ac-3581\" class=\"c-accordion__content\">\n<p><strong>Teste:<\/strong>\u00a0Gratuito e confidencial para todos. Os testes podem ser efectuados em cl\u00ednicas, hospitais ou com m\u00e9dicos de cl\u00ednica geral. Utilize o <a href=\"https:\/\/www.testfinder.info\/\" target=\"_blank\" rel=\"noreferrer noopener\">Localizador de testes europeu<\/a> para ver onde voc\u00ea pode fazer o teste de HIV.\u00a0<\/p>\n\n\n\n<p><strong>Tratamento:<\/strong> Tratamento gratuito para alguns. Os imigrantes sem documentos est\u00e3o exclu\u00eddos.<\/p>\n<\/div><\/div>\n\n\n\n<div class=\"wp-block-pb-accordion-item c-accordion__item js-accordion-item no-js is-open\" data-initially-open=\"true\" data-click-to-close=\"true\" data-auto-close=\"true\" data-scroll=\"false\" data-scroll-offset=\"0\" id=\"tab3\"><h2 id=\"at-3582\" class=\"c-accordion__title js-accordion-controller\" role=\"button\">Procure apoio<\/h2><div id=\"ac-3582\" class=\"c-accordion__content\"><div class=\"facetwp-facet facetwp-facet-resource_map facetwp-type-map\" data-name=\"resource_map\" data-type=\"map\"><\/div><div class=\"facetwp-facet facetwp-facet-categories facetwp-type-dropdown\" data-name=\"categories\" data-type=\"dropdown\"><\/div><ul class=\"resources-grid\">\n    <!-- the loop -->\n            <li>\n\t\t<div>\n\t\t<h3>VIH-Dinamarca<\/h3>\n\t\t\n<p>A Hiv-Danmark \u00e9 a associa\u00e7\u00e3o nacional de doentes para pessoas que vivem com VIH e seus familiares, independentemente da ra\u00e7a, origem \u00e9tnica, religi\u00e3o ou orienta\u00e7\u00e3o sexual.<br><br>O nosso objetivo \u00e9 apoiar as pessoas seropositivas a viverem o melhor poss\u00edvel com o seu diagn\u00f3stico e a assumirem a responsabilidade pelas suas pr\u00f3prias vidas.<br>Apoiamos<br>- ajudar o indiv\u00edduo a encontrar os seus pr\u00f3prios recursos<br>- motivar para uma vida ativa e social<br>- refor\u00e7ar e aumentar as redes pessoais<br>- combater os preconceitos e trabalhar para a abertura atrav\u00e9s da seguran\u00e7a e do conhecimento<br>- garantir os direitos humanos e jur\u00eddicos das pessoas que vivem com o VIH<br>- evitar a discrimina\u00e7\u00e3o<br>- reduzir a preval\u00eancia atrav\u00e9s da informa\u00e7\u00e3o<br>- promover o bem-estar f\u00edsico, mental, social e sexual<br>- informar sobre problemas de sa\u00fade espec\u00edficos relacionados com o VIH<br>- trocar experi\u00eancias entre pessoas seropositivas e com outras organiza\u00e7\u00f5es da comunidade VIH<br><br>Temos um caf\u00e9 no centro de Copenhaga, o Kaf\u00e9 Knud, onde toda a gente se encontra para comer, obter informa\u00e7\u00f5es, receber forma\u00e7\u00e3o entre pares, organizar encontros sociais e reuni\u00f5es de grupos de autoajuda.<\/p>\n\n\n\n<p><\/p>\n\t\t<ul class=\"resource-info\">\n\t\t\t\t\t\t  <li class=\"phone\">+45 29 21 95 30 <\/li>\n\t\t\t\t\t\t\t\t\t\t\t\t  <li class=\"email\"><a href=\"mailto:info@hiv-danmark.dk\">info@hiv-danmark.dk <\/a><\/li>\n\t\t\t\t\t\t\t\t\t  <li class=\"website\"><a href=\"https:\/\/hiv-danmark.dk \" target=\"_blank\">https:\/\/hiv-danmark.dk <\/a><\/li>\n\t\t\t\t\t\t\t\t\t\t\t\t  <li class=\"facebook\"><a href=\"\/pt\/hiv-danmarks venner\/\" target=\"_blank\">hiv-danmarks venner <\/a><\/li>\n\t\t\t\t\t<\/ul>\n\t\t<\/div>\n\t\t<\/li>\n            <li>\n\t\t<div>\n\t\t<h3>Conselho Dinamarqu\u00eas para os Refugiados<\/h3>\n\t\t\n<p>Presta assist\u00eancia e prote\u00e7\u00e3o aos refugiados e \u00e0s pessoas deslocadas, bem como informa\u00e7\u00f5es sobre os seus direitos legais.<\/p>\n\t\t<ul class=\"resource-info\">\n\t\t\t\t\t\t  <li class=\"phone\">+ 45 33 73 50 00<\/li>\n\t\t\t\t\t\t\t\t\t\t\t\t  <li class=\"email\"><a href=\"mailto:maina.abbasi@drc.ngo\">maina.abbasi@drc.ngo<\/a><\/li>\n\t\t\t\t\t\t\t\t\t  <li class=\"website\"><a href=\"https:\/\/drc.ngo\/\" target=\"_blank\">https:\/\/drc.ngo\/<\/a><\/li>\n\t\t\t\t\t\t\t\t\t\t\t<\/ul>\n\t\t<\/div>\n\t\t<\/li>\n            <li>\n\t\t<div>\n\t\t<h3>Asilo LGBT<\/h3>\n\t\t\n<p>Grupo de aconselhamento jur\u00eddico e pol\u00edtico que trabalha para as pessoas LGBT.<\/p>\n\t\t<ul class=\"resource-info\">\n\t\t\t\t\t\t  <li class=\"phone\">+ 45 71 52 33 97<\/li>\n\t\t\t\t\t\t\t\t\t\t\t\t  <li class=\"email\"><a href=\"mailto:info@lgbtasylum.dk\">info@lgbtasylum.dk<\/a><\/li>\n\t\t\t\t\t\t\t\t\t  <li class=\"website\"><a href=\"http:\/\/www.lgbtasylum.dk\/\" target=\"_blank\">http:\/\/www.lgbtasylum.dk\/<\/a><\/li>\n\t\t\t\t\t\t\t\t\t\t\t<\/ul>\n\t\t<\/div>\n\t\t<\/li>\n            <li>\n\t\t<div>\n\t\t<h3>LGBT+ Dinamarca<\/h3>\n\t\t\n<p>Trabalha contra a discrimina\u00e7\u00e3o e presta aconselhamento jur\u00eddico a pessoas LGBT+ em \u00e1reas como o casamento, a ado\u00e7\u00e3o, a insemina\u00e7\u00e3o artificial de l\u00e9sbicas e os direitos das pessoas trans.<\/p>\n\t\t<ul class=\"resource-info\">\n\t\t\t\t\t\t  <li class=\"phone\">+45 33 13 19 48<\/li>\n\t\t\t\t\t\t\t\t\t\t\t\t  <li class=\"email\"><a href=\"mailto:lgbt@lgbt.dk\">lgbt@lgbt.dk <\/a><\/li>\n\t\t\t\t\t\t\t\t\t  <li class=\"website\"><a href=\"http:\/\/lgbt.dk\/english-2\/\" target=\"_blank\">http:\/\/lgbt.dk\/english-2\/<\/a><\/li>\n\t\t\t\t\t\t\t\t\t\t\t<\/ul>\n\t\t<\/div>\n\t\t<\/li>\n        <!-- end of the loop -->\n<\/ul>\n    \t<div class=\"resource-bottom\">\n\t<div class=\"res-left\">\n\tSe n\u00e3o encontrar o que procura, fale connosco. <a href=\"\/pt\/contact\/\">por correio eletr\u00f3nico<\/a>.\n\t<\/div>\n\t<div class=\"res-right\">\n\t<h3>Fontes<\/h3>\n\t<ul>\n\t<li><a href=\"https:\/\/help.unhcr.org\/\" target=\"_blank\">https:\/\/help.unhcr.org\/<\/a><\/li>\n\t<li><a href=\"https:\/\/asylumineurope.org\/\" target=\"_blank\">https:\/\/asylumineurope.org\/<\/a><\/li>\n\t<\/ul>\n\t<\/div>\n\t<\/div>\n<\/div><\/div>\n\n\n\n<div class=\"wp-block-pb-accordion-item c-accordion__item js-accordion-item no-js\" data-initially-open=\"false\" data-click-to-close=\"true\" data-auto-close=\"true\" data-scroll=\"false\" data-scroll-offset=\"0\" id=\"tab4\"><h2 id=\"at-3583\" class=\"c-accordion__title js-accordion-controller\" role=\"button\">Transfer\u00eancias de documentos<\/h2><div id=\"ac-3583\" class=\"c-accordion__content\">\n<p><a href=\"\/wp-content\/uploads\/2022\/05\/EN_Denmark.png\">Cuidados de sa\u00fade e direitos em mat\u00e9ria de VIH na Dinamarca<\/a><\/p>\n<\/div><\/div>\n\n\n<div class=\"quote-wrap\">\n<div class=\"top-text\">justi\u00e7a<\/div>\n<p class=\"quote-text\" style=\"background-image:url(https:\/\/mihealtheurope.org\/wp-content\/uploads\/2022\/04\/quote1.png);\">A injusti\u00e7a em qualquer lugar \u00e9 uma amea\u00e7a \u00e0 justi\u00e7a em todo o lado.<span>Dr. Martin Luther King Jr.<\/span><\/p>\n<div class=\"bottom-text\">em todo o lado<\/div>\n<\/div>","protected":false},"excerpt":{"rendered":"","protected":false},"author":1,"featured_media":0,"comment_status":"closed","ping_status":"closed","template":"","meta":{"_acf_changed":false,"_uag_custom_page_level_css":"","footnotes":""},"class_list":["post-358","regions","type-regions","status-publish","hentry"],"acf":[],"yoast_head":"<!-- This site is optimized with the Yoast SEO plugin v27.4 - https:\/\/yoast.com\/product\/yoast-seo-wordpress\/ -->\n<title>Denmark - Mi-Health Europe<\/title>\n<meta name=\"robots\" content=\"index, follow, max-snippet:-1, max-image-preview:large, max-video-preview:-1\" \/>\n<link rel=\"canonical\" href=\"https:\/\/mihealtheurope.org\/pt\/regioes\/dinamarca\/\" \/>\n<meta property=\"og:locale\" content=\"pt_PT\" \/>\n<meta property=\"og:type\" content=\"article\" \/>\n<meta property=\"og:title\" content=\"Denmark - Mi-Health Europe\" \/>\n<meta property=\"og:url\" content=\"https:\/\/mihealtheurope.org\/pt\/regioes\/dinamarca\/\" \/>\n<meta property=\"og:site_name\" content=\"Mi-Health Europe\" \/>\n<meta property=\"article:publisher\" content=\"https:\/\/www.facebook.com\/MiHealthAAF\" \/>\n<meta property=\"article:modified_time\" content=\"2025-04-30T22:31:47+00:00\" \/>\n<meta name=\"twitter:card\" content=\"summary_large_image\" \/>\n<meta name=\"twitter:site\" content=\"@MiHealth_Europe\" \/>\n<meta name=\"twitter:label1\" content=\"Tempo estimado de leitura\" \/>\n\t<meta name=\"twitter:data1\" content=\"1 minuto\" \/>\n<script type=\"application\/ld+json\" class=\"yoast-schema-graph\">{\"@context\":\"https:\\\/\\\/schema.org\",\"@graph\":[{\"@type\":\"WebPage\",\"@id\":\"https:\\\/\\\/mihealtheurope.org\\\/regions\\\/denmark\\\/\",\"url\":\"https:\\\/\\\/mihealtheurope.org\\\/regions\\\/denmark\\\/\",\"name\":\"Denmark - Mi-Health Europe\",\"isPartOf\":{\"@id\":\"https:\\\/\\\/mihealtheurope.org\\\/#website\"},\"datePublished\":\"2022-05-09T16:33:54+00:00\",\"dateModified\":\"2025-04-30T22:31:47+00:00\",\"breadcrumb\":{\"@id\":\"https:\\\/\\\/mihealtheurope.org\\\/regions\\\/denmark\\\/#breadcrumb\"},\"inLanguage\":\"pt-PT\",\"potentialAction\":[{\"@type\":\"ReadAction\",\"target\":[\"https:\\\/\\\/mihealtheurope.org\\\/regions\\\/denmark\\\/\"]}]},{\"@type\":\"BreadcrumbList\",\"@id\":\"https:\\\/\\\/mihealtheurope.org\\\/regions\\\/denmark\\\/#breadcrumb\",\"itemListElement\":[{\"@type\":\"ListItem\",\"position\":1,\"name\":\"Home\",\"item\":\"https:\\\/\\\/mihealtheurope.org\\\/\"},{\"@type\":\"ListItem\",\"position\":2,\"name\":\"Regions\",\"item\":\"https:\\\/\\\/mihealtheurope.org\\\/regions\\\/\"},{\"@type\":\"ListItem\",\"position\":3,\"name\":\"Denmark\"}]},{\"@type\":\"WebSite\",\"@id\":\"https:\\\/\\\/mihealtheurope.org\\\/#website\",\"url\":\"https:\\\/\\\/mihealtheurope.org\\\/\",\"name\":\"https:\\\/\\\/mihealtheurope.org\\\/\",\"description\":\"Improving migrant health\",\"publisher\":{\"@id\":\"https:\\\/\\\/mihealtheurope.org\\\/#organization\"},\"potentialAction\":[{\"@type\":\"SearchAction\",\"target\":{\"@type\":\"EntryPoint\",\"urlTemplate\":\"https:\\\/\\\/mihealtheurope.org\\\/?s={search_term_string}\"},\"query-input\":{\"@type\":\"PropertyValueSpecification\",\"valueRequired\":true,\"valueName\":\"search_term_string\"}}],\"inLanguage\":\"pt-PT\"},{\"@type\":\"Organization\",\"@id\":\"https:\\\/\\\/mihealtheurope.org\\\/#organization\",\"name\":\"Mi-Health Europe\",\"url\":\"https:\\\/\\\/mihealtheurope.org\\\/\",\"logo\":{\"@type\":\"ImageObject\",\"inLanguage\":\"pt-PT\",\"@id\":\"https:\\\/\\\/mihealtheurope.org\\\/#\\\/schema\\\/logo\\\/image\\\/\",\"url\":\"https:\\\/\\\/mihealtheurope.org\\\/wp-content\\\/uploads\\\/2024\\\/04\\\/MiHealth_Blue-High-Res.png\",\"contentUrl\":\"https:\\\/\\\/mihealtheurope.org\\\/wp-content\\\/uploads\\\/2024\\\/04\\\/MiHealth_Blue-High-Res.png\",\"width\":1536,\"height\":1489,\"caption\":\"Mi-Health Europe\"},\"image\":{\"@id\":\"https:\\\/\\\/mihealtheurope.org\\\/#\\\/schema\\\/logo\\\/image\\\/\"},\"sameAs\":[\"https:\\\/\\\/www.facebook.com\\\/MiHealthAAF\",\"https:\\\/\\\/x.com\\\/MiHealth_Europe\",\"https:\\\/\\\/www.instagram.com\\\/mi_health_advocacy\\\/\"]}]}<\/script>\n<!-- \/ Yoast SEO plugin. -->","yoast_head_json":{"title":"Dinamarca - Mi-Health Europe","robots":{"index":"index","follow":"follow","max-snippet":"max-snippet:-1","max-image-preview":"max-image-preview:large","max-video-preview":"max-video-preview:-1"},"canonical":"https:\/\/mihealtheurope.org\/pt\/regioes\/dinamarca\/","og_locale":"pt_PT","og_type":"article","og_title":"Denmark - Mi-Health Europe","og_url":"https:\/\/mihealtheurope.org\/pt\/regioes\/dinamarca\/","og_site_name":"Mi-Health Europe","article_publisher":"https:\/\/www.facebook.com\/MiHealthAAF","article_modified_time":"2025-04-30T22:31:47+00:00","twitter_card":"summary_large_image","twitter_site":"@MiHealth_Europe","twitter_misc":{"Tempo estimado de leitura":"1 minuto"},"schema":{"@context":"https:\/\/schema.org","@graph":[{"@type":"WebPage","@id":"https:\/\/mihealtheurope.org\/regions\/denmark\/","url":"https:\/\/mihealtheurope.org\/regions\/denmark\/","name":"Dinamarca - Mi-Health Europe","isPartOf":{"@id":"https:\/\/mihealtheurope.org\/#website"},"datePublished":"2022-05-09T16:33:54+00:00","dateModified":"2025-04-30T22:31:47+00:00","breadcrumb":{"@id":"https:\/\/mihealtheurope.org\/regions\/denmark\/#breadcrumb"},"inLanguage":"pt-PT","potentialAction":[{"@type":"ReadAction","target":["https:\/\/mihealtheurope.org\/regions\/denmark\/"]}]},{"@type":"BreadcrumbList","@id":"https:\/\/mihealtheurope.org\/regions\/denmark\/#breadcrumb","itemListElement":[{"@type":"ListItem","position":1,"name":"Home","item":"https:\/\/mihealtheurope.org\/"},{"@type":"ListItem","position":2,"name":"Regions","item":"https:\/\/mihealtheurope.org\/regions\/"},{"@type":"ListItem","position":3,"name":"Denmark"}]},{"@type":"WebSite","@id":"https:\/\/mihealtheurope.org\/#website","url":"https:\/\/mihealtheurope.org\/","name":"https:\/\/mihealtheurope.org\/","description":"Melhorar a sa\u00fade dos migrantes","publisher":{"@id":"https:\/\/mihealtheurope.org\/#organization"},"potentialAction":[{"@type":"SearchAction","target":{"@type":"EntryPoint","urlTemplate":"https:\/\/mihealtheurope.org\/?s={search_term_string}"},"query-input":{"@type":"PropertyValueSpecification","valueRequired":true,"valueName":"search_term_string"}}],"inLanguage":"pt-PT"},{"@type":"Organization","@id":"https:\/\/mihealtheurope.org\/#organization","name":"Mi-Health Europe","url":"https:\/\/mihealtheurope.org\/","logo":{"@type":"ImageObject","inLanguage":"pt-PT","@id":"https:\/\/mihealtheurope.org\/#\/schema\/logo\/image\/","url":"https:\/\/mihealtheurope.org\/wp-content\/uploads\/2024\/04\/MiHealth_Blue-High-Res.png","contentUrl":"https:\/\/mihealtheurope.org\/wp-content\/uploads\/2024\/04\/MiHealth_Blue-High-Res.png","width":1536,"height":1489,"caption":"Mi-Health Europe"},"image":{"@id":"https:\/\/mihealtheurope.org\/#\/schema\/logo\/image\/"},"sameAs":["https:\/\/www.facebook.com\/MiHealthAAF","https:\/\/x.com\/MiHealth_Europe","https:\/\/www.instagram.com\/mi_health_advocacy\/"]}]}},"uagb_featured_image_src":{"full":false,"thumbnail":false,"medium":false,"medium_large":false,"large":false,"1536x1536":false,"2048x2048":false,"trp-custom-language-flag":false,"blog-img":false,"gform-image-choice-sm":false,"gform-image-choice-md":false,"gform-image-choice-lg":false},"uagb_author_info":{"display_name":"MIHealthUsr","author_link":"https:\/\/mihealtheurope.org\/pt\/author\/mihealthusr\/"},"uagb_comment_info":0,"uagb_excerpt":null,"_links":{"self":[{"href":"https:\/\/mihealtheurope.org\/pt\/wp-json\/wp\/v2\/regions\/358","targetHints":{"allow":["GET"]}}],"collection":[{"href":"https:\/\/mihealtheurope.org\/pt\/wp-json\/wp\/v2\/regions"}],"about":[{"href":"https:\/\/mihealtheurope.org\/pt\/wp-json\/wp\/v2\/types\/regions"}],"author":[{"embeddable":true,"href":"https:\/\/mihealtheurope.org\/pt\/wp-json\/wp\/v2\/users\/1"}],"replies":[{"embeddable":true,"href":"https:\/\/mihealtheurope.org\/pt\/wp-json\/wp\/v2\/comments?post=358"}],"version-history":[{"count":6,"href":"https:\/\/mihealtheurope.org\/pt\/wp-json\/wp\/v2\/regions\/358\/revisions"}],"predecessor-version":[{"id":2555,"href":"https:\/\/mihealtheurope.org\/pt\/wp-json\/wp\/v2\/regions\/358\/revisions\/2555"}],"wp:attachment":[{"href":"https:\/\/mihealtheurope.org\/pt\/wp-json\/wp\/v2\/media?parent=358"}],"curies":[{"name":"wp","href":"https:\/\/api.w.org\/{rel}","templated":true}]}}