{"id":928,"date":"2022-05-23T09:18:08","date_gmt":"2022-05-23T08:18:08","guid":{"rendered":"https:\/\/mihealth.418staging.co.uk\/?page_id=928"},"modified":"2024-05-21T14:55:08","modified_gmt":"2024-05-21T13:55:08","slug":"parceiros-de-cuidados-de-saude-para-migrantes","status":"publish","type":"page","link":"https:\/\/mihealtheurope.org\/pt\/migrant-healthcare-partners\/","title":{"rendered":"Organiza\u00e7\u00f5es parceiras"},"content":{"rendered":"<div style=\"height:80px\" aria-hidden=\"true\" class=\"wp-block-spacer\"><\/div>\n\n\n\n<div class=\"wp-block-group\"><div class=\"wp-block-group__inner-container is-layout-flow wp-block-group-is-layout-flow\">\n<h1 class=\"wp-block-heading\">Organiza\u00e7\u00f5es parceiras<\/h1>\n\n\n\n<p class=\"has-medium-font-size translation-block\">Acreditamos no poder da comunidade para apoiar os migrantes e criar uma Europa mais equitativa. Abaixo encontrar\u00e1 as nossas organiza\u00e7\u00f5es parceiras listadas no nosso diret\u00f3rio de recursos. Os parceiros de cuidados de sa\u00fade para migrantes s\u00e3o colaboradores essenciais na nossa miss\u00e3o de melhorar o acesso aos cuidados de sa\u00fade e os resultados para os migrantes em toda a regi\u00e3o europeia. Estamos sempre \u00e0 procura de incluir mais recursos dispon\u00edveis para os migrantes e convidamos a sua organiza\u00e7\u00e3o a <a href=\"https:\/\/mihealtheurope.org\/pt\/junte-se-a-nos\/\" target=\"_blank\" rel=\"noreferrer noopener\">juntar-se a n\u00f3s<\/a>.<\/p>\n\n\n\n<figure class=\"wp-block-table mi-table\"><table><tbody><tr><td><a href=\"https:\/\/www.arcobaleno.info\/\" target=\"_blank\" rel=\"noreferrer noopener\">Verein Begegnung Arcobaleno<\/a><\/td><td>\u00c1ustria<\/td><\/tr><tr><td><a href=\"https:\/\/www.volkshilfe-wien.at\/arbeit-beschaftigung-titel-tbd\/bbe-fair\/\" target=\"_blank\" rel=\"noreferrer noopener\">Centro de Aconselhamento FAIR, Volkshilfe<\/a><\/td><td>\u00c1ustria<\/td><\/tr><tr><td><a href=\"https:\/\/www.fraubock.at\/de\/\">Fl\u00fcchtlingsprojekt Ute Bock<\/a><\/td><td>\u00c1ustria<\/td><\/tr><tr><td><a href=\"https:\/\/plattform-asyl.eu\/\" target=\"_blank\" rel=\"noreferrer noopener\">Plattform Asyl - F\u00fcr Menschen Rechte<\/a><\/td><td>\u00c1ustria<\/td><\/tr><tr><td><a href=\"https:\/\/www.adde.be\/\" target=\"_blank\" rel=\"noreferrer noopener\">Associa\u00e7\u00e3o para o Direito dos Estrangeiros (ADDE Asbl)<\/a><\/td><td>B\u00e9lgica<\/td><\/tr><tr><td><a href=\"https:\/\/medimmigrant.be\/\">Medimigrante<\/a><\/td><td>B\u00e9lgica<\/td><\/tr><tr><td><a href=\"https:\/\/www.centerforlegalaid.com\/webroot\/\">Voz CLA na Bulg\u00e1ria<\/a><\/td><td>Bulg\u00e1ria<\/td><\/tr><tr><td><a href=\"https:\/\/caritascyprus.org\/\" target=\"_blank\" rel=\"noreferrer noopener\">Caritas Chipre<\/a><\/td><td>Chipre<\/td><\/tr><tr><td><a href=\"https:\/\/www.opu.cz\/en\/\" target=\"_blank\" rel=\"noreferrer noopener\">Organiza\u00e7\u00e3o de Ajuda aos Refugiados (OPU)<\/a><\/td><td>Rep\u00fablica Checa<\/td><\/tr><tr><td><a href=\"https:\/\/www.czechdoc.cz\" target=\"_blank\" rel=\"noreferrer noopener\">Organiza\u00e7\u00e3o dos Diplomados Internacionais de Medicina \"Doutor Chekhov\"<\/a><\/td><td>Rep\u00fablica Checa<\/td><\/tr><tr><td><a href=\"http:\/\/p-p-i.cz\/\" target=\"_blank\" rel=\"noreferrer noopener\">Poradna pro Integraci<\/a><\/td><td>Rep\u00fablica Checa<\/td><\/tr><tr><td><a href=\"https:\/\/www.humanitasafrika.cz\/\">Humanitas Afrika o.p.s.<\/a><\/td><td>Rep\u00fablica Checa<\/td><\/tr><tr><td><a href=\"https:\/\/scps.diakonie.cz\/\">Diaconia CCE SCPS<\/a><\/td><td>Rep\u00fablica Checa<\/td><\/tr><tr><td><a href=\"https:\/\/www.strada.cz\/en\/\" target=\"_blank\" rel=\"noreferrer noopener\">La Strada \u010cR<\/a><\/td><td>Rep\u00fablica Checa<\/td><\/tr><tr><td><a href=\"https:\/\/svet.charita.cz\/\" target=\"_blank\" rel=\"noreferrer noopener\">Caritas Rep\u00fablica Checa<\/a><\/td><td>Rep\u00fablica Checa<\/td><\/tr><tr><td><a href=\"https:\/\/www.unseenuk.org\/\">Ag\u00eancia para a Migra\u00e7\u00e3o e a Adapta\u00e7\u00e3o, zs.<\/a><\/td><td>Rep\u00fablica Checa&nbsp;<\/td><\/tr><tr><td><a href=\"https:\/\/mostpro.cz\/\" target=\"_blank\" rel=\"noreferrer noopener\">A maioria dos Pro o.p.s.&nbsp;<\/a><\/td><td>Rep\u00fablica Checa&nbsp;<\/td><\/tr><tr><td><a href=\"https:\/\/lgbt.dk\/\" target=\"_blank\" rel=\"noreferrer noopener\">LGBT+Dinamarca<\/a><\/td><td>Dinamarca<\/td><\/tr><tr><td><a href=\"http:\/\/www.lgbtasylum.dk\/\" target=\"_blank\" rel=\"noreferrer noopener\">Asilo LGBT<\/a><\/td><td>Dinamarca<\/td><\/tr><tr><td><a href=\"https:\/\/drc.ngo\/\" target=\"_blank\" rel=\"noreferrer noopener\">Conselho Dinamarqu\u00eas para os Refugiados<\/a><\/td><td>Dinamarca<\/td><\/tr><tr><td><a href=\"https:\/\/www.migranttales.net\/\">Migrant Tales<\/a><\/td><td>Finl\u00e2ndia<\/td><\/tr><tr><td><a href=\"https:\/\/adsfasso.org\/\" target=\"_blank\" rel=\"noreferrer noopener\">ADSF (Agir pour la Sant\u00e9 des Femmes)<\/a><\/td><td>Fran\u00e7a<\/td><\/tr><tr><td><a href=\"https:\/\/seinesaintdenis.fr\/\" target=\"_blank\" rel=\"noreferrer noopener\">Conselho Departamental de Seine-Saint-Denis<\/a><\/td><td>Fran\u00e7a<\/td><\/tr><tr><td><a href=\"https:\/\/www.actions-traitements.org\/\" target=\"_blank\" rel=\"noreferrer noopener\">Ac\u00e7\u00f5es Tra\u00e7os<\/a><\/td><td>Fran\u00e7a<\/td><\/tr><tr><td><a href=\"https:\/\/www.association-pastt.fr\/\">Associa\u00e7\u00e3o PASTT<\/a><\/td><td>Fran\u00e7a<\/td><\/tr><tr><td><a href=\"https:\/\/www.oppelia.fr\/etablissement\/essonne-accueil-evry\/\" target=\"_blank\" rel=\"noreferrer noopener\">Oppelia Essonne<\/a><\/td><td>Fran\u00e7a<\/td><\/tr><tr><td><a href=\"https:\/\/www.aremedia.com.au\/\">Aremedia<\/a><\/td><td>Fran\u00e7a<\/td><\/tr><tr><td><a href=\"https:\/\/www.sida-info-service.org\/\" target=\"_blank\" rel=\"noreferrer noopener\">SIS Association<\/a><\/td><td>Fran\u00e7a<\/td><\/tr><tr><td><a href=\"https:\/\/www.infectiologie.com\/\" target=\"_blank\" rel=\"noreferrer noopener\">Grupo de Migrantes SPILF \/ SFLS (Sa\u00fade)<\/a><\/td><td>Fran\u00e7a<\/td><\/tr><tr><td><a href=\"http:\/\/www.utopia56.com\/fr\" target=\"_blank\" rel=\"noreferrer noopener\">Utopia 56<\/a><\/td><td>Fran\u00e7a<\/td><\/tr><tr><td><a href=\"http:\/\/jogspace.net\/mitmachen\/\" target=\"_blank\" rel=\"noreferrer noopener\">Jovens sem problemas<\/a><\/td><td>Alemanha<\/td><\/tr><tr><td><a href=\"http:\/\/muenchner-fluechtlingsrat.de\/engl\/\" target=\"_blank\" rel=\"noreferrer noopener\">Conselho Municipal de Florestas de Munique<\/a><\/td><td>Alemanha<\/td><\/tr><tr><td><a href=\"https:\/\/www.kok-gegen-menschenhandel.de\/en\/home\" target=\"_blank\" rel=\"noreferrer noopener\">KOK German NGO Network against Trafficking in Human Beings<\/a><\/td><td>Alemanha<\/td><\/tr><tr><td><a href=\"https:\/\/www.via-in-berlin.de\/\" target=\"_blank\" rel=\"noreferrer noopener\">Afrikaherz, VIA-Regionalverband Berlin\/Brandenburg e.V.<\/a><\/td><td>Alemanha<\/td><\/tr><tr><td><a href=\"http:\/\/www.dafa-ev.org\/\" target=\"_blank\" rel=\"noreferrer noopener\">DAFA e.V-Deutsch-Afrikanischer Frauenaustausch<\/a><\/td><td>Alemanha<\/td><\/tr><tr><td><a href=\"https:\/\/en.gedaev.org\/\" target=\"_blank\" rel=\"noreferrer noopener\">GEDA e.V<\/a><\/td><td>Alemanha<\/td><\/tr><tr><td><a href=\"https:\/\/www.globalhand.org\/en\/organisations\/11248\" target=\"_blank\" rel=\"noreferrer noopener\">CRIG e.V<\/a><\/td><td>Alemanha<\/td><\/tr><tr><td><a href=\"https:\/\/hausafrika.de\/\" target=\"_blank\" rel=\"noreferrer noopener\">Haus Afrika e.V<\/a><\/td><td>Alemanha<\/td><\/tr><tr><td><a href=\"https:\/\/zwst.org\/de\" target=\"_blank\" rel=\"noreferrer noopener\">Zentralwohlfahrtsstelle der Juden in Deutschland&nbsp;&nbsp;<\/a><\/td><td>Alemanha<\/td><\/tr><tr><td><a href=\"https:\/\/www.fixpunkt.org\/\" target=\"_blank\" rel=\"noreferrer noopener\">Fixpunkt e.V<\/a><\/td><td>Alemanha<\/td><\/tr><tr><td><a href=\"https:\/\/ihaverights.pixel-online.org\/\" target=\"_blank\" rel=\"noreferrer noopener\">Eu tenho direitos<\/a><\/td><td>Alemanha<\/td><\/tr><tr><td><a href=\"https:\/\/metadrasi.org\/en\/metadrasi\/\" target=\"_blank\" rel=\"noreferrer noopener\">METAdrasi<\/a><\/td><td>Gr\u00e9cia<\/td><\/tr><tr><td><a href=\"https:\/\/redumbrella.org.gr\/\" target=\"_blank\" rel=\"noreferrer noopener\">Red Umbrella Athens<\/a>&nbsp;<\/td><td>Gr\u00e9cia<\/td><\/tr><tr><td><a href=\"https:\/\/givmed.org\/el\/\" target=\"_blank\" rel=\"noreferrer noopener\">GIVMED<\/a><\/td><td>Gr\u00e9cia<\/td><\/tr><tr><td><a href=\"https:\/\/www.migrant.gr\/\" target=\"_blank\" rel=\"noreferrer noopener\">Greek Forum of Migrants<\/a><\/td><td>Gr\u00e9cia<\/td><\/tr><tr><td><a href=\"http:\/\/www.solidaritynow.org\" target=\"_blank\" rel=\"noreferrer noopener\">SolidarityNow<\/a><\/td><td>Gr\u00e9cia<\/td><\/tr><tr><td><a href=\"https:\/\/odyssea.com\/\" target=\"_blank\" rel=\"noreferrer noopener\">Odyssea<\/a><\/td><td>Gr\u00e9cia<\/td><\/tr><tr><td><a href=\"https:\/\/positivevoice.gr\" target=\"_blank\" rel=\"noreferrer noopener\">Positive Voice<\/a><\/td><td>Gr\u00e9cia<\/td><\/tr><tr><td><a href=\"https:\/\/velosyouth.org\/\" target=\"_blank\" rel=\"noreferrer noopener\">Velos Youth<\/a><\/td><td>Gr\u00e9cia<\/td><\/tr><tr><td><a href=\"https:\/\/www.sams-usa.net\/\" target=\"_blank\" rel=\"noreferrer noopener\">Organiza\u00e7\u00e3o da Sociedade M\u00e9dica S\u00edrio-Americana<\/a><\/td><td>Gr\u00e9cia<\/td><\/tr><tr><td><a href=\"https:\/\/transformativecities.org\/atlas\/atlas-64\/\" target=\"_blank\" rel=\"noreferrer noopener\">Cozinha Social (O Outro Humano)<\/a><\/td><td>Gr\u00e9cia<\/td><\/tr><tr><td><a href=\"https:\/\/g2red.org\/\" target=\"_blank\" rel=\"noreferrer noopener\">Gera\u00e7\u00e3o 2.0 para os direitos, a igualdade e a diversidade<\/a><\/td><td>Gr\u00e9cia<\/td><\/tr><tr><td><a href=\"https:\/\/www.fenixaid.org\/\" target=\"_blank\" rel=\"noreferrer noopener\">F\u00e9nix (Ajuda Jur\u00eddica Humanit\u00e1ria)<\/a><\/td><td>Gr\u00e9cia<\/td><\/tr><tr><td><a href=\"https:\/\/cheering.eu\/\" target=\"_blank\" rel=\"noreferrer noopener\">CHEERing (Center for Health Equity, Education and Research, International Group)<\/a><\/td><td>Gr\u00e9cia&nbsp;<\/td><\/tr><tr><td><a href=\"https:\/\/spirasi.ie\/\" target=\"_blank\" rel=\"noreferrer noopener\">Spirasi<\/a><\/td><td>Irlanda<\/td><\/tr><tr><td><a href=\"https:\/\/goshh.ie\/\" target=\"_blank\" rel=\"noreferrer noopener\">GOSHH (Orienta\u00e7\u00e3o de G\u00e9nero, Sa\u00fade Sexual e VIH)<\/a><\/td><td>Irlanda<\/td><\/tr><tr><td><a href=\"https:\/\/mediterraneanhope.wordpress.com\/\" target=\"_blank\" rel=\"noreferrer noopener\">Esperan\u00e7a Mediterr\u00e2nica (Programa para os Migrantes e Refugiados da Federa\u00e7\u00e3o das Igrejas Protestantes em It\u00e1lia)<\/a><\/td><td>It\u00e1lia<\/td><\/tr><tr><td><a href=\"https:\/\/www.lasciatecientrare.it\/\" target=\"_blank\" rel=\"noreferrer noopener\">Lasciatecientrare&nbsp;<\/a><\/td><td>It\u00e1lia<\/td><\/tr><tr><td><a href=\"https:\/\/www.patverums-dm.lv\" target=\"_blank\" rel=\"noreferrer noopener\">Shelter Safe House<\/a><\/td><td>Let\u00f4nia<\/td><\/tr><tr><td><a href=\"https:\/\/aditus.org.mt\/\" target=\"_blank\" rel=\"noreferrer noopener\">Aditus Foundation<\/a><\/td><td>Malta<\/td><\/tr><tr><td><a href=\"https:\/\/www.facebook.com\/kopin.malta\/\" target=\"_blank\" rel=\"noreferrer noopener\">Kopin (Koperazzjoni Internazzjonali)<\/a><\/td><td>Malta<\/td><\/tr><tr><td><a href=\"https:\/\/www.stichtinggast.nl\/nl\/\" target=\"_blank\" rel=\"noreferrer noopener\">Stichting GAST<\/a><\/td><td>Holanda<\/td><\/tr><tr><td><a href=\"https:\/\/defabel.eu\/\" target=\"_blank\" rel=\"noreferrer noopener\">De Fabel van de Illegaal<\/a><\/td><td>Holanda<\/td><\/tr><tr><td><a href=\"https:\/\/www.facebook.com\/IAC-norway-283840801633736\/\" target=\"_blank\" rel=\"noreferrer noopener\">O Comit\u00e9 Inter-Africano na Noruega (IAC Noruega)&nbsp;<\/a><\/td><td>Noruega<\/td><\/tr><tr><td><a href=\"https:\/\/www.africanhealth.no\/\" target=\"_blank\" rel=\"noreferrer noopener\">African Health and Social Development Organization<\/a><\/td><td>Noruega<\/td><\/tr><tr><td><a href=\"https:\/\/www.gatportugal.org\/\" target=\"_blank\" rel=\"noreferrer noopener\">Gat<\/a><\/td><td>Portugal&nbsp;<\/td><\/tr><tr><td><a href=\"http:\/\/www.jrsromania.org\/\" target=\"_blank\" rel=\"noreferrer noopener\">JRS Romania<\/a><\/td><td>Rom\u00eania<\/td><\/tr><tr><td><a href=\"https:\/\/www.hrl.sk\/en\" target=\"_blank\" rel=\"noreferrer noopener\">Liga dos Direitos Humanos<\/a><\/td><td>Eslov\u00e1quia<\/td><\/tr><tr><td><a href=\"http:\/\/pic.si\/\">Legal-Informational Centre for NGOs (PIC)<\/a><\/td><td>Eslov\u00eania<\/td><\/tr><tr><td><a href=\"https:\/\/www.rfsl.se\/en\/\" target=\"_blank\" rel=\"noreferrer noopener\">RFSL<\/a><\/td><td>Su\u00e9cia<\/td><\/tr><tr><td><a href=\"https:\/\/www.rosengrenska.org\/\" target=\"_blank\" rel=\"noreferrer noopener\">Rosengrenska Stiftelsen<\/a><\/td><td>Su\u00e9cia<\/td><\/tr><tr><td><a href=\"https:\/\/solinetz-zh.ch\/\" target=\"_blank\" rel=\"noreferrer noopener\">Solinetz Z\u00fcrich<\/a><\/td><td>Su\u00ed\u00e7a<\/td><\/tr><tr><td><a href=\"http:\/\/www.maternityaction.org.uk\" target=\"_blank\" rel=\"noreferrer noopener\">Maternity Care Access Advice Service<\/a>&nbsp;<\/td><td>Reino Unido<\/td><\/tr><tr><td><a href=\"http:\/\/www.doctorsoftheworld.org.uk\" target=\"_blank\" rel=\"noreferrer noopener\">Doctors of the World UK<\/a><\/td><td>Reino Unido<\/td><\/tr><tr><td><a href=\"http:\/\/www.nottsrefugeeforum.org.uk\/\" target=\"_blank\" rel=\"noreferrer noopener\">F\u00f3rum de Refugiados de Nottingham e Nottinghamshire<\/a><\/td><td>Reino Unido<\/td><\/tr><tr><td><a href=\"https:\/\/www.migranthelpuk.org\/\" target=\"_blank\" rel=\"noreferrer noopener\">Migrant Help UK<\/a><\/td><td>Reino Unido<\/td><\/tr><tr><td><a href=\"https:\/\/www.oasiscardiff.org\/\">Oasis Cardiff<\/a><\/td><td>Reino Unido<\/td><\/tr><tr><td><a href=\"https:\/\/www.unseenuk.org\/\" target=\"_blank\" rel=\"noreferrer noopener\">Unseen UK<\/a><\/td><td>Reino Unido<\/td><\/tr><tr><td><a href=\"https:\/\/www.webelong.org.uk\/about-us\" target=\"_blank\" rel=\"noreferrer noopener\">We Belong<\/a><\/td><td>Reino Unido<\/td><\/tr><tr><td><a href=\"http:\/\/www.nafsiyat.org.uk\/\" target=\"_blank\" rel=\"noreferrer noopener\">Nafsiyat<\/a><\/td><td>Reino Unido<\/td><\/tr><tr><td><a href=\"https:\/\/www.exiledwriters.co.uk\/\" target=\"_blank\" rel=\"noreferrer noopener\">Exiled Writers Ink<\/a><\/td><td>Reino Unido<\/td><\/tr><tr><td><a href=\"https:\/\/www.socialworkerswithoutborders.org\/\" target=\"_blank\" rel=\"noreferrer noopener\">Social Workers Without Borders<\/a><\/td><td>Reino Unido<\/td><\/tr><tr><td><a href=\"https:\/\/www.baatn.org.uk\/\" target=\"_blank\" rel=\"noreferrer noopener\">BAATN<\/a><\/td><td>Reino Unido<\/td><\/tr><tr><td><a href=\"https:\/\/www.congomerseyside.org.uk\/\" target=\"_blank\" rel=\"noreferrer noopener\">The Congolese Association of Merseyside (CAM)<\/a><\/td><td>Reino Unido<\/td><\/tr><tr><td><a href=\"https:\/\/kran.org.uk\" target=\"_blank\" rel=\"noreferrer noopener\">Kent Refugee Action Network (KRAN)<\/a><\/td><td>Reino Unido<\/td><\/tr><tr><td><a href=\"http:\/\/www.vmhs.org.uk\/\" target=\"_blank\" rel=\"noreferrer noopener\">Vietnamese Mental Health Services<\/a><\/td><td>Reino Unido<\/td><\/tr><tr><td><a href=\"https:\/\/www.roomtoheal.org\/\" target=\"_blank\" rel=\"noreferrer noopener\">Room to Heal<\/a><\/td><td>Reino Unido<\/td><\/tr><tr><td><a href=\"https:\/\/www.voicesinexile.org\/\" target=\"_blank\" rel=\"noreferrer noopener\">Voices in Exile<\/a><\/td><td>Reino Unido<\/td><\/tr><tr><td><a href=\"https:\/\/www.solace-uk.org.uk\/\" target=\"_blank\" rel=\"noreferrer noopener\">Solace<\/a><\/td><td>Reino Unido<\/td><\/tr><tr><td><a href=\"http:\/\/ubuntucounsellingservices.org.uk\/\" target=\"_blank\" rel=\"noreferrer noopener\">Ubuntu Counselling Services Ltd<\/a><\/td><td>Reino Unido<\/td><\/tr><tr><td><a href=\"http:\/\/www.pafras.org.uk\/\" target=\"_blank\" rel=\"noreferrer noopener\">A\u00e7\u00e3o Positiva para Refugiados e Requerentes de Asilo (PAFRAS)<\/a><\/td><td>Reino Unido<\/td><\/tr><tr><td><a href=\"https:\/\/unitycentreglasgow.org\/\" target=\"_blank\" rel=\"noreferrer noopener\">Unity Centre Glasgow<\/a><\/td><td>Reino Unido<\/td><\/tr><tr><td><a href=\"https:\/\/cityofsanctuary.org\/\" target=\"_blank\" rel=\"noreferrer noopener\">City of Sanctuary<\/a><\/td><td>Reino Unido<\/td><\/tr><tr><td><a href=\"https:\/\/www.rst.org.uk\/\" target=\"_blank\" rel=\"noreferrer noopener\">Refugee Survival Trust<\/a><\/td><td>Reino Unido<\/td><\/tr><tr><td><a href=\"http:\/\/www.lassn.org.uk\/\" target=\"_blank\" rel=\"noreferrer noopener\">Leeds Asylum Seekers\u2019 Support Network<\/a><\/td><td>Reino Unido<\/td><\/tr><tr><td><a href=\"https:\/\/westlondonwelcome.com\/\" target=\"_blank\" rel=\"noreferrer noopener\">West London Welcome<\/a><\/td><td>Reino Unido<\/td><\/tr><tr><td><a href=\"https:\/\/www.newwayproject.org\/\" target=\"_blank\" rel=\"noreferrer noopener\">NEWway Project<\/a><\/td><td>Reino Unido<\/td><\/tr><tr><td><a href=\"https:\/\/breaking-barriers.co.uk\/\" target=\"_blank\" rel=\"noreferrer noopener\">Breaking Barriers<\/a><\/td><td>Reino Unido<\/td><\/tr><tr><td><a href=\"https:\/\/www.healthwatchsouthwark.org\/\" target=\"_blank\" rel=\"noreferrer noopener\">Healthwatch Southwark<\/a><\/td><td>Reino Unido<\/td><\/tr><tr><td><a href=\"https:\/\/www.lrmn.org.uk\/\" target=\"_blank\" rel=\"noreferrer noopener\">Lewisham Refugee and Migrant Network<\/a><\/td><td>Reino Unido<\/td><\/tr><tr><td><a href=\"https:\/\/www.migrantsorganise.org\/\" target=\"_blank\" rel=\"noreferrer noopener\">Migrants Organise<\/a><\/td><td>Reino Unido<\/td><\/tr><tr><td><a href=\"https:\/\/www.mayacentre.org.uk\/\" target=\"_blank\" rel=\"noreferrer noopener\">The Maya Centre<\/a><\/td><td>Reino Unido<\/td><\/tr><tr><td><a href=\"https:\/\/swllc.org\/\">South West London Law Centres<\/a><\/td><td>Reino Unido<\/td><\/tr><tr><td><a href=\"https:\/\/www.helenbamber.org\/\" target=\"_blank\" rel=\"noreferrer noopener\">Helen Bamber Foundation<\/a><\/td><td>Reino Unido<\/td><\/tr><tr><td><a href=\"https:\/\/www.migrantvoice.org\/\" target=\"_blank\" rel=\"noreferrer noopener\">Migrant Voice<\/a><\/td><td>Reino Unido&nbsp;<\/td><\/tr><tr><td><a href=\"https:\/\/www.bartshealth.nhs.uk\/\" target=\"_blank\" rel=\"noreferrer noopener\">Bart\u2019s Health NHS Trust<\/a><\/td><td>Reino Unido&nbsp;<\/td><\/tr><tr><td><a href=\"https:\/\/thebha.org.uk\/\" target=\"_blank\" rel=\"noreferrer noopener\">BHA for Equality&nbsp;<\/a><\/td><td>Reino Unido&nbsp;<\/td><\/tr><\/tbody><\/table><\/figure>\n<\/div><\/div>\n\n\n\n<div style=\"height:80px\" aria-hidden=\"true\" class=\"wp-block-spacer\"><\/div>","protected":false},"excerpt":{"rendered":"<p>Partner Organisations We believe in the power of community to support migrants and to create a more equitable Europe. Below you will find our partner organisations listed on our resource directory. Migrant Healthcare Partners are essential collaborators in our mission to improve healthcare access and outcomes for migrants across the European region. We are always [&hellip;]<\/p>\n","protected":false},"author":1,"featured_media":0,"parent":0,"menu_order":0,"comment_status":"closed","ping_status":"closed","template":"","meta":{"_acf_changed":false,"_uag_custom_page_level_css":"","footnotes":""},"wf_page_folders":[],"class_list":["post-928","page","type-page","status-publish","hentry"],"acf":[],"yoast_head":"<!-- This site is optimized with the Yoast SEO plugin v27.5 - https:\/\/yoast.com\/product\/yoast-seo-wordpress\/ -->\n<title>Migrant Healthcare Partners in Europe - Mi-Health Europe<\/title>\n<meta name=\"description\" content=\"Explore our extensive network of Migrant Healthcare Partners across Europe committed to shaping inclusive healthcare solutions for migrants.\" \/>\n<meta name=\"robots\" content=\"index, follow, max-snippet:-1, max-image-preview:large, max-video-preview:-1\" \/>\n<link rel=\"canonical\" href=\"https:\/\/mihealtheurope.org\/pt\/parceiros-de-cuidados-de-saude-para-migrantes\/\" \/>\n<meta property=\"og:locale\" content=\"pt_PT\" \/>\n<meta property=\"og:type\" content=\"article\" \/>\n<meta property=\"og:title\" content=\"Migrant Healthcare Partners in Europe - Mi-Health Europe\" \/>\n<meta property=\"og:description\" content=\"Explore our extensive network of Migrant Healthcare Partners across Europe committed to shaping inclusive healthcare solutions for migrants.\" \/>\n<meta property=\"og:url\" content=\"https:\/\/mihealtheurope.org\/pt\/parceiros-de-cuidados-de-saude-para-migrantes\/\" \/>\n<meta property=\"og:site_name\" content=\"Mi-Health Europe\" \/>\n<meta property=\"article:publisher\" content=\"https:\/\/www.facebook.com\/MiHealthAAF\" \/>\n<meta property=\"article:modified_time\" content=\"2024-05-21T13:55:08+00:00\" \/>\n<meta name=\"twitter:card\" content=\"summary_large_image\" \/>\n<meta name=\"twitter:site\" content=\"@MiHealth_Europe\" \/>\n<meta name=\"twitter:label1\" content=\"Tempo estimado de leitura\" \/>\n\t<meta name=\"twitter:data1\" content=\"3 minutos\" \/>\n<script type=\"application\/ld+json\" class=\"yoast-schema-graph\">{\"@context\":\"https:\\\/\\\/schema.org\",\"@graph\":[{\"@type\":\"WebPage\",\"@id\":\"https:\\\/\\\/mihealtheurope.org\\\/migrant-healthcare-partners\\\/\",\"url\":\"https:\\\/\\\/mihealtheurope.org\\\/migrant-healthcare-partners\\\/\",\"name\":\"Migrant Healthcare Partners in Europe - Mi-Health Europe\",\"isPartOf\":{\"@id\":\"https:\\\/\\\/mihealtheurope.org\\\/#website\"},\"datePublished\":\"2022-05-23T08:18:08+00:00\",\"dateModified\":\"2024-05-21T13:55:08+00:00\",\"description\":\"Explore our extensive network of Migrant Healthcare Partners across Europe committed to shaping inclusive healthcare solutions for migrants.\",\"breadcrumb\":{\"@id\":\"https:\\\/\\\/mihealtheurope.org\\\/migrant-healthcare-partners\\\/#breadcrumb\"},\"inLanguage\":\"pt-PT\",\"potentialAction\":[{\"@type\":\"ReadAction\",\"target\":[\"https:\\\/\\\/mihealtheurope.org\\\/migrant-healthcare-partners\\\/\"]}]},{\"@type\":\"BreadcrumbList\",\"@id\":\"https:\\\/\\\/mihealtheurope.org\\\/migrant-healthcare-partners\\\/#breadcrumb\",\"itemListElement\":[{\"@type\":\"ListItem\",\"position\":1,\"name\":\"Home\",\"item\":\"https:\\\/\\\/mihealtheurope.org\\\/\"},{\"@type\":\"ListItem\",\"position\":2,\"name\":\"Partner Organisations\"}]},{\"@type\":\"WebSite\",\"@id\":\"https:\\\/\\\/mihealtheurope.org\\\/#website\",\"url\":\"https:\\\/\\\/mihealtheurope.org\\\/\",\"name\":\"https:\\\/\\\/mihealtheurope.org\\\/\",\"description\":\"Improving migrant health\",\"publisher\":{\"@id\":\"https:\\\/\\\/mihealtheurope.org\\\/#organization\"},\"potentialAction\":[{\"@type\":\"SearchAction\",\"target\":{\"@type\":\"EntryPoint\",\"urlTemplate\":\"https:\\\/\\\/mihealtheurope.org\\\/?s={search_term_string}\"},\"query-input\":{\"@type\":\"PropertyValueSpecification\",\"valueRequired\":true,\"valueName\":\"search_term_string\"}}],\"inLanguage\":\"pt-PT\"},{\"@type\":\"Organization\",\"@id\":\"https:\\\/\\\/mihealtheurope.org\\\/#organization\",\"name\":\"Mi-Health Europe\",\"url\":\"https:\\\/\\\/mihealtheurope.org\\\/\",\"logo\":{\"@type\":\"ImageObject\",\"inLanguage\":\"pt-PT\",\"@id\":\"https:\\\/\\\/mihealtheurope.org\\\/#\\\/schema\\\/logo\\\/image\\\/\",\"url\":\"https:\\\/\\\/mihealtheurope.org\\\/wp-content\\\/uploads\\\/2024\\\/04\\\/MiHealth_Blue-High-Res.png\",\"contentUrl\":\"https:\\\/\\\/mihealtheurope.org\\\/wp-content\\\/uploads\\\/2024\\\/04\\\/MiHealth_Blue-High-Res.png\",\"width\":1536,\"height\":1489,\"caption\":\"Mi-Health Europe\"},\"image\":{\"@id\":\"https:\\\/\\\/mihealtheurope.org\\\/#\\\/schema\\\/logo\\\/image\\\/\"},\"sameAs\":[\"https:\\\/\\\/www.facebook.com\\\/MiHealthAAF\",\"https:\\\/\\\/x.com\\\/MiHealth_Europe\",\"https:\\\/\\\/www.instagram.com\\\/mi_health_advocacy\\\/\"]}]}<\/script>\n<!-- \/ Yoast SEO plugin. -->","yoast_head_json":{"title":"Parceiros de cuidados de sa\u00fade para migrantes na Europa - Mi-Health Europe","description":"Explore a nossa vasta rede de parceiros de cuidados de sa\u00fade para migrantes em toda a Europa, empenhados em criar solu\u00e7\u00f5es de cuidados de sa\u00fade inclusivas para os migrantes.","robots":{"index":"index","follow":"follow","max-snippet":"max-snippet:-1","max-image-preview":"max-image-preview:large","max-video-preview":"max-video-preview:-1"},"canonical":"https:\/\/mihealtheurope.org\/pt\/parceiros-de-cuidados-de-saude-para-migrantes\/","og_locale":"pt_PT","og_type":"article","og_title":"Migrant Healthcare Partners in Europe - Mi-Health Europe","og_description":"Explore our extensive network of Migrant Healthcare Partners across Europe committed to shaping inclusive healthcare solutions for migrants.","og_url":"https:\/\/mihealtheurope.org\/pt\/parceiros-de-cuidados-de-saude-para-migrantes\/","og_site_name":"Mi-Health Europe","article_publisher":"https:\/\/www.facebook.com\/MiHealthAAF","article_modified_time":"2024-05-21T13:55:08+00:00","twitter_card":"summary_large_image","twitter_site":"@MiHealth_Europe","twitter_misc":{"Tempo estimado de leitura":"3 minutos"},"schema":{"@context":"https:\/\/schema.org","@graph":[{"@type":"WebPage","@id":"https:\/\/mihealtheurope.org\/migrant-healthcare-partners\/","url":"https:\/\/mihealtheurope.org\/migrant-healthcare-partners\/","name":"Parceiros de cuidados de sa\u00fade para migrantes na Europa - Mi-Health Europe","isPartOf":{"@id":"https:\/\/mihealtheurope.org\/#website"},"datePublished":"2022-05-23T08:18:08+00:00","dateModified":"2024-05-21T13:55:08+00:00","description":"Explore a nossa vasta rede de parceiros de cuidados de sa\u00fade para migrantes em toda a Europa, empenhados em criar solu\u00e7\u00f5es de cuidados de sa\u00fade inclusivas para os migrantes.","breadcrumb":{"@id":"https:\/\/mihealtheurope.org\/migrant-healthcare-partners\/#breadcrumb"},"inLanguage":"pt-PT","potentialAction":[{"@type":"ReadAction","target":["https:\/\/mihealtheurope.org\/migrant-healthcare-partners\/"]}]},{"@type":"BreadcrumbList","@id":"https:\/\/mihealtheurope.org\/migrant-healthcare-partners\/#breadcrumb","itemListElement":[{"@type":"ListItem","position":1,"name":"Home","item":"https:\/\/mihealtheurope.org\/"},{"@type":"ListItem","position":2,"name":"Partner Organisations"}]},{"@type":"WebSite","@id":"https:\/\/mihealtheurope.org\/#website","url":"https:\/\/mihealtheurope.org\/","name":"https:\/\/mihealtheurope.org\/","description":"Melhorar a sa\u00fade dos migrantes","publisher":{"@id":"https:\/\/mihealtheurope.org\/#organization"},"potentialAction":[{"@type":"SearchAction","target":{"@type":"EntryPoint","urlTemplate":"https:\/\/mihealtheurope.org\/?s={search_term_string}"},"query-input":{"@type":"PropertyValueSpecification","valueRequired":true,"valueName":"search_term_string"}}],"inLanguage":"pt-PT"},{"@type":"Organization","@id":"https:\/\/mihealtheurope.org\/#organization","name":"Mi-Health Europe","url":"https:\/\/mihealtheurope.org\/","logo":{"@type":"ImageObject","inLanguage":"pt-PT","@id":"https:\/\/mihealtheurope.org\/#\/schema\/logo\/image\/","url":"https:\/\/mihealtheurope.org\/wp-content\/uploads\/2024\/04\/MiHealth_Blue-High-Res.png","contentUrl":"https:\/\/mihealtheurope.org\/wp-content\/uploads\/2024\/04\/MiHealth_Blue-High-Res.png","width":1536,"height":1489,"caption":"Mi-Health Europe"},"image":{"@id":"https:\/\/mihealtheurope.org\/#\/schema\/logo\/image\/"},"sameAs":["https:\/\/www.facebook.com\/MiHealthAAF","https:\/\/x.com\/MiHealth_Europe","https:\/\/www.instagram.com\/mi_health_advocacy\/"]}]}},"uagb_featured_image_src":{"full":false,"thumbnail":false,"medium":false,"medium_large":false,"large":false,"1536x1536":false,"2048x2048":false,"trp-custom-language-flag":false,"blog-img":false,"gform-image-choice-sm":false,"gform-image-choice-md":false,"gform-image-choice-lg":false},"uagb_author_info":{"display_name":"MIHealthUsr","author_link":"https:\/\/mihealtheurope.org\/pt\/author\/mihealthusr\/"},"uagb_comment_info":0,"uagb_excerpt":"Partner Organisations We believe in the power of community to support migrants and to create a more equitable Europe. Below you will find our partner organisations listed on our resource directory. Migrant Healthcare Partners are essential collaborators in our mission to improve healthcare access and outcomes for migrants across the European region. We are always&hellip;","_links":{"self":[{"href":"https:\/\/mihealtheurope.org\/pt\/wp-json\/wp\/v2\/pages\/928","targetHints":{"allow":["GET"]}}],"collection":[{"href":"https:\/\/mihealtheurope.org\/pt\/wp-json\/wp\/v2\/pages"}],"about":[{"href":"https:\/\/mihealtheurope.org\/pt\/wp-json\/wp\/v2\/types\/page"}],"author":[{"embeddable":true,"href":"https:\/\/mihealtheurope.org\/pt\/wp-json\/wp\/v2\/users\/1"}],"replies":[{"embeddable":true,"href":"https:\/\/mihealtheurope.org\/pt\/wp-json\/wp\/v2\/comments?post=928"}],"version-history":[{"count":7,"href":"https:\/\/mihealtheurope.org\/pt\/wp-json\/wp\/v2\/pages\/928\/revisions"}],"predecessor-version":[{"id":2165,"href":"https:\/\/mihealtheurope.org\/pt\/wp-json\/wp\/v2\/pages\/928\/revisions\/2165"}],"wp:attachment":[{"href":"https:\/\/mihealtheurope.org\/pt\/wp-json\/wp\/v2\/media?parent=928"}],"wp:term":[{"taxonomy":"wf_page_folders","embeddable":true,"href":"https:\/\/mihealtheurope.org\/pt\/wp-json\/wp\/v2\/wf_page_folders?post=928"}],"curies":[{"name":"wp","href":"https:\/\/api.w.org\/{rel}","templated":true}]}}