{"id":16,"date":"2022-04-20T07:09:40","date_gmt":"2022-04-20T06:09:40","guid":{"rendered":"https:\/\/mihealth.418staging.co.uk\/?page_id=16"},"modified":"2024-06-24T12:59:26","modified_gmt":"2024-06-24T11:59:26","slug":"sobre-2","status":"publish","type":"page","link":"https:\/\/mihealtheurope.org\/pt\/about\/","title":{"rendered":"Sobre"},"content":{"rendered":"<div style=\"height:50px\" aria-hidden=\"true\" class=\"wp-block-spacer\"><\/div>\n\n\n\n<div class=\"wp-block-group\"><div class=\"wp-block-group__inner-container is-layout-flow wp-block-group-is-layout-flow\">\n<h1 class=\"wp-block-heading\">Sobre<\/h1>\n\n\n\n<p class=\"has-medium-font-size\">Mi-Health Europe \u00e9 uma pol\u00edtica e advocacia colaborativa que fortalece a capacidade das comunidades migrantes europeias de se envolverem com servi\u00e7os e influenciarem as pol\u00edticas e pr\u00e1ticas de sa\u00fade.<\/p>\n\n\n\n<div class=\"wp-block-columns is-layout-flex wp-container-core-columns-is-layout-9d6595d7 wp-block-columns-is-layout-flex\">\n<div class=\"wp-block-column is-layout-flow wp-block-column-is-layout-flow\">\n<h2 class=\"wp-block-heading\">Nossa Vis\u00e3o<\/h2>\n\n\n\n<p>Uma Europa em que todos os migrantes possam ter uma vida saud\u00e1vel e segura.<\/p>\n\n\n\n<h2 class=\"wp-block-heading\">Nossa Miss\u00e3o<\/h2>\n\n\n\n<p>Promover uma comunidade europeia inclusiva e capacitada de organiza\u00e7\u00f5es e servi\u00e7os de linha de frente que trabalham com migrantes, desenvolvendo capacidades, influenciando pol\u00edticas, colaborando e compartilhando as melhores pr\u00e1ticas e conhecimentos.<\/p>\n\n\n\n<div style=\"height:20px\" aria-hidden=\"true\" class=\"wp-block-spacer\"><\/div>\n\n\n<div class=\"wp-block-image\">\n<figure class=\"aligncenter is-resized\"><img loading=\"lazy\" decoding=\"async\" width=\"1200\" height=\"1200\" src=\"https:\/\/mihealtheurope.org\/wp-content\/uploads\/2022\/08\/Mi-Health-image-edited.jpeg\" alt=\"Defesa dos cuidados de sa\u00fade dos migrantes europeus _ Mi Health Europe\" class=\"wp-image-1419\" style=\"width:300px\" srcset=\"https:\/\/mihealtheurope.org\/wp-content\/uploads\/2022\/08\/Mi-Health-image-edited.jpeg 1200w, https:\/\/mihealtheurope.org\/wp-content\/uploads\/2022\/08\/Mi-Health-image-edited-300x300.jpeg 300w, https:\/\/mihealtheurope.org\/wp-content\/uploads\/2022\/08\/Mi-Health-image-edited-1024x1024.jpeg 1024w, https:\/\/mihealtheurope.org\/wp-content\/uploads\/2022\/08\/Mi-Health-image-edited-150x150.jpeg 150w, https:\/\/mihealtheurope.org\/wp-content\/uploads\/2022\/08\/Mi-Health-image-edited-768x768.jpeg 768w, https:\/\/mihealtheurope.org\/wp-content\/uploads\/2022\/08\/Mi-Health-image-edited-12x12.jpeg 12w\" sizes=\"auto, (max-width: 1200px) 100vw, 1200px\" \/><\/figure>\n<\/div><\/div>\n\n\n\n<div class=\"wp-block-column is-layout-flow wp-block-column-is-layout-flow\">\n<h2 class=\"wp-block-heading\">Nossos Valores<\/h2>\n\n\n\n<p class=\"translation-block\">A Mi-Health Europe e suas organiza\u00e7\u00f5es parceiras est\u00e3o comprometidas em promover os seguintes valores em tudo o que fazemos:<\/p>\n\n\n\n<ul class=\"wp-block-list\">\n<li>Empoderamento: acreditamos que os migrantes equipados com informa\u00e7\u00f5es e recursos precisos e relevantes s\u00e3o mais capazes de navegar em suas jornadas e expressar sua ag\u00eancia para tomar as decis\u00f5es mais saud\u00e1veis e seguras<\/li>\n\n\n\n<li>Colaborativo: promovemos pesquisas, pol\u00edticas e a\u00e7\u00f5es enraizadas tanto nas experi\u00eancias vividas e conhecimentos de migrantes que vivem com HIV e outras condi\u00e7\u00f5es e o apoio de uma comunidade engajada de defensores para garantir que nosso trabalho reflita as necessidades e experi\u00eancias de diversos grupos de migrantes em toda a Europa<\/li>\n\n\n\n<li>Inclusivo: reconhecemos que a cria\u00e7\u00e3o de uma comunidade poderosa e duradoura para a mudan\u00e7a envolve garantir que todos os migrantes, independentemente da nacionalidade, situa\u00e7\u00e3o imigrat\u00f3ria ou necessidades de sa\u00fade, e defensores da sa\u00fade dos migrantes de toda a Europa sejam capazes para contribuir e se beneficiar de nosso trabalho<\/li>\n\n\n\n<li>Respons\u00e1vel: garantimos que nossos esfor\u00e7os, por meio de apoio ted por v\u00e1rias partes interessadas que se cruzam, s\u00e3o orientados por miss\u00f5es e liderados por, para e com migrantes e pessoas que vivem com HIV<\/li>\n<\/ul>\n<\/div>\n<\/div>\n<\/div><\/div>\n\n\n\n<div style=\"height:50px\" aria-hidden=\"true\" class=\"wp-block-spacer\"><\/div>\n\n\n\n<div class=\"wp-block-cover is-light\"><span aria-hidden=\"true\" class=\"wp-block-cover__background has-background-dim\"><\/span><img loading=\"lazy\" decoding=\"async\" width=\"2000\" height=\"843\" class=\"wp-block-cover__image-background wp-image-879\" alt=\"\" src=\"https:\/\/mihealtheurope.org\/wp-content\/uploads\/2022\/05\/cover1.jpg\" data-object-fit=\"cover\" srcset=\"https:\/\/mihealtheurope.org\/wp-content\/uploads\/2022\/05\/cover1.jpg 2000w, https:\/\/mihealtheurope.org\/wp-content\/uploads\/2022\/05\/cover1-300x126.jpg 300w, https:\/\/mihealtheurope.org\/wp-content\/uploads\/2022\/05\/cover1-1024x432.jpg 1024w, https:\/\/mihealtheurope.org\/wp-content\/uploads\/2022\/05\/cover1-768x324.jpg 768w, https:\/\/mihealtheurope.org\/wp-content\/uploads\/2022\/05\/cover1-1536x647.jpg 1536w, https:\/\/mihealtheurope.org\/wp-content\/uploads\/2022\/05\/cover1-18x8.jpg 18w\" sizes=\"auto, (max-width: 2000px) 100vw, 2000px\" \/><div class=\"wp-block-cover__inner-container is-layout-flow wp-block-cover-is-layout-flow\">\n<h2 class=\"wp-block-heading has-text-align-center has-white-color has-text-color\">Nossa Hist\u00f3ria<\/h2>\n\n\n\n<div class=\"wp-block-group\"><div class=\"wp-block-group__inner-container is-layout-flow wp-block-group-is-layout-flow\">\n<p class=\"has-text-align-center has-white-color has-text-color has-medium-font-size translation-block\">Mi-Health Europe foi iniciada pela Africa Advocacy Foundation ap\u00f3s consultas com indiv\u00edduos e servi\u00e7os dentro de comunidades migrantes em v\u00e1rios pa\u00edses europeus. Ouvimos suas experi\u00eancias de acesso \u00e0 sa\u00fade e das barreiras interseccionais que desafiam esse acesso, e reconhecemos que estabelecer uma plataforma colaborativa seria um primeiro passo ideal para capacitar as comunidades migrantes e inspirar mudan\u00e7as.<\/p>\n<\/div><\/div>\n<\/div><\/div>\n\n\n\n<div class=\"wp-block-group has-white-color has-theme-colour-1-background-color has-text-color has-background\"><div class=\"wp-block-group__inner-container is-layout-flow wp-block-group-is-layout-flow\">\n<div style=\"height:35px\" aria-hidden=\"true\" class=\"wp-block-spacer\"><\/div>\n\n\n\n<p class=\"translation-block\">Acreditamos que os pr\u00f3prios migrantes s\u00e3o mais capazes de navegar em suas jornadas quando equipados com informa\u00e7\u00f5es acess\u00edveis e precisas. Mantemos um banco de dados de recursos abrangente para apoiar refugiados, requerentes de asilo e migrantes na supera\u00e7\u00e3o das muitas barreiras que enfrentam ao navegar em sistemas jur\u00eddicos e de sa\u00fade desconhecidos.<\/p>\n\n\n\n<p class=\"translation-block\">Trocamos melhores pr\u00e1ticas e conhecimentos e encontramos solu\u00e7\u00f5es inovadoras para os desafios comuns de sa\u00fade, sociais e econ\u00f4micos que afetam diversos grupos de migrantes na Europa em nossa Comunidade de Pr\u00e1tica.<\/p>\n\n\n\n<p class=\"translation-block\">Apoiamos grupos de trabalho de defensores da sa\u00fade dos migrantes que promovem pesquisas e pol\u00edticas que respondem \u00e0s necessidades, preocupa\u00e7\u00f5es e experi\u00eancias vividas pelos migrantes.<\/p>\n\n\n\n<p class=\"translation-block\">Fortalecemos nossa capacidade de a\u00e7\u00e3o colaborativa e mobiliza\u00e7\u00e3o comunit\u00e1ria por meio de treinamentos e atividades.<\/p>\n\n\n\n<p>Junte-se a n\u00f3s entrando em contato conosco ou enviando um e-mail para <a href=\"mailto:mihealth@africadvocacy.org\">mihealth@africadvocacy.org<\/a>.&nbsp;<\/p>\n\n\n\n<div style=\"height:80px\" aria-hidden=\"true\" class=\"wp-block-spacer\"><\/div>\n<\/div><\/div>","protected":false},"excerpt":{"rendered":"<p>About Mi-Health Europe is a policy and advocacy collaborative that strengthens the capacity of European migrant communities to engage with services and to influence healthcare policy and practice. Our Vision A Europe in which all migrants are able to realise a healthy and safe life. Our Mission Promoting an inclusive, empowered European community of frontline [&hellip;]<\/p>\n","protected":false},"author":1,"featured_media":0,"parent":0,"menu_order":0,"comment_status":"closed","ping_status":"closed","template":"","meta":{"_acf_changed":false,"_uag_custom_page_level_css":"","footnotes":""},"wf_page_folders":[],"class_list":["post-16","page","type-page","status-publish","hentry"],"acf":[],"yoast_head":"<!-- This site is optimized with the Yoast SEO plugin v27.5 - https:\/\/yoast.com\/product\/yoast-seo-wordpress\/ -->\n<title>European migrant healthcare advocacy - Mi-Health Europe<\/title>\n<meta name=\"description\" content=\"Join Mi-Health Europe&#039;s advocacy collaborative empowering European migrant communities in healthcare navigation and policy influence.\" \/>\n<meta name=\"robots\" content=\"index, follow, max-snippet:-1, max-image-preview:large, max-video-preview:-1\" \/>\n<link rel=\"canonical\" href=\"https:\/\/mihealtheurope.org\/pt\/sobre-2\/\" \/>\n<meta property=\"og:locale\" content=\"pt_PT\" \/>\n<meta property=\"og:type\" content=\"article\" \/>\n<meta property=\"og:title\" content=\"European migrant healthcare advocacy - Mi-Health Europe\" \/>\n<meta property=\"og:description\" content=\"Join Mi-Health Europe&#039;s advocacy collaborative empowering European migrant communities in healthcare navigation and policy influence.\" \/>\n<meta property=\"og:url\" content=\"https:\/\/mihealtheurope.org\/pt\/sobre-2\/\" \/>\n<meta property=\"og:site_name\" content=\"Mi-Health Europe\" \/>\n<meta property=\"article:publisher\" content=\"https:\/\/www.facebook.com\/MiHealthAAF\" \/>\n<meta property=\"article:modified_time\" content=\"2024-06-24T11:59:26+00:00\" \/>\n<meta property=\"og:image\" content=\"https:\/\/mihealtheurope.org\/wp-content\/uploads\/2022\/08\/Mi-Health-image-edited.jpeg\" \/>\n<meta name=\"twitter:card\" content=\"summary_large_image\" \/>\n<meta name=\"twitter:site\" content=\"@MiHealth_Europe\" \/>\n<meta name=\"twitter:label1\" content=\"Tempo estimado de leitura\" \/>\n\t<meta name=\"twitter:data1\" content=\"3 minutos\" \/>\n<script type=\"application\/ld+json\" class=\"yoast-schema-graph\">{\"@context\":\"https:\\\/\\\/schema.org\",\"@graph\":[{\"@type\":\"WebPage\",\"@id\":\"https:\\\/\\\/mihealtheurope.org\\\/about\\\/\",\"url\":\"https:\\\/\\\/mihealtheurope.org\\\/about\\\/\",\"name\":\"European migrant healthcare advocacy - Mi-Health Europe\",\"isPartOf\":{\"@id\":\"https:\\\/\\\/mihealtheurope.org\\\/#website\"},\"primaryImageOfPage\":{\"@id\":\"https:\\\/\\\/mihealtheurope.org\\\/about\\\/#primaryimage\"},\"image\":{\"@id\":\"https:\\\/\\\/mihealtheurope.org\\\/about\\\/#primaryimage\"},\"thumbnailUrl\":\"https:\\\/\\\/mihealtheurope.org\\\/wp-content\\\/uploads\\\/2022\\\/08\\\/Mi-Health-image-edited.jpeg\",\"datePublished\":\"2022-04-20T06:09:40+00:00\",\"dateModified\":\"2024-06-24T11:59:26+00:00\",\"description\":\"Join Mi-Health Europe's advocacy collaborative empowering European migrant communities in healthcare navigation and policy influence.\",\"breadcrumb\":{\"@id\":\"https:\\\/\\\/mihealtheurope.org\\\/about\\\/#breadcrumb\"},\"inLanguage\":\"pt-PT\",\"potentialAction\":[{\"@type\":\"ReadAction\",\"target\":[\"https:\\\/\\\/mihealtheurope.org\\\/about\\\/\"]}]},{\"@type\":\"ImageObject\",\"inLanguage\":\"pt-PT\",\"@id\":\"https:\\\/\\\/mihealtheurope.org\\\/about\\\/#primaryimage\",\"url\":\"https:\\\/\\\/mihealtheurope.org\\\/wp-content\\\/uploads\\\/2022\\\/08\\\/Mi-Health-image-edited.jpeg\",\"contentUrl\":\"https:\\\/\\\/mihealtheurope.org\\\/wp-content\\\/uploads\\\/2022\\\/08\\\/Mi-Health-image-edited.jpeg\"},{\"@type\":\"BreadcrumbList\",\"@id\":\"https:\\\/\\\/mihealtheurope.org\\\/about\\\/#breadcrumb\",\"itemListElement\":[{\"@type\":\"ListItem\",\"position\":1,\"name\":\"Home\",\"item\":\"https:\\\/\\\/mihealtheurope.org\\\/\"},{\"@type\":\"ListItem\",\"position\":2,\"name\":\"About\"}]},{\"@type\":\"WebSite\",\"@id\":\"https:\\\/\\\/mihealtheurope.org\\\/#website\",\"url\":\"https:\\\/\\\/mihealtheurope.org\\\/\",\"name\":\"https:\\\/\\\/mihealtheurope.org\\\/\",\"description\":\"Improving migrant health\",\"publisher\":{\"@id\":\"https:\\\/\\\/mihealtheurope.org\\\/#organization\"},\"potentialAction\":[{\"@type\":\"SearchAction\",\"target\":{\"@type\":\"EntryPoint\",\"urlTemplate\":\"https:\\\/\\\/mihealtheurope.org\\\/?s={search_term_string}\"},\"query-input\":{\"@type\":\"PropertyValueSpecification\",\"valueRequired\":true,\"valueName\":\"search_term_string\"}}],\"inLanguage\":\"pt-PT\"},{\"@type\":\"Organization\",\"@id\":\"https:\\\/\\\/mihealtheurope.org\\\/#organization\",\"name\":\"Mi-Health Europe\",\"url\":\"https:\\\/\\\/mihealtheurope.org\\\/\",\"logo\":{\"@type\":\"ImageObject\",\"inLanguage\":\"pt-PT\",\"@id\":\"https:\\\/\\\/mihealtheurope.org\\\/#\\\/schema\\\/logo\\\/image\\\/\",\"url\":\"https:\\\/\\\/mihealtheurope.org\\\/wp-content\\\/uploads\\\/2024\\\/04\\\/MiHealth_Blue-High-Res.png\",\"contentUrl\":\"https:\\\/\\\/mihealtheurope.org\\\/wp-content\\\/uploads\\\/2024\\\/04\\\/MiHealth_Blue-High-Res.png\",\"width\":1536,\"height\":1489,\"caption\":\"Mi-Health Europe\"},\"image\":{\"@id\":\"https:\\\/\\\/mihealtheurope.org\\\/#\\\/schema\\\/logo\\\/image\\\/\"},\"sameAs\":[\"https:\\\/\\\/www.facebook.com\\\/MiHealthAAF\",\"https:\\\/\\\/x.com\\\/MiHealth_Europe\",\"https:\\\/\\\/www.instagram.com\\\/mi_health_advocacy\\\/\"]}]}<\/script>\n<!-- \/ Yoast SEO plugin. -->","yoast_head_json":{"title":"Defesa dos cuidados de sa\u00fade dos migrantes europeus - Mi-Health Europe","description":"Junte-se \u00e0 colabora\u00e7\u00e3o de advocacia da Mi-Health Europe, que capacita as comunidades migrantes europeias para a navega\u00e7\u00e3o nos cuidados de sa\u00fade e para influenciar as pol\u00edticas.","robots":{"index":"index","follow":"follow","max-snippet":"max-snippet:-1","max-image-preview":"max-image-preview:large","max-video-preview":"max-video-preview:-1"},"canonical":"https:\/\/mihealtheurope.org\/pt\/sobre-2\/","og_locale":"pt_PT","og_type":"article","og_title":"European migrant healthcare advocacy - Mi-Health Europe","og_description":"Join Mi-Health Europe's advocacy collaborative empowering European migrant communities in healthcare navigation and policy influence.","og_url":"https:\/\/mihealtheurope.org\/pt\/sobre-2\/","og_site_name":"Mi-Health Europe","article_publisher":"https:\/\/www.facebook.com\/MiHealthAAF","article_modified_time":"2024-06-24T11:59:26+00:00","og_image":[{"url":"https:\/\/mihealtheurope.org\/wp-content\/uploads\/2022\/08\/Mi-Health-image-edited.jpeg","type":"","width":"","height":""}],"twitter_card":"summary_large_image","twitter_site":"@MiHealth_Europe","twitter_misc":{"Tempo estimado de leitura":"3 minutos"},"schema":{"@context":"https:\/\/schema.org","@graph":[{"@type":"WebPage","@id":"https:\/\/mihealtheurope.org\/about\/","url":"https:\/\/mihealtheurope.org\/about\/","name":"Defesa dos cuidados de sa\u00fade dos migrantes europeus - Mi-Health Europe","isPartOf":{"@id":"https:\/\/mihealtheurope.org\/#website"},"primaryImageOfPage":{"@id":"https:\/\/mihealtheurope.org\/about\/#primaryimage"},"image":{"@id":"https:\/\/mihealtheurope.org\/about\/#primaryimage"},"thumbnailUrl":"https:\/\/mihealtheurope.org\/wp-content\/uploads\/2022\/08\/Mi-Health-image-edited.jpeg","datePublished":"2022-04-20T06:09:40+00:00","dateModified":"2024-06-24T11:59:26+00:00","description":"Junte-se \u00e0 colabora\u00e7\u00e3o de advocacia da Mi-Health Europe, que capacita as comunidades migrantes europeias para a navega\u00e7\u00e3o nos cuidados de sa\u00fade e para influenciar as pol\u00edticas.","breadcrumb":{"@id":"https:\/\/mihealtheurope.org\/about\/#breadcrumb"},"inLanguage":"pt-PT","potentialAction":[{"@type":"ReadAction","target":["https:\/\/mihealtheurope.org\/about\/"]}]},{"@type":"ImageObject","inLanguage":"pt-PT","@id":"https:\/\/mihealtheurope.org\/about\/#primaryimage","url":"https:\/\/mihealtheurope.org\/wp-content\/uploads\/2022\/08\/Mi-Health-image-edited.jpeg","contentUrl":"https:\/\/mihealtheurope.org\/wp-content\/uploads\/2022\/08\/Mi-Health-image-edited.jpeg"},{"@type":"BreadcrumbList","@id":"https:\/\/mihealtheurope.org\/about\/#breadcrumb","itemListElement":[{"@type":"ListItem","position":1,"name":"Home","item":"https:\/\/mihealtheurope.org\/"},{"@type":"ListItem","position":2,"name":"About"}]},{"@type":"WebSite","@id":"https:\/\/mihealtheurope.org\/#website","url":"https:\/\/mihealtheurope.org\/","name":"https:\/\/mihealtheurope.org\/","description":"Melhorar a sa\u00fade dos migrantes","publisher":{"@id":"https:\/\/mihealtheurope.org\/#organization"},"potentialAction":[{"@type":"SearchAction","target":{"@type":"EntryPoint","urlTemplate":"https:\/\/mihealtheurope.org\/?s={search_term_string}"},"query-input":{"@type":"PropertyValueSpecification","valueRequired":true,"valueName":"search_term_string"}}],"inLanguage":"pt-PT"},{"@type":"Organization","@id":"https:\/\/mihealtheurope.org\/#organization","name":"Mi-Health Europe","url":"https:\/\/mihealtheurope.org\/","logo":{"@type":"ImageObject","inLanguage":"pt-PT","@id":"https:\/\/mihealtheurope.org\/#\/schema\/logo\/image\/","url":"https:\/\/mihealtheurope.org\/wp-content\/uploads\/2024\/04\/MiHealth_Blue-High-Res.png","contentUrl":"https:\/\/mihealtheurope.org\/wp-content\/uploads\/2024\/04\/MiHealth_Blue-High-Res.png","width":1536,"height":1489,"caption":"Mi-Health Europe"},"image":{"@id":"https:\/\/mihealtheurope.org\/#\/schema\/logo\/image\/"},"sameAs":["https:\/\/www.facebook.com\/MiHealthAAF","https:\/\/x.com\/MiHealth_Europe","https:\/\/www.instagram.com\/mi_health_advocacy\/"]}]}},"uagb_featured_image_src":{"full":false,"thumbnail":false,"medium":false,"medium_large":false,"large":false,"1536x1536":false,"2048x2048":false,"trp-custom-language-flag":false,"blog-img":false,"gform-image-choice-sm":false,"gform-image-choice-md":false,"gform-image-choice-lg":false},"uagb_author_info":{"display_name":"MIHealthUsr","author_link":"https:\/\/mihealtheurope.org\/pt\/author\/mihealthusr\/"},"uagb_comment_info":0,"uagb_excerpt":"About Mi-Health Europe is a policy and advocacy collaborative that strengthens the capacity of European migrant communities to engage with services and to influence healthcare policy and practice. Our Vision A Europe in which all migrants are able to realise a healthy and safe life. Our Mission Promoting an inclusive, empowered European community of frontline&hellip;","_links":{"self":[{"href":"https:\/\/mihealtheurope.org\/pt\/wp-json\/wp\/v2\/pages\/16","targetHints":{"allow":["GET"]}}],"collection":[{"href":"https:\/\/mihealtheurope.org\/pt\/wp-json\/wp\/v2\/pages"}],"about":[{"href":"https:\/\/mihealtheurope.org\/pt\/wp-json\/wp\/v2\/types\/page"}],"author":[{"embeddable":true,"href":"https:\/\/mihealtheurope.org\/pt\/wp-json\/wp\/v2\/users\/1"}],"replies":[{"embeddable":true,"href":"https:\/\/mihealtheurope.org\/pt\/wp-json\/wp\/v2\/comments?post=16"}],"version-history":[{"count":23,"href":"https:\/\/mihealtheurope.org\/pt\/wp-json\/wp\/v2\/pages\/16\/revisions"}],"predecessor-version":[{"id":2123,"href":"https:\/\/mihealtheurope.org\/pt\/wp-json\/wp\/v2\/pages\/16\/revisions\/2123"}],"wp:attachment":[{"href":"https:\/\/mihealtheurope.org\/pt\/wp-json\/wp\/v2\/media?parent=16"}],"wp:term":[{"taxonomy":"wf_page_folders","embeddable":true,"href":"https:\/\/mihealtheurope.org\/pt\/wp-json\/wp\/v2\/wf_page_folders?post=16"}],"curies":[{"name":"wp","href":"https:\/\/api.w.org\/{rel}","templated":true}]}}