{"id":12,"date":"2022-04-20T07:08:58","date_gmt":"2022-04-20T06:08:58","guid":{"rendered":"https:\/\/mihealth.418staging.co.uk\/?page_id=12"},"modified":"2024-06-24T12:58:13","modified_gmt":"2024-06-24T11:58:13","slug":"learning","status":"publish","type":"page","link":"https:\/\/mihealtheurope.org\/pt\/learning\/","title":{"rendered":"Aprendizado"},"content":{"rendered":"<div style=\"height:50px\" aria-hidden=\"true\" class=\"wp-block-spacer\"><\/div>\n\n\n\n<div class=\"wp-block-group\"><div class=\"wp-block-group__inner-container is-layout-flow wp-block-group-is-layout-flow\">\n<div class=\"wp-block-media-text alignwide has-media-on-the-right is-stacked-on-mobile\"><div class=\"wp-block-media-text__content\">\n<figure class=\"wp-block-image size-full\"><img loading=\"lazy\" decoding=\"async\" width=\"150\" height=\"140\" src=\"https:\/\/mihealtheurope.org\/wp-content\/uploads\/2022\/05\/MiLearning_Orange-High-Res-small-1.png\" alt=\"\" class=\"wp-image-849\" srcset=\"https:\/\/mihealtheurope.org\/wp-content\/uploads\/2022\/05\/MiLearning_Orange-High-Res-small-1.png 150w, https:\/\/mihealtheurope.org\/wp-content\/uploads\/2022\/05\/MiLearning_Orange-High-Res-small-1-13x12.png 13w\" sizes=\"auto, (max-width: 150px) 100vw, 150px\" \/><\/figure>\n\n\n\n<p>l\u00edderes, profissionais da linha de frente e organiza\u00e7\u00f5es lideradas por migrantes equipados com as ferramentas, habilidades e recursos essenciais para melhor apoiar suas comunidades s\u00e3o capazes de aprofundar seu impacto, engajar e mobilizar migrantes e moldar a presta\u00e7\u00e3o e as pol\u00edticas de sa\u00fade no local , n\u00edveis nacional e regional. Junte-se an\u00f3s em um treinamento. Vamos construir nossa capacidade de a\u00e7\u00e3o colaborativa. Informa\u00e7\u00f5es sobre como se inscrever para futuros treinamentos, bem como sess\u00f5es arquivadas, estar\u00e3o dispon\u00edveis aqui.<\/p>\n\n\n\n<div style=\"height:30px\" aria-hidden=\"true\" class=\"wp-block-spacer\"><\/div>\n\n\n\n<div class=\"wp-block-buttons is-layout-flex wp-block-buttons-is-layout-flex\">\n<div class=\"wp-block-button has-custom-font-size has-medium-font-size\"><a class=\"wp-block-button__link has-theme-colour-2-background-color has-background wp-element-button\" href=\"\/pt\/sessoes\/\" style=\"border-radius:6px\"><strong>Registar agora<\/strong><\/a><\/div>\n<\/div>\n\n\n\n<div style=\"height:80px\" aria-hidden=\"true\" class=\"wp-block-spacer\"><\/div>\n<\/div><figure class=\"wp-block-media-text__media\"><img loading=\"lazy\" decoding=\"async\" width=\"549\" height=\"500\" src=\"https:\/\/mihealtheurope.org\/wp-content\/uploads\/2022\/05\/pic1.png\" alt=\"Programa de forma\u00e7\u00e3o em sa\u00fade para migrantes | Mi-Health Europe\" class=\"wp-image-822 size-full\" srcset=\"https:\/\/mihealtheurope.org\/wp-content\/uploads\/2022\/05\/pic1.png 549w, https:\/\/mihealtheurope.org\/wp-content\/uploads\/2022\/05\/pic1-300x273.png 300w, https:\/\/mihealtheurope.org\/wp-content\/uploads\/2022\/05\/pic1-13x12.png 13w\" sizes=\"auto, (max-width: 549px) 100vw, 549px\" \/><\/figure><\/div>\n<\/div><\/div>\n\n\n\n<div class=\"wp-block-group has-white-color has-theme-colour-1-background-color has-text-color has-background\"><div class=\"wp-block-group__inner-container is-layout-flow wp-block-group-is-layout-flow\">\n<div class=\"wp-block-media-text alignwide is-stacked-on-mobile\"><figure class=\"wp-block-media-text__media\"><img loading=\"lazy\" decoding=\"async\" width=\"526\" height=\"500\" src=\"https:\/\/mihealtheurope.org\/wp-content\/uploads\/2022\/05\/pic2.png\" alt=\"Programa de forma\u00e7\u00e3o em sa\u00fade para migrantes | Mi-Health Europe\" class=\"wp-image-824 size-full\" srcset=\"https:\/\/mihealtheurope.org\/wp-content\/uploads\/2022\/05\/pic2.png 526w, https:\/\/mihealtheurope.org\/wp-content\/uploads\/2022\/05\/pic2-300x285.png 300w, https:\/\/mihealtheurope.org\/wp-content\/uploads\/2022\/05\/pic2-13x12.png 13w\" sizes=\"auto, (max-width: 526px) 100vw, 526px\" \/><\/figure><div class=\"wp-block-media-text__content\">\n<div style=\"height:80px\" aria-hidden=\"true\" class=\"wp-block-spacer\"><\/div>\n\n\n\n<figure class=\"wp-block-image size-full\"><img loading=\"lazy\" decoding=\"async\" width=\"150\" height=\"140\" src=\"https:\/\/mihealtheurope.org\/wp-content\/uploads\/2022\/05\/Mi-Care-color-logo-small-1.png\" alt=\"\" class=\"wp-image-851\" srcset=\"https:\/\/mihealtheurope.org\/wp-content\/uploads\/2022\/05\/Mi-Care-color-logo-small-1.png 150w, https:\/\/mihealtheurope.org\/wp-content\/uploads\/2022\/05\/Mi-Care-color-logo-small-1-13x12.png 13w\" sizes=\"auto, (max-width: 150px) 100vw, 150px\" \/><\/figure>\n\n\n\n<p class=\"translation-block\">O nosso Programa de Forma\u00e7\u00e3o em Sa\u00fade dos Migrantes, com a dura\u00e7\u00e3o de 5 semanas, apoia os defensores da sa\u00fade comunit\u00e1ria em toda a UE e no Reino Unido, dotando-os de compet\u00eancias e redes para melhor apoiarem os migrantes vulner\u00e1veis ao <a href=\"https:\/\/www.who.int\/news-room\/fact-sheets\/detail\/hiv-aids\" target=\"_blank\" rel=\"noreferrer noopener\">HIV<\/a>, <a href=\"https:\/\/www.niddk.nih.gov\/health-information\/liver-disease\/viral-hepatitis\/what-is-viral-hepatitis#:~:text=Viralhepatitisisaninfection,CDandE.\" target=\"_blank\" rel=\"noreferrer noopener\">viral hepatitis<\/a>, <a href=\"https:\/\/www.who.int\/news-room\/fact-sheets\/detail\/tuberculosis\" target=\"_blank\" rel=\"noreferrer noopener\">TB<\/a> e outras doen\u00e7as. Quando os migrantes s\u00e3o capacitados para se envolverem mais nas decis\u00f5es sobre os seus cuidados de sa\u00fade e colaboramos em iniciativas de sensibiliza\u00e7\u00e3o, podemos obter melhores resultados em termos de sa\u00fade para os indiv\u00edduos e para as nossas comunidades.<\/p>\n\n\n\n<div style=\"height:30px\" aria-hidden=\"true\" class=\"wp-block-spacer\"><\/div>\n\n\n\n<div class=\"wp-block-buttons is-layout-flex wp-block-buttons-is-layout-flex\">\n<div class=\"wp-block-button has-custom-font-size has-medium-font-size\"><a class=\"wp-block-button__link has-theme-colour-2-background-color has-background wp-element-button\" href=\"https:\/\/mihealtheurope.org\/pt\/formacao-em-defesa-da-saude-dos-migrantes\/\" style=\"border-radius:6px\"><strong>Saiba mais<\/strong><\/a><\/div>\n<\/div>\n\n\n\n<div style=\"height:80px\" aria-hidden=\"true\" class=\"wp-block-spacer\"><\/div>\n<\/div><\/div>\n<\/div><\/div>","protected":false},"excerpt":{"rendered":"<p>Leaders, frontline professionals and migrant-led organisations equipped with the essential tools, skills and resources to best support their communities are able to deepen their impact, to engage and mobilise migrants and to shape healthcare delivery and policy at the local, national and regional levels. Join us in the Migrant Health Training Program. Let\u2019s build our [&hellip;]<\/p>\n","protected":false},"author":1,"featured_media":0,"parent":0,"menu_order":0,"comment_status":"closed","ping_status":"closed","template":"","meta":{"_acf_changed":false,"_uag_custom_page_level_css":"","footnotes":""},"wf_page_folders":[],"class_list":["post-12","page","type-page","status-publish","hentry"],"acf":[],"yoast_head":"<!-- This site is optimized with the Yoast SEO plugin v27.5 - https:\/\/yoast.com\/product\/yoast-seo-wordpress\/ -->\n<title>Migrant Health Training Program - Mi-Health Europe<\/title>\n<meta name=\"description\" content=\"Join our Migrant Health Training Program to enhance your skills and networks for supporting migrant communities across Europe. Register now!\" \/>\n<meta name=\"robots\" content=\"index, follow, max-snippet:-1, max-image-preview:large, max-video-preview:-1\" \/>\n<link rel=\"canonical\" href=\"https:\/\/mihealtheurope.org\/pt\/learning\/\" \/>\n<meta property=\"og:locale\" content=\"pt_PT\" \/>\n<meta property=\"og:type\" content=\"article\" \/>\n<meta property=\"og:title\" content=\"Migrant Health Training Program - Mi-Health Europe\" \/>\n<meta property=\"og:description\" content=\"Join our Migrant Health Training Program to enhance your skills and networks for supporting migrant communities across Europe. Register now!\" \/>\n<meta property=\"og:url\" content=\"https:\/\/mihealtheurope.org\/pt\/learning\/\" \/>\n<meta property=\"og:site_name\" content=\"Mi-Health Europe\" \/>\n<meta property=\"article:publisher\" content=\"https:\/\/www.facebook.com\/MiHealthAAF\" \/>\n<meta property=\"article:modified_time\" content=\"2024-06-24T11:58:13+00:00\" \/>\n<meta property=\"og:image\" content=\"https:\/\/mihealtheurope.org\/wp-content\/uploads\/2022\/05\/MiLearning_Orange-High-Res-small-1.png\" \/>\n<meta name=\"twitter:card\" content=\"summary_large_image\" \/>\n<meta name=\"twitter:site\" content=\"@MiHealth_Europe\" \/>\n<meta name=\"twitter:label1\" content=\"Tempo estimado de leitura\" \/>\n\t<meta name=\"twitter:data1\" content=\"2 minutos\" \/>\n<script type=\"application\/ld+json\" class=\"yoast-schema-graph\">{\"@context\":\"https:\\\/\\\/schema.org\",\"@graph\":[{\"@type\":\"WebPage\",\"@id\":\"https:\\\/\\\/mihealtheurope.org\\\/learning\\\/\",\"url\":\"https:\\\/\\\/mihealtheurope.org\\\/learning\\\/\",\"name\":\"Migrant Health Training Program - Mi-Health Europe\",\"isPartOf\":{\"@id\":\"https:\\\/\\\/mihealtheurope.org\\\/#website\"},\"primaryImageOfPage\":{\"@id\":\"https:\\\/\\\/mihealtheurope.org\\\/learning\\\/#primaryimage\"},\"image\":{\"@id\":\"https:\\\/\\\/mihealtheurope.org\\\/learning\\\/#primaryimage\"},\"thumbnailUrl\":\"https:\\\/\\\/mihealtheurope.org\\\/wp-content\\\/uploads\\\/2022\\\/05\\\/MiLearning_Orange-High-Res-small-1.png\",\"datePublished\":\"2022-04-20T06:08:58+00:00\",\"dateModified\":\"2024-06-24T11:58:13+00:00\",\"description\":\"Join our Migrant Health Training Program to enhance your skills and networks for supporting migrant communities across Europe. Register now!\",\"breadcrumb\":{\"@id\":\"https:\\\/\\\/mihealtheurope.org\\\/learning\\\/#breadcrumb\"},\"inLanguage\":\"pt-PT\",\"potentialAction\":[{\"@type\":\"ReadAction\",\"target\":[\"https:\\\/\\\/mihealtheurope.org\\\/learning\\\/\"]}]},{\"@type\":\"ImageObject\",\"inLanguage\":\"pt-PT\",\"@id\":\"https:\\\/\\\/mihealtheurope.org\\\/learning\\\/#primaryimage\",\"url\":\"https:\\\/\\\/mihealtheurope.org\\\/wp-content\\\/uploads\\\/2022\\\/05\\\/MiLearning_Orange-High-Res-small-1.png\",\"contentUrl\":\"https:\\\/\\\/mihealtheurope.org\\\/wp-content\\\/uploads\\\/2022\\\/05\\\/MiLearning_Orange-High-Res-small-1.png\"},{\"@type\":\"BreadcrumbList\",\"@id\":\"https:\\\/\\\/mihealtheurope.org\\\/learning\\\/#breadcrumb\",\"itemListElement\":[{\"@type\":\"ListItem\",\"position\":1,\"name\":\"Home\",\"item\":\"https:\\\/\\\/mihealtheurope.org\\\/\"},{\"@type\":\"ListItem\",\"position\":2,\"name\":\"Learning\"}]},{\"@type\":\"WebSite\",\"@id\":\"https:\\\/\\\/mihealtheurope.org\\\/#website\",\"url\":\"https:\\\/\\\/mihealtheurope.org\\\/\",\"name\":\"https:\\\/\\\/mihealtheurope.org\\\/\",\"description\":\"Improving migrant health\",\"publisher\":{\"@id\":\"https:\\\/\\\/mihealtheurope.org\\\/#organization\"},\"potentialAction\":[{\"@type\":\"SearchAction\",\"target\":{\"@type\":\"EntryPoint\",\"urlTemplate\":\"https:\\\/\\\/mihealtheurope.org\\\/?s={search_term_string}\"},\"query-input\":{\"@type\":\"PropertyValueSpecification\",\"valueRequired\":true,\"valueName\":\"search_term_string\"}}],\"inLanguage\":\"pt-PT\"},{\"@type\":\"Organization\",\"@id\":\"https:\\\/\\\/mihealtheurope.org\\\/#organization\",\"name\":\"Mi-Health Europe\",\"url\":\"https:\\\/\\\/mihealtheurope.org\\\/\",\"logo\":{\"@type\":\"ImageObject\",\"inLanguage\":\"pt-PT\",\"@id\":\"https:\\\/\\\/mihealtheurope.org\\\/#\\\/schema\\\/logo\\\/image\\\/\",\"url\":\"https:\\\/\\\/mihealtheurope.org\\\/wp-content\\\/uploads\\\/2024\\\/04\\\/MiHealth_Blue-High-Res.png\",\"contentUrl\":\"https:\\\/\\\/mihealtheurope.org\\\/wp-content\\\/uploads\\\/2024\\\/04\\\/MiHealth_Blue-High-Res.png\",\"width\":1536,\"height\":1489,\"caption\":\"Mi-Health Europe\"},\"image\":{\"@id\":\"https:\\\/\\\/mihealtheurope.org\\\/#\\\/schema\\\/logo\\\/image\\\/\"},\"sameAs\":[\"https:\\\/\\\/www.facebook.com\\\/MiHealthAAF\",\"https:\\\/\\\/x.com\\\/MiHealth_Europe\",\"https:\\\/\\\/www.instagram.com\\\/mi_health_advocacy\\\/\"]}]}<\/script>\n<!-- \/ Yoast SEO plugin. -->","yoast_head_json":{"title":"Programa de forma\u00e7\u00e3o em sa\u00fade para migrantes - Mi-Health Europe","description":"Participe no nosso Programa de Forma\u00e7\u00e3o em Sa\u00fade dos Migrantes para melhorar as suas compet\u00eancias e redes de apoio \u00e0s comunidades migrantes em toda a Europa. Registe-se agora!","robots":{"index":"index","follow":"follow","max-snippet":"max-snippet:-1","max-image-preview":"max-image-preview:large","max-video-preview":"max-video-preview:-1"},"canonical":"https:\/\/mihealtheurope.org\/pt\/learning\/","og_locale":"pt_PT","og_type":"article","og_title":"Migrant Health Training Program - Mi-Health Europe","og_description":"Join our Migrant Health Training Program to enhance your skills and networks for supporting migrant communities across Europe. Register now!","og_url":"https:\/\/mihealtheurope.org\/pt\/learning\/","og_site_name":"Mi-Health Europe","article_publisher":"https:\/\/www.facebook.com\/MiHealthAAF","article_modified_time":"2024-06-24T11:58:13+00:00","og_image":[{"url":"https:\/\/mihealtheurope.org\/wp-content\/uploads\/2022\/05\/MiLearning_Orange-High-Res-small-1.png","type":"","width":"","height":""}],"twitter_card":"summary_large_image","twitter_site":"@MiHealth_Europe","twitter_misc":{"Tempo estimado de leitura":"2 minutos"},"schema":{"@context":"https:\/\/schema.org","@graph":[{"@type":"WebPage","@id":"https:\/\/mihealtheurope.org\/learning\/","url":"https:\/\/mihealtheurope.org\/learning\/","name":"Programa de forma\u00e7\u00e3o em sa\u00fade para migrantes - Mi-Health Europe","isPartOf":{"@id":"https:\/\/mihealtheurope.org\/#website"},"primaryImageOfPage":{"@id":"https:\/\/mihealtheurope.org\/learning\/#primaryimage"},"image":{"@id":"https:\/\/mihealtheurope.org\/learning\/#primaryimage"},"thumbnailUrl":"https:\/\/mihealtheurope.org\/wp-content\/uploads\/2022\/05\/MiLearning_Orange-High-Res-small-1.png","datePublished":"2022-04-20T06:08:58+00:00","dateModified":"2024-06-24T11:58:13+00:00","description":"Participe no nosso Programa de Forma\u00e7\u00e3o em Sa\u00fade dos Migrantes para melhorar as suas compet\u00eancias e redes de apoio \u00e0s comunidades migrantes em toda a Europa. Registe-se agora!","breadcrumb":{"@id":"https:\/\/mihealtheurope.org\/learning\/#breadcrumb"},"inLanguage":"pt-PT","potentialAction":[{"@type":"ReadAction","target":["https:\/\/mihealtheurope.org\/learning\/"]}]},{"@type":"ImageObject","inLanguage":"pt-PT","@id":"https:\/\/mihealtheurope.org\/learning\/#primaryimage","url":"https:\/\/mihealtheurope.org\/wp-content\/uploads\/2022\/05\/MiLearning_Orange-High-Res-small-1.png","contentUrl":"https:\/\/mihealtheurope.org\/wp-content\/uploads\/2022\/05\/MiLearning_Orange-High-Res-small-1.png"},{"@type":"BreadcrumbList","@id":"https:\/\/mihealtheurope.org\/learning\/#breadcrumb","itemListElement":[{"@type":"ListItem","position":1,"name":"Home","item":"https:\/\/mihealtheurope.org\/"},{"@type":"ListItem","position":2,"name":"Learning"}]},{"@type":"WebSite","@id":"https:\/\/mihealtheurope.org\/#website","url":"https:\/\/mihealtheurope.org\/","name":"https:\/\/mihealtheurope.org\/","description":"Melhorar a sa\u00fade dos migrantes","publisher":{"@id":"https:\/\/mihealtheurope.org\/#organization"},"potentialAction":[{"@type":"SearchAction","target":{"@type":"EntryPoint","urlTemplate":"https:\/\/mihealtheurope.org\/?s={search_term_string}"},"query-input":{"@type":"PropertyValueSpecification","valueRequired":true,"valueName":"search_term_string"}}],"inLanguage":"pt-PT"},{"@type":"Organization","@id":"https:\/\/mihealtheurope.org\/#organization","name":"Mi-Health Europe","url":"https:\/\/mihealtheurope.org\/","logo":{"@type":"ImageObject","inLanguage":"pt-PT","@id":"https:\/\/mihealtheurope.org\/#\/schema\/logo\/image\/","url":"https:\/\/mihealtheurope.org\/wp-content\/uploads\/2024\/04\/MiHealth_Blue-High-Res.png","contentUrl":"https:\/\/mihealtheurope.org\/wp-content\/uploads\/2024\/04\/MiHealth_Blue-High-Res.png","width":1536,"height":1489,"caption":"Mi-Health Europe"},"image":{"@id":"https:\/\/mihealtheurope.org\/#\/schema\/logo\/image\/"},"sameAs":["https:\/\/www.facebook.com\/MiHealthAAF","https:\/\/x.com\/MiHealth_Europe","https:\/\/www.instagram.com\/mi_health_advocacy\/"]}]}},"uagb_featured_image_src":{"full":false,"thumbnail":false,"medium":false,"medium_large":false,"large":false,"1536x1536":false,"2048x2048":false,"trp-custom-language-flag":false,"blog-img":false,"gform-image-choice-sm":false,"gform-image-choice-md":false,"gform-image-choice-lg":false},"uagb_author_info":{"display_name":"MIHealthUsr","author_link":"https:\/\/mihealtheurope.org\/pt\/author\/mihealthusr\/"},"uagb_comment_info":0,"uagb_excerpt":"Leaders, frontline professionals and migrant-led organisations equipped with the essential tools, skills and resources to best support their communities are able to deepen their impact, to engage and mobilise migrants and to shape healthcare delivery and policy at the local, national and regional levels. Join us in the Migrant Health Training Program. Let\u2019s build our&hellip;","_links":{"self":[{"href":"https:\/\/mihealtheurope.org\/pt\/wp-json\/wp\/v2\/pages\/12","targetHints":{"allow":["GET"]}}],"collection":[{"href":"https:\/\/mihealtheurope.org\/pt\/wp-json\/wp\/v2\/pages"}],"about":[{"href":"https:\/\/mihealtheurope.org\/pt\/wp-json\/wp\/v2\/types\/page"}],"author":[{"embeddable":true,"href":"https:\/\/mihealtheurope.org\/pt\/wp-json\/wp\/v2\/users\/1"}],"replies":[{"embeddable":true,"href":"https:\/\/mihealtheurope.org\/pt\/wp-json\/wp\/v2\/comments?post=12"}],"version-history":[{"count":24,"href":"https:\/\/mihealtheurope.org\/pt\/wp-json\/wp\/v2\/pages\/12\/revisions"}],"predecessor-version":[{"id":2155,"href":"https:\/\/mihealtheurope.org\/pt\/wp-json\/wp\/v2\/pages\/12\/revisions\/2155"}],"wp:attachment":[{"href":"https:\/\/mihealtheurope.org\/pt\/wp-json\/wp\/v2\/media?parent=12"}],"wp:term":[{"taxonomy":"wf_page_folders","embeddable":true,"href":"https:\/\/mihealtheurope.org\/pt\/wp-json\/wp\/v2\/wf_page_folders?post=12"}],"curies":[{"name":"wp","href":"https:\/\/api.w.org\/{rel}","templated":true}]}}