{"id":1340,"date":"2022-07-18T09:54:26","date_gmt":"2022-07-18T08:54:26","guid":{"rendered":"https:\/\/mihealth.418staging.co.uk\/?page_id=1340"},"modified":"2025-05-14T11:56:27","modified_gmt":"2025-05-14T10:56:27","slug":"partenariat-mi-health-hiv","status":"publish","type":"page","link":"https:\/\/mihealtheurope.org\/fr\/mi-health-hiv-partnership\/","title":{"rendered":"Partenariat Mi-Health VIH"},"content":{"rendered":"<div style=\"height:50px\" aria-hidden=\"true\" class=\"wp-block-spacer\"><\/div>\n\n\n\n<div class=\"wp-block-group\"><div class=\"wp-block-group__inner-container is-layout-flow wp-block-group-is-layout-flow\">\n<h1 class=\"wp-block-heading\">Partenariat Mi-Health VIH<\/h1>\n\n\n\n<p>Depuis <strong>2022<\/strong>Dans le cadre de l'Ann\u00e9e europ\u00e9enne de la sant\u00e9, nous avons coordonn\u00e9 une initiative communautaire visant \u00e0 combler les lacunes dans le continuum des soins li\u00e9s au VIH au sein des principales communaut\u00e9s de migrants dans 11 pays europ\u00e9ens o\u00f9 la pr\u00e9valence du VIH est \u00e9lev\u00e9e. Il est bien \u00e9tabli que les migrants sont diagnostiqu\u00e9s plus tardivement que la population europ\u00e9enne en g\u00e9n\u00e9ral, et nous menons des activit\u00e9s adapt\u00e9es aux besoins des diverses communaut\u00e9s que notre partenariat repr\u00e9sente afin de surmonter certains des obstacles auxquels les migrants sont confront\u00e9s, tant en termes de prestation de services que de recours aux services de d\u00e9pistage du VIH. Dans le cadre de <strong>2024<\/strong>Nous avons commenc\u00e9 \u00e0 travailler avec <a href=\"https:\/\/www.maastrichtuniversity.nl\/about-um\/faculties\/faculty-psychology-and-neuroscience\">Universit\u00e9 de Maastricht<\/a> pour mieux analyser les donn\u00e9es de nos programmes de d\u00e9pistage du VIH, ce qui nous aide \u00e0 plaider plus efficacement en faveur de l'\u00e9quit\u00e9 en mati\u00e8re de sant\u00e9 des migrants en Europe.<\/p>\n\n\n\n<p>Nous esp\u00e9rons que notre partenariat continuera \u00e0 d\u00e9boucher sur des solutions communautaires qui atteignent les communaut\u00e9s de migrants \u00e0 un moment o\u00f9 les m\u00eames in\u00e9galit\u00e9s sociales, politiques et \u00e9conomiques qui augmentent la vuln\u00e9rabilit\u00e9 au VIH et \u00e0 d'autres risques s'aggravent dans toute la r\u00e9gion. Nous sommes convaincus que des partenariats efficaces et souples, qui apportent des ressources aux organisations de premi\u00e8re ligne dans toutes les juridictions, peuvent permettre de lutter contre l'aggravation de la pr\u00e9carit\u00e9 des migrants et d'autres groupes vuln\u00e9rables partout dans le monde.&nbsp;<\/p>\n\n\n\n<div style=\"height:15px\" aria-hidden=\"true\" class=\"wp-block-spacer\"><\/div>\n\n\n\n<div class=\"wp-block-cover\" style=\"min-height:400px;aspect-ratio:unset;\"><img loading=\"lazy\" decoding=\"async\" width=\"2000\" height=\"1344\" class=\"wp-block-cover__image-background wp-image-1346\" alt=\"Partenariat VIH Europe\" src=\"https:\/\/mihealtheurope.org\/wp-content\/uploads\/2022\/07\/Extra-4.jpg\" data-object-fit=\"cover\" srcset=\"https:\/\/mihealtheurope.org\/wp-content\/uploads\/2022\/07\/Extra-4.jpg 2000w, https:\/\/mihealtheurope.org\/wp-content\/uploads\/2022\/07\/Extra-4-300x202.jpg 300w, https:\/\/mihealtheurope.org\/wp-content\/uploads\/2022\/07\/Extra-4-1024x688.jpg 1024w, https:\/\/mihealtheurope.org\/wp-content\/uploads\/2022\/07\/Extra-4-768x516.jpg 768w, https:\/\/mihealtheurope.org\/wp-content\/uploads\/2022\/07\/Extra-4-1536x1032.jpg 1536w, https:\/\/mihealtheurope.org\/wp-content\/uploads\/2022\/07\/Extra-4-18x12.jpg 18w\" sizes=\"auto, (max-width: 2000px) 100vw, 2000px\" \/><span aria-hidden=\"true\" class=\"wp-block-cover__background has-background-dim\"><\/span><div class=\"wp-block-cover__inner-container is-layout-flow wp-block-cover-is-layout-flow\">\n<p class=\"has-text-align-center has-large-font-size\"><em>Nous faisons usage de nos positions dans nos communaut\u00e9s pour mobiliser les migrants dans le cadre de la pr\u00e9vention, le d\u00e9pistage, le traitement et les soins du VIH.<\/em>.<\/p>\n<\/div><\/div>\n\n\n\n<div style=\"height:15px\" aria-hidden=\"true\" class=\"wp-block-spacer\"><\/div>\n\n\n\n<div class=\"wp-block-columns is-layout-flex wp-container-core-columns-is-layout-9d6595d7 wp-block-columns-is-layout-flex\">\n<div class=\"wp-block-column is-layout-flow wp-block-column-is-layout-flow\">\n<p>Nous faisons usage de nos positions dans nos communaut\u00e9s pour mobiliser les migrants dans le cadre de la pr\u00e9vention, le d\u00e9pistage, le traitement et les soins du VIH, ainsi que pour d\u00e9velopper et diffuser du mat\u00e9riel \u00e9ducatif ayant pour but d\u2019informer les migrants de leurs droits en mati\u00e8re de sant\u00e9 et de ressources sur le VIH disponibles dans leurs pays distinctifs.<\/p>\n<\/div>\n\n\n\n<div class=\"wp-block-column is-layout-flow wp-block-column-is-layout-flow\">\n<p>Nous organisons \u00e9galement des forums d'\u00e9changes communautaires afin de faire un partage de connaissances sur les meilleures pratiques dans le cadre du VIH avec nos organisations partenaires. Connecter nos partenaires avec d'autres personnes travaillant dans des environnements difficiles et avec des ressources et un soutien limit\u00e9s, est primordial et un atout pout nous.&nbsp;<\/p>\n<\/div>\n<\/div>\n\n\n\n<h2 class=\"wp-block-heading has-medium-font-size\"><strong>Nous sommes un partenariat de 11 organisations :<\/strong><\/h2>\n\n\n\n<div class=\"wp-block-columns is-layout-flex wp-container-core-columns-is-layout-9d6595d7 wp-block-columns-is-layout-flex\">\n<div class=\"wp-block-column is-layout-flow wp-block-column-is-layout-flow\">\n<p><strong>Belgique:<\/strong> <a href=\"https:\/\/www.cool-and-safe.org\/fr\/\">Plateforme Prevention SIDA<\/a><\/p>\n\n\n\n<p><strong>Chypre: <\/strong><a href=\"https:\/\/www.facebook.com\/asmcyprus\/\">Mouvement de solidarit\u00e9 avec le sida<\/a><\/p>\n\n\n\n<p><strong>Angleterre: <\/strong><a href=\"https:\/\/www.africadvocacy.org\/\">Fondation pour la d\u00e9fense de l'Afrique (AAF)<\/a><\/p>\n\n\n\n<p><strong>France: <\/strong><a href=\"https:\/\/regis-pastt.asso-web.com\/28+prevention.html\">Association PASTT<\/a><\/p>\n\n\n\n<p><strong>Allemagne:<\/strong> <a href=\"https:\/\/www.via-in-berlin.de\/projekt\/afrikaherz\/\">Afrikaherz<\/a><\/p>\n\n\n\n<p><strong>Gr\u00e8ce<\/strong> <a href=\"https:\/\/www.openpathsathens.org\/\">Open Paths Ath\u00e8nes<\/a><\/p>\n<\/div>\n\n\n\n<div class=\"wp-block-column is-layout-flow wp-block-column-is-layout-flow\">\n<p><strong>Irlande :<\/strong> <a href=\"https:\/\/www.hivireland.ie\/\">VIH Irlande<\/a><\/p>\n\n\n\n<p><strong>Italie: <\/strong><a href=\"https:\/\/www.lhive.it\/\">LHIVE Diritti e Prevenzione<\/a><\/p>\n\n\n\n<p><strong>Pays-Bas:<\/strong> <a href=\"https:\/\/www.stichtingloveplanet.com\/\">Stichting Love Planet<\/a><\/p>\n\n\n\n<p><strong>Espagne :<\/strong> <a href=\"http:\/\/www.asociacionkaribu.org\/\">Asociacion Karibu<\/a><\/p>\n\n\n\n<p><strong>Su\u00e8de:<\/strong> <a href=\"https:\/\/noaksark.org\/mosaik\/\">Mosa\u00efque Noaks Ark<\/a><\/p>\n<\/div>\n<\/div>\n\n\n\n<p>Ensemble, nous soutenons les principaux groupes de migrants suivants : les demandeurs d'asile, les r\u00e9fugi\u00e9s, les apatrides, les travailleurs du sexe transexecuels et LGBTQI+, les migrants d'Afrique subsaharienne et les HSH.<\/p>\n\n\n\n<div style=\"height:35px\" aria-hidden=\"true\" class=\"wp-block-spacer\"><\/div>\n\n\n\n<h2 class=\"wp-block-heading has-medium-font-size\">Activit\u00e9s \u00e0 ce jour :<\/h2>\n\n\n\n<ul class=\"wp-block-list\">\n<li>Co-produit 54 documents sur U=U, PrEP et le d\u00e9pistage du VIH en 9 langues, en utilisant 68 champions communautaires du VIH pour diffuser 17 020 documents aux migrants.<\/li>\n\n\n\n<li>Un forum trimestriel d'\u00e9change communautaire a \u00e9t\u00e9 mis en place pour permettre aux organisations de premi\u00e8re ligne de mettre en commun leur expertise et de trouver des solutions \u00e0 des probl\u00e8mes communs.<\/li>\n\n\n\n<li>Renforc\u00e9 les capacit\u00e9s des organisations partenaires en fournissant des outils, des ressources pour essayer de nouvelles approches de prestation de services, et des formations.<\/li>\n\n\n\n<li>Test\u00e9 2 402 migrants pour le VIH d'avril 2022 \u00e0 mars 2023.<\/li>\n\n\n\n<li>Lier 1 071 migrants aux soins de sant\u00e9 d'avril 2022 \u00e0 mars 2023<\/li>\n\n\n\n<li>Recueilli des donn\u00e9es d\u00e9sagr\u00e9g\u00e9es de haute qualit\u00e9 sur les migrants, des donn\u00e9es qui, \u00e0 notre connaissance, n'ont jamais \u00e9t\u00e9 collect\u00e9es dans l'UE\/EEE.<\/li>\n\n\n\n<li>Pr\u00e9sentation des r\u00e9sultats de notre partenariat lors de 5 conf\u00e9rences internationales : Fast-Track Cities 2023, EACS 2023, HepHIV 2023, le congr\u00e8s national de la soci\u00e9t\u00e9 italienne de m\u00e9decine des migrations 2024 et AIDS 2024.<\/li>\n\n\n\n<li class=\"translation-block\">Remport\u00e9 les prix Impact et Choix du public aux Gilead Community Awards 2023 pour notre travail.<\/li>\n\n\n\n<li class=\"translation-block\">Organis\u00e9 un sommet in\u00e9dit sur la migration et le VIH avec 112 d\u00e9l\u00e9gu\u00e9s de 21 pays europ\u00e9ens pour identifier les obstacles emp\u00eachant la r\u00e9alisation de soins de sant\u00e9 universels pour les migrants.<\/li>\n\n\n\n<li>Lanc\u00e9 un document de position appelant \u00e0 la r\u00e9alisation de soins de sant\u00e9 universels pour tous, ind\u00e9pendamment du statut migratoire.<\/li>\n<\/ul>\n\n\n\n<div style=\"height:35px\" aria-hidden=\"true\" class=\"wp-block-spacer\"><\/div>\n\n\n\n<figure class=\"wp-block-gallery has-nested-images columns-default is-cropped wp-block-gallery-1 is-layout-flex wp-block-gallery-is-layout-flex\">\n<figure class=\"wp-block-image size-full\"><img loading=\"lazy\" decoding=\"async\" width=\"1172\" height=\"130\" data-id=\"2619\" src=\"https:\/\/mihealtheurope.org\/wp-content\/uploads\/2025\/05\/Logos.jpeg\" alt=\"\" class=\"wp-image-2619\"\/><\/figure>\n<\/figure>\n\n\n\n<h2 class=\"wp-block-heading has-medium-font-size\">Nous remercions Gilead Sciences Europe pour son soutien continu \u00e0 cette initiative.<\/h2>\n\n\n\n<div style=\"height:35px\" aria-hidden=\"true\" class=\"wp-block-spacer\"><\/div>\n\n\n\n<p class=\"translation-block\">Nous vous invitons \u00e0 nous contacter si vous avez des questions ou si vous souhaitez en savoir plus sur notre partenariat Mi-Health VIH.<\/p>\n\n\n\n<div class=\"wp-block-buttons is-layout-flex wp-block-buttons-is-layout-flex\">\n<div class=\"wp-block-button\"><a class=\"wp-block-button__link has-theme-colour-1-background-color has-background has-medium-font-size has-custom-font-size wp-element-button\" href=\"\/fr\/contactez-nous\/\" style=\"border-radius:6px\"><strong>Contactez-nous pour poser vos questions et en savoir plus.<\/strong><\/a><\/div>\n<\/div>\n<\/div><\/div>\n\n\n\n<div style=\"height:80px\" aria-hidden=\"true\" class=\"wp-block-spacer\"><\/div>\n\n\n\n<ul class=\"wp-block-list\">\n<li><\/li>\n\n\n\n<li><\/li>\n<\/ul>","protected":false},"excerpt":{"rendered":"<p>Mi-Health HIV Partnership Since 2022, we have been coordinating a community-led initiative to address the gaps in the HIV continuum of care amongst key migrant communities across 11 European countries with a high prevalence of HIV. It is well documented that migrants are diagnosed later than the general European population, and we are delivering activities [&hellip;]<\/p>\n","protected":false},"author":1,"featured_media":0,"parent":0,"menu_order":0,"comment_status":"closed","ping_status":"closed","template":"","meta":{"_acf_changed":false,"_uag_custom_page_level_css":"","footnotes":""},"wf_page_folders":[],"class_list":["post-1340","page","type-page","status-publish","hentry"],"acf":[],"yoast_head":"<!-- This site is optimized with the Yoast SEO plugin v27.5 - https:\/\/yoast.com\/product\/yoast-seo-wordpress\/ -->\n<title>HIV Partnership Europe: Addressing HIV Gaps in European Migrant - Mi-Health Europe<\/title>\n<meta name=\"description\" content=\"Discover the Mi-Health HIV Partnership in Europe, addressing HIV gaps among migrant communities across 10 countries. Join us !\" \/>\n<meta name=\"robots\" content=\"index, follow, max-snippet:-1, max-image-preview:large, max-video-preview:-1\" \/>\n<link rel=\"canonical\" href=\"https:\/\/mihealtheurope.org\/fr\/partenariat-mi-health-hiv\/\" \/>\n<meta property=\"og:locale\" content=\"fr_FR\" \/>\n<meta property=\"og:type\" content=\"article\" \/>\n<meta property=\"og:title\" content=\"HIV Partnership Europe: Addressing HIV Gaps in European Migrant - Mi-Health Europe\" \/>\n<meta property=\"og:description\" content=\"Discover the Mi-Health HIV Partnership in Europe, addressing HIV gaps among migrant communities across 10 countries. Join us !\" \/>\n<meta property=\"og:url\" content=\"https:\/\/mihealtheurope.org\/fr\/partenariat-mi-health-hiv\/\" \/>\n<meta property=\"og:site_name\" content=\"Mi-Health Europe\" \/>\n<meta property=\"article:publisher\" content=\"https:\/\/www.facebook.com\/MiHealthAAF\" \/>\n<meta property=\"article:modified_time\" content=\"2025-05-14T10:56:27+00:00\" \/>\n<meta property=\"og:image\" content=\"https:\/\/mihealtheurope.org\/wp-content\/uploads\/2022\/07\/Extra-4.jpg\" \/>\n\t<meta property=\"og:image:width\" content=\"2000\" \/>\n\t<meta property=\"og:image:height\" content=\"1344\" \/>\n\t<meta property=\"og:image:type\" content=\"image\/jpeg\" \/>\n<meta name=\"twitter:card\" content=\"summary_large_image\" \/>\n<meta name=\"twitter:site\" content=\"@MiHealth_Europe\" \/>\n<meta name=\"twitter:label1\" content=\"Dur\u00e9e de lecture estim\u00e9e\" \/>\n\t<meta name=\"twitter:data1\" content=\"3 minutes\" \/>\n<script type=\"application\/ld+json\" class=\"yoast-schema-graph\">{\"@context\":\"https:\\\/\\\/schema.org\",\"@graph\":[{\"@type\":\"WebPage\",\"@id\":\"https:\\\/\\\/mihealtheurope.org\\\/mi-health-hiv-partnership\\\/\",\"url\":\"https:\\\/\\\/mihealtheurope.org\\\/mi-health-hiv-partnership\\\/\",\"name\":\"HIV Partnership Europe: Addressing HIV Gaps in European Migrant - Mi-Health Europe\",\"isPartOf\":{\"@id\":\"https:\\\/\\\/mihealtheurope.org\\\/#website\"},\"primaryImageOfPage\":{\"@id\":\"https:\\\/\\\/mihealtheurope.org\\\/mi-health-hiv-partnership\\\/#primaryimage\"},\"image\":{\"@id\":\"https:\\\/\\\/mihealtheurope.org\\\/mi-health-hiv-partnership\\\/#primaryimage\"},\"thumbnailUrl\":\"https:\\\/\\\/mihealtheurope.org\\\/wp-content\\\/uploads\\\/2022\\\/07\\\/Extra-4.jpg\",\"datePublished\":\"2022-07-18T08:54:26+00:00\",\"dateModified\":\"2025-05-14T10:56:27+00:00\",\"description\":\"Discover the Mi-Health HIV Partnership in Europe, addressing HIV gaps among migrant communities across 10 countries. Join us !\",\"breadcrumb\":{\"@id\":\"https:\\\/\\\/mihealtheurope.org\\\/mi-health-hiv-partnership\\\/#breadcrumb\"},\"inLanguage\":\"fr-FR\",\"potentialAction\":[{\"@type\":\"ReadAction\",\"target\":[\"https:\\\/\\\/mihealtheurope.org\\\/mi-health-hiv-partnership\\\/\"]}]},{\"@type\":\"ImageObject\",\"inLanguage\":\"fr-FR\",\"@id\":\"https:\\\/\\\/mihealtheurope.org\\\/mi-health-hiv-partnership\\\/#primaryimage\",\"url\":\"https:\\\/\\\/mihealtheurope.org\\\/wp-content\\\/uploads\\\/2022\\\/07\\\/Extra-4.jpg\",\"contentUrl\":\"https:\\\/\\\/mihealtheurope.org\\\/wp-content\\\/uploads\\\/2022\\\/07\\\/Extra-4.jpg\"},{\"@type\":\"BreadcrumbList\",\"@id\":\"https:\\\/\\\/mihealtheurope.org\\\/mi-health-hiv-partnership\\\/#breadcrumb\",\"itemListElement\":[{\"@type\":\"ListItem\",\"position\":1,\"name\":\"Home\",\"item\":\"https:\\\/\\\/mihealtheurope.org\\\/\"},{\"@type\":\"ListItem\",\"position\":2,\"name\":\"Mi-Health HIV Partnership\"}]},{\"@type\":\"WebSite\",\"@id\":\"https:\\\/\\\/mihealtheurope.org\\\/#website\",\"url\":\"https:\\\/\\\/mihealtheurope.org\\\/\",\"name\":\"https:\\\/\\\/mihealtheurope.org\\\/\",\"description\":\"Improving migrant health\",\"publisher\":{\"@id\":\"https:\\\/\\\/mihealtheurope.org\\\/#organization\"},\"potentialAction\":[{\"@type\":\"SearchAction\",\"target\":{\"@type\":\"EntryPoint\",\"urlTemplate\":\"https:\\\/\\\/mihealtheurope.org\\\/?s={search_term_string}\"},\"query-input\":{\"@type\":\"PropertyValueSpecification\",\"valueRequired\":true,\"valueName\":\"search_term_string\"}}],\"inLanguage\":\"fr-FR\"},{\"@type\":\"Organization\",\"@id\":\"https:\\\/\\\/mihealtheurope.org\\\/#organization\",\"name\":\"Mi-Health Europe\",\"url\":\"https:\\\/\\\/mihealtheurope.org\\\/\",\"logo\":{\"@type\":\"ImageObject\",\"inLanguage\":\"fr-FR\",\"@id\":\"https:\\\/\\\/mihealtheurope.org\\\/#\\\/schema\\\/logo\\\/image\\\/\",\"url\":\"https:\\\/\\\/mihealtheurope.org\\\/wp-content\\\/uploads\\\/2024\\\/04\\\/MiHealth_Blue-High-Res.png\",\"contentUrl\":\"https:\\\/\\\/mihealtheurope.org\\\/wp-content\\\/uploads\\\/2024\\\/04\\\/MiHealth_Blue-High-Res.png\",\"width\":1536,\"height\":1489,\"caption\":\"Mi-Health Europe\"},\"image\":{\"@id\":\"https:\\\/\\\/mihealtheurope.org\\\/#\\\/schema\\\/logo\\\/image\\\/\"},\"sameAs\":[\"https:\\\/\\\/www.facebook.com\\\/MiHealthAAF\",\"https:\\\/\\\/x.com\\\/MiHealth_Europe\",\"https:\\\/\\\/www.instagram.com\\\/mi_health_advocacy\\\/\"]}]}<\/script>\n<!-- \/ Yoast SEO plugin. -->","yoast_head_json":{"title":"Partenariat VIH Europe : Combler les lacunes en mati\u00e8re de VIH chez les migrants europ\u00e9ens - Mi-Health Europe","description":"D\u00e9couvrez le partenariat VIH de Mi-Health en Europe, qui s'attaque aux lacunes en mati\u00e8re de VIH parmi les communaut\u00e9s de migrants dans 10 pays. Rejoignez-nous !","robots":{"index":"index","follow":"follow","max-snippet":"max-snippet:-1","max-image-preview":"max-image-preview:large","max-video-preview":"max-video-preview:-1"},"canonical":"https:\/\/mihealtheurope.org\/fr\/partenariat-mi-health-hiv\/","og_locale":"fr_FR","og_type":"article","og_title":"HIV Partnership Europe: Addressing HIV Gaps in European Migrant - Mi-Health Europe","og_description":"Discover the Mi-Health HIV Partnership in Europe, addressing HIV gaps among migrant communities across 10 countries. Join us !","og_url":"https:\/\/mihealtheurope.org\/fr\/partenariat-mi-health-hiv\/","og_site_name":"Mi-Health Europe","article_publisher":"https:\/\/www.facebook.com\/MiHealthAAF","article_modified_time":"2025-05-14T10:56:27+00:00","og_image":[{"width":2000,"height":1344,"url":"https:\/\/mihealtheurope.org\/wp-content\/uploads\/2022\/07\/Extra-4.jpg","type":"image\/jpeg"}],"twitter_card":"summary_large_image","twitter_site":"@MiHealth_Europe","twitter_misc":{"Dur\u00e9e de lecture estim\u00e9e":"3 minutes"},"schema":{"@context":"https:\/\/schema.org","@graph":[{"@type":"WebPage","@id":"https:\/\/mihealtheurope.org\/mi-health-hiv-partnership\/","url":"https:\/\/mihealtheurope.org\/mi-health-hiv-partnership\/","name":"Partenariat VIH Europe : Combler les lacunes en mati\u00e8re de VIH chez les migrants europ\u00e9ens - Mi-Health Europe","isPartOf":{"@id":"https:\/\/mihealtheurope.org\/#website"},"primaryImageOfPage":{"@id":"https:\/\/mihealtheurope.org\/mi-health-hiv-partnership\/#primaryimage"},"image":{"@id":"https:\/\/mihealtheurope.org\/mi-health-hiv-partnership\/#primaryimage"},"thumbnailUrl":"https:\/\/mihealtheurope.org\/wp-content\/uploads\/2022\/07\/Extra-4.jpg","datePublished":"2022-07-18T08:54:26+00:00","dateModified":"2025-05-14T10:56:27+00:00","description":"D\u00e9couvrez le partenariat VIH de Mi-Health en Europe, qui s'attaque aux lacunes en mati\u00e8re de VIH parmi les communaut\u00e9s de migrants dans 10 pays. Rejoignez-nous !","breadcrumb":{"@id":"https:\/\/mihealtheurope.org\/mi-health-hiv-partnership\/#breadcrumb"},"inLanguage":"fr-FR","potentialAction":[{"@type":"ReadAction","target":["https:\/\/mihealtheurope.org\/mi-health-hiv-partnership\/"]}]},{"@type":"ImageObject","inLanguage":"fr-FR","@id":"https:\/\/mihealtheurope.org\/mi-health-hiv-partnership\/#primaryimage","url":"https:\/\/mihealtheurope.org\/wp-content\/uploads\/2022\/07\/Extra-4.jpg","contentUrl":"https:\/\/mihealtheurope.org\/wp-content\/uploads\/2022\/07\/Extra-4.jpg"},{"@type":"BreadcrumbList","@id":"https:\/\/mihealtheurope.org\/mi-health-hiv-partnership\/#breadcrumb","itemListElement":[{"@type":"ListItem","position":1,"name":"Home","item":"https:\/\/mihealtheurope.org\/"},{"@type":"ListItem","position":2,"name":"Mi-Health HIV Partnership"}]},{"@type":"WebSite","@id":"https:\/\/mihealtheurope.org\/#website","url":"https:\/\/mihealtheurope.org\/","name":"https:\/\/mihealtheurope.org\/","description":"Am\u00e9liorer la sant\u00e9 des migrants","publisher":{"@id":"https:\/\/mihealtheurope.org\/#organization"},"potentialAction":[{"@type":"SearchAction","target":{"@type":"EntryPoint","urlTemplate":"https:\/\/mihealtheurope.org\/?s={search_term_string}"},"query-input":{"@type":"PropertyValueSpecification","valueRequired":true,"valueName":"search_term_string"}}],"inLanguage":"fr-FR"},{"@type":"Organization","@id":"https:\/\/mihealtheurope.org\/#organization","name":"Mi-Health Europe","url":"https:\/\/mihealtheurope.org\/","logo":{"@type":"ImageObject","inLanguage":"fr-FR","@id":"https:\/\/mihealtheurope.org\/#\/schema\/logo\/image\/","url":"https:\/\/mihealtheurope.org\/wp-content\/uploads\/2024\/04\/MiHealth_Blue-High-Res.png","contentUrl":"https:\/\/mihealtheurope.org\/wp-content\/uploads\/2024\/04\/MiHealth_Blue-High-Res.png","width":1536,"height":1489,"caption":"Mi-Health Europe"},"image":{"@id":"https:\/\/mihealtheurope.org\/#\/schema\/logo\/image\/"},"sameAs":["https:\/\/www.facebook.com\/MiHealthAAF","https:\/\/x.com\/MiHealth_Europe","https:\/\/www.instagram.com\/mi_health_advocacy\/"]}]}},"uagb_featured_image_src":{"full":false,"thumbnail":false,"medium":false,"medium_large":false,"large":false,"1536x1536":false,"2048x2048":false,"trp-custom-language-flag":false,"blog-img":false,"gform-image-choice-sm":false,"gform-image-choice-md":false,"gform-image-choice-lg":false},"uagb_author_info":{"display_name":"MIHealthUsr","author_link":"https:\/\/mihealtheurope.org\/fr\/author\/mihealthusr\/"},"uagb_comment_info":0,"uagb_excerpt":"Mi-Health HIV Partnership Since 2022, we have been coordinating a community-led initiative to address the gaps in the HIV continuum of care amongst key migrant communities across 11 European countries with a high prevalence of HIV. It is well documented that migrants are diagnosed later than the general European population, and we are delivering activities\u2026","_links":{"self":[{"href":"https:\/\/mihealtheurope.org\/fr\/wp-json\/wp\/v2\/pages\/1340","targetHints":{"allow":["GET"]}}],"collection":[{"href":"https:\/\/mihealtheurope.org\/fr\/wp-json\/wp\/v2\/pages"}],"about":[{"href":"https:\/\/mihealtheurope.org\/fr\/wp-json\/wp\/v2\/types\/page"}],"author":[{"embeddable":true,"href":"https:\/\/mihealtheurope.org\/fr\/wp-json\/wp\/v2\/users\/1"}],"replies":[{"embeddable":true,"href":"https:\/\/mihealtheurope.org\/fr\/wp-json\/wp\/v2\/comments?post=1340"}],"version-history":[{"count":35,"href":"https:\/\/mihealtheurope.org\/fr\/wp-json\/wp\/v2\/pages\/1340\/revisions"}],"predecessor-version":[{"id":2620,"href":"https:\/\/mihealtheurope.org\/fr\/wp-json\/wp\/v2\/pages\/1340\/revisions\/2620"}],"wp:attachment":[{"href":"https:\/\/mihealtheurope.org\/fr\/wp-json\/wp\/v2\/media?parent=1340"}],"wp:term":[{"taxonomy":"wf_page_folders","embeddable":true,"href":"https:\/\/mihealtheurope.org\/fr\/wp-json\/wp\/v2\/wf_page_folders?post=1340"}],"curies":[{"name":"wp","href":"https:\/\/api.w.org\/{rel}","templated":true}]}}