{"id":2291,"date":"2024-06-28T16:03:25","date_gmt":"2024-06-28T15:03:25","guid":{"rendered":"https:\/\/mihealtheurope.org\/?page_id=2291"},"modified":"2025-11-14T15:01:38","modified_gmt":"2025-11-14T15:01:38","slug":"prep","status":"publish","type":"page","link":"https:\/\/mihealtheurope.org\/es\/mi-care-training-programme\/prep\/","title":{"rendered":"PrEP"},"content":{"rendered":"<div style=\"height:50px\" aria-hidden=\"true\" class=\"wp-block-spacer\"><\/div>\n\n\n\n<div class=\"wp-block-group\"><div class=\"wp-block-group__inner-container is-layout-flow wp-block-group-is-layout-flow\">\n<h1 class=\"wp-block-heading\">Directrices de la PPrE en Europa<\/h1>\n\n\n\n<ul class=\"wp-block-list\">\n<li><a href=\"http:\/\/www.myprep.be\/\">B\u00c9LGICA<\/a><\/li>\n\n\n\n<li><a href=\"https:\/\/www.asmcyprus.org\/cy-prep-point\">Chipre<\/a><\/li>\n\n\n\n<li><a href=\"https:\/\/has-sante.fr\/jcms\/p_3263807\/fr\/la-has-favorable-a-la-prescription-de-la-prep-en-ville-pendant-l-urgence-sanitaire\">Fran\u00e7a<\/a><\/li>\n\n\n\n<li><a href=\"https:\/\/register.awmf.org\/assets\/guidelines\/055-008l_S2k_HIV-Praeexpositionsprophylaxe_2024-04_02.pdf\">Alemania y Austria<\/a><\/li>\n\n\n\n<li><a href=\"https:\/\/www.aifa.gov.it\/-\/aifa-approva-rimborsabilita-farmaci-per-la-prep\">Italia<\/a><\/li>\n\n\n\n<li><a href=\"https:\/\/www.rivm.nl\/hiv\/prep\">Pa\u00edses Bajos<\/a><\/li>\n\n\n\n<li><a href=\"https:\/\/normas.dgs.min-saude.pt\/2017\/11\/28\/profilaxia-de-pre-exposicao-da-infecao-por-vih-no-adulto\/\">Portugal<\/a><\/li>\n\n\n\n<li><a href=\"https:\/\/www.folkhalsomyndigheten.se\/smittskydd-beredskap\/smittsamma-sjukdomar\/hiv\/\">Suecia<\/a><\/li>\n\n\n\n<li><a href=\"https:\/\/i-base.info\/guides\/prep\">reino unido<\/a><\/li>\n<\/ul>\n\n\n\n<div style=\"height:55px\" aria-hidden=\"true\" class=\"wp-block-spacer\"><\/div>\n\n\n\n<h2 class=\"wp-block-heading\">PrEP Watch<\/h2>\n\n\n\n<p><strong><a href=\"https:\/\/www.prepwatch.org\/\">PULSE AQU\u00cd<\/a> para explorar datos e informaci\u00f3n sobre la PPrE en todo el mundo<\/strong><\/p>\n\n\n\n<div style=\"height:55px\" aria-hidden=\"true\" class=\"wp-block-spacer\"><\/div>\n\n\n\n<h2 class=\"wp-block-heading\"><a href=\"https:\/\/www.ecdc.europa.eu\/sites\/default\/files\/documents\/hiv-prevention-dublin-declaration-evidence-brief-2023.pdf\">Profilaxis preexposici\u00f3n para la prevenci\u00f3n del VIH en Europa y Asia Central<\/a> por el CEPCE<\/h2>\n\n\n\n<p>Seguimiento de la aplicaci\u00f3n de la Declaraci\u00f3n de Dubl\u00edn sobre la asociaci\u00f3n para luchar contra el VIH\/SIDA en<br>Europa y Asia Central - Informe de situaci\u00f3n 2023<\/p>\n<\/div><\/div>\n\n\n\n<div style=\"height:50px\" aria-hidden=\"true\" class=\"wp-block-spacer\"><\/div>\n\n\n\n<div class=\"wp-block-group has-background\" style=\"background-color:#f6f6f6\"><div class=\"wp-block-group__inner-container is-layout-flow wp-block-group-is-layout-flow\">\n<div style=\"height:50px\" aria-hidden=\"true\" class=\"wp-block-spacer\"><\/div>\n\n\n\n<h2 class=\"wp-block-heading\">PREP DISPONIBILIDAD ACCESIBILIDAD Y EQUIDAD EN LA MIGRACI\u00d3N<br>COMUNIDADES<\/h2>\n\n\n\n<div class=\"wp-block-columns is-layout-flex wp-container-core-columns-is-layout-9d6595d7 wp-block-columns-is-layout-flex\">\n<div class=\"wp-block-column is-layout-flow wp-block-column-is-layout-flow\">\n<p><strong>Primera presentaci\u00f3n: Comprender el panorama actual de la PrEP en Europa<\/strong> Esta presentaci\u00f3n ofrecer\u00e1 una visi\u00f3n general del acceso y la aceptaci\u00f3n de la PrEP, identificar\u00e1 las lagunas en la disponibilidad de la PrEP para las poblaciones migrantes, explorar\u00e1 estrategias para aumentar la aceptaci\u00f3n de la PrEP entre estos grupos y desarrollar\u00e1 estrategias procesables para transformar la pol\u00edtica de la PrEP en pr\u00e1ctica.<\/p>\n\n\n\n<p><strong>Segunda presentaci\u00f3n: Factores que influyen en la propagaci\u00f3n del VIH<\/strong> En esta presentaci\u00f3n se profundizar\u00e1 en los factores sociales y de comportamiento que afectan a la propagaci\u00f3n del VIH, se debatir\u00e1 c\u00f3mo repercuten estas consideraciones en las personas y las comunidades, se explorar\u00e1n m\u00e9todos para transformar las pol\u00edticas de prevenci\u00f3n del VIH en pr\u00e1cticas y se desarrollar\u00e1n estrategias para poner en pr\u00e1ctica la defensa de la PrEP a trav\u00e9s del aprendizaje compartido y las iniciativas pol\u00edticas.<\/p>\n\n\n\n<div data-wp-interactive=\"core\/file\" class=\"wp-block-file\"><object data-wp-bind--hidden=\"!state.hasPdfPreview\" hidden class=\"wp-block-file__embed\" data=\"https:\/\/mihealtheurope.org\/wp-content\/uploads\/2024\/08\/PREP-AVAILABILITY-ACCESSIBILITY-AND-EQUITY-IN-MIGRANT-1.pdf\" type=\"application\/pdf\" style=\"width:100%;height:600px\" aria-label=\"Incrustado de PREP AVAILABILITY ACCESSIBILITY AND EQUITY IN MIGRANT 1.\"><\/object><a id=\"wp-block-file--media-d9ca674f-9284-4200-a621-282303d3a909\" href=\"https:\/\/mihealtheurope.org\/wp-content\/uploads\/2024\/08\/PREP-AVAILABILITY-ACCESSIBILITY-AND-EQUITY-IN-MIGRANT-1.pdf\">PREP DISPONIBILIDAD ACCESIBILIDAD Y EQUIDAD EN MIGRANTE 1<\/a><a href=\"https:\/\/mihealtheurope.org\/wp-content\/uploads\/2024\/08\/PREP-AVAILABILITY-ACCESSIBILITY-AND-EQUITY-IN-MIGRANT-1.pdf\" class=\"wp-block-file__button wp-element-button\" download aria-describedby=\"wp-block-file--media-d9ca674f-9284-4200-a621-282303d3a909\">Descargar<\/a><\/div>\n<\/div>\n<\/div>\n\n\n\n<div data-wp-interactive=\"core\/file\" class=\"wp-block-file\"><object data-wp-bind--hidden=\"!state.hasPdfPreview\" hidden class=\"wp-block-file__embed\" data=\"https:\/\/mihealtheurope.org\/wp-content\/uploads\/2024\/08\/PREP-AVAILABILITY-ACCESSIBILITY-AND-EQUITY-IN-MIGRANT-2.pdf\" type=\"application\/pdf\" style=\"width:100%;height:600px\" aria-label=\"Incrustado de PREP AVAILABILITY ACCESSIBILITY AND EQUITY IN MIGRANT 2.\"><\/object><a id=\"wp-block-file--media-422e0f46-77cf-4b85-9208-2c716db6c766\" href=\"https:\/\/mihealtheurope.org\/wp-content\/uploads\/2024\/08\/PREP-AVAILABILITY-ACCESSIBILITY-AND-EQUITY-IN-MIGRANT-2.pdf\">PREP DISPONIBILIDAD ACCESIBILIDAD Y EQUIDAD EN MIGRANTE 2<\/a><a href=\"https:\/\/mihealtheurope.org\/wp-content\/uploads\/2024\/08\/PREP-AVAILABILITY-ACCESSIBILITY-AND-EQUITY-IN-MIGRANT-2.pdf\" class=\"wp-block-file__button wp-element-button\" download aria-describedby=\"wp-block-file--media-422e0f46-77cf-4b85-9208-2c716db6c766\">Descargar<\/a><\/div>\n\n\n\n<div class=\"wp-block-columns is-layout-flex wp-container-core-columns-is-layout-9d6595d7 wp-block-columns-is-layout-flex\">\n<div class=\"wp-block-column is-layout-flow wp-block-column-is-layout-flow\"><\/div>\n<\/div>\n<\/div><\/div>\n\n\n\n<div class=\"wp-block-group\"><div class=\"wp-block-group__inner-container is-layout-flow wp-block-group-is-layout-flow\">\n<div style=\"height:50px\" aria-hidden=\"true\" class=\"wp-block-spacer\"><\/div>\n<\/div><\/div>","protected":false},"excerpt":{"rendered":"<p>PrEP Guidelines across Europe PrEP Watch CLICK HERE to explore data and information on PrEP across the globe Pre-exposure prophylaxis for HIV prevention in Europe and Central Asia by ECDC Monitoring implementation of the Dublin Declaration on Partnership to fight HIV\/AIDS inEurope and Central Asia &#8211; 2023 progress report PREP AVAILABILITY ACCESSIBILITY AND EQUITY IN [&hellip;]<\/p>\n","protected":false},"author":29,"featured_media":0,"parent":1034,"menu_order":0,"comment_status":"closed","ping_status":"closed","template":"course-page.php","meta":{"_acf_changed":false,"_uag_custom_page_level_css":"","footnotes":""},"wf_page_folders":[],"class_list":["post-2291","page","type-page","status-publish","hentry"],"acf":[],"yoast_head":"<!-- This site is optimized with the Yoast SEO plugin v27.5 - https:\/\/yoast.com\/product\/yoast-seo-wordpress\/ -->\n<title>PrEP Training for Communities | Mi-Care Week 1 Overview - Mi-Health Europe<\/title>\n<meta name=\"description\" content=\"Join Week 1 of the Mi-Care Training Programme focusing on PrEP training for communities. Review materials and sessions led by Juddy Otti.\" \/>\n<meta name=\"robots\" content=\"index, follow, max-snippet:-1, max-image-preview:large, max-video-preview:-1\" \/>\n<link rel=\"canonical\" href=\"https:\/\/mihealtheurope.org\/es\/programa-de-formacion-en-mi-care\/prep\/\" \/>\n<meta property=\"og:locale\" content=\"es_ES\" \/>\n<meta property=\"og:type\" content=\"article\" \/>\n<meta property=\"og:title\" content=\"PrEP Training for Communities | Mi-Care Week 1 Overview - Mi-Health Europe\" \/>\n<meta property=\"og:description\" content=\"Join Week 1 of the Mi-Care Training Programme focusing on PrEP training for communities. Review materials and sessions led by Juddy Otti.\" \/>\n<meta property=\"og:url\" content=\"https:\/\/mihealtheurope.org\/es\/programa-de-formacion-en-mi-care\/prep\/\" \/>\n<meta property=\"og:site_name\" content=\"Mi-Health Europe\" \/>\n<meta property=\"article:publisher\" content=\"https:\/\/www.facebook.com\/MiHealthAAF\" \/>\n<meta property=\"article:modified_time\" content=\"2025-11-14T15:01:38+00:00\" \/>\n<meta name=\"twitter:card\" content=\"summary_large_image\" \/>\n<meta name=\"twitter:site\" content=\"@MiHealth_Europe\" \/>\n<meta name=\"twitter:label1\" content=\"Tiempo de lectura\" \/>\n\t<meta name=\"twitter:data1\" content=\"1 minuto\" \/>\n<script type=\"application\/ld+json\" class=\"yoast-schema-graph\">{\"@context\":\"https:\\\/\\\/schema.org\",\"@graph\":[{\"@type\":\"WebPage\",\"@id\":\"https:\\\/\\\/mihealtheurope.org\\\/mi-care-training-programme\\\/prep\\\/\",\"url\":\"https:\\\/\\\/mihealtheurope.org\\\/mi-care-training-programme\\\/prep\\\/\",\"name\":\"PrEP Training for Communities | Mi-Care Week 1 Overview - Mi-Health Europe\",\"isPartOf\":{\"@id\":\"https:\\\/\\\/mihealtheurope.org\\\/#website\"},\"datePublished\":\"2024-06-28T15:03:25+00:00\",\"dateModified\":\"2025-11-14T15:01:38+00:00\",\"description\":\"Join Week 1 of the Mi-Care Training Programme focusing on PrEP training for communities. Review materials and sessions led by Juddy Otti.\",\"breadcrumb\":{\"@id\":\"https:\\\/\\\/mihealtheurope.org\\\/mi-care-training-programme\\\/prep\\\/#breadcrumb\"},\"inLanguage\":\"es\",\"potentialAction\":[{\"@type\":\"ReadAction\",\"target\":[\"https:\\\/\\\/mihealtheurope.org\\\/mi-care-training-programme\\\/prep\\\/\"]}]},{\"@type\":\"BreadcrumbList\",\"@id\":\"https:\\\/\\\/mihealtheurope.org\\\/mi-care-training-programme\\\/prep\\\/#breadcrumb\",\"itemListElement\":[{\"@type\":\"ListItem\",\"position\":1,\"name\":\"Home\",\"item\":\"https:\\\/\\\/mihealtheurope.org\\\/\"},{\"@type\":\"ListItem\",\"position\":2,\"name\":\"Welcome to MI Care\",\"item\":\"https:\\\/\\\/mihealtheurope.org\\\/mi-care-training-programme\\\/\"},{\"@type\":\"ListItem\",\"position\":3,\"name\":\"PrEP\"}]},{\"@type\":\"WebSite\",\"@id\":\"https:\\\/\\\/mihealtheurope.org\\\/#website\",\"url\":\"https:\\\/\\\/mihealtheurope.org\\\/\",\"name\":\"https:\\\/\\\/mihealtheurope.org\\\/\",\"description\":\"Improving migrant health\",\"publisher\":{\"@id\":\"https:\\\/\\\/mihealtheurope.org\\\/#organization\"},\"potentialAction\":[{\"@type\":\"SearchAction\",\"target\":{\"@type\":\"EntryPoint\",\"urlTemplate\":\"https:\\\/\\\/mihealtheurope.org\\\/?s={search_term_string}\"},\"query-input\":{\"@type\":\"PropertyValueSpecification\",\"valueRequired\":true,\"valueName\":\"search_term_string\"}}],\"inLanguage\":\"es\"},{\"@type\":\"Organization\",\"@id\":\"https:\\\/\\\/mihealtheurope.org\\\/#organization\",\"name\":\"Mi-Health Europe\",\"url\":\"https:\\\/\\\/mihealtheurope.org\\\/\",\"logo\":{\"@type\":\"ImageObject\",\"inLanguage\":\"es\",\"@id\":\"https:\\\/\\\/mihealtheurope.org\\\/#\\\/schema\\\/logo\\\/image\\\/\",\"url\":\"https:\\\/\\\/mihealtheurope.org\\\/wp-content\\\/uploads\\\/2024\\\/04\\\/MiHealth_Blue-High-Res.png\",\"contentUrl\":\"https:\\\/\\\/mihealtheurope.org\\\/wp-content\\\/uploads\\\/2024\\\/04\\\/MiHealth_Blue-High-Res.png\",\"width\":1536,\"height\":1489,\"caption\":\"Mi-Health Europe\"},\"image\":{\"@id\":\"https:\\\/\\\/mihealtheurope.org\\\/#\\\/schema\\\/logo\\\/image\\\/\"},\"sameAs\":[\"https:\\\/\\\/www.facebook.com\\\/MiHealthAAF\",\"https:\\\/\\\/x.com\\\/MiHealth_Europe\",\"https:\\\/\\\/www.instagram.com\\\/mi_health_advocacy\\\/\"]}]}<\/script>\n<!-- \/ Yoast SEO plugin. -->","yoast_head_json":{"title":"Formaci\u00f3n PrEP para comunidades | Mi-Care Resumen de la semana 1 - Mi-Health Europe","description":"\u00danase a la Semana 1 del Programa de Formaci\u00f3n Mi-Care centrado en la formaci\u00f3n sobre la PrEP para las comunidades. Revise los materiales y las sesiones dirigidas por Juddy Otti.","robots":{"index":"index","follow":"follow","max-snippet":"max-snippet:-1","max-image-preview":"max-image-preview:large","max-video-preview":"max-video-preview:-1"},"canonical":"https:\/\/mihealtheurope.org\/es\/programa-de-formacion-en-mi-care\/prep\/","og_locale":"es_ES","og_type":"article","og_title":"PrEP Training for Communities | Mi-Care Week 1 Overview - Mi-Health Europe","og_description":"Join Week 1 of the Mi-Care Training Programme focusing on PrEP training for communities. Review materials and sessions led by Juddy Otti.","og_url":"https:\/\/mihealtheurope.org\/es\/programa-de-formacion-en-mi-care\/prep\/","og_site_name":"Mi-Health Europe","article_publisher":"https:\/\/www.facebook.com\/MiHealthAAF","article_modified_time":"2025-11-14T15:01:38+00:00","twitter_card":"summary_large_image","twitter_site":"@MiHealth_Europe","twitter_misc":{"Tiempo de lectura":"1 minuto"},"schema":{"@context":"https:\/\/schema.org","@graph":[{"@type":"WebPage","@id":"https:\/\/mihealtheurope.org\/mi-care-training-programme\/prep\/","url":"https:\/\/mihealtheurope.org\/mi-care-training-programme\/prep\/","name":"Formaci\u00f3n PrEP para comunidades | Mi-Care Resumen de la semana 1 - Mi-Health Europe","isPartOf":{"@id":"https:\/\/mihealtheurope.org\/#website"},"datePublished":"2024-06-28T15:03:25+00:00","dateModified":"2025-11-14T15:01:38+00:00","description":"\u00danase a la Semana 1 del Programa de Formaci\u00f3n Mi-Care centrado en la formaci\u00f3n sobre la PrEP para las comunidades. Revise los materiales y las sesiones dirigidas por Juddy Otti.","breadcrumb":{"@id":"https:\/\/mihealtheurope.org\/mi-care-training-programme\/prep\/#breadcrumb"},"inLanguage":"es","potentialAction":[{"@type":"ReadAction","target":["https:\/\/mihealtheurope.org\/mi-care-training-programme\/prep\/"]}]},{"@type":"BreadcrumbList","@id":"https:\/\/mihealtheurope.org\/mi-care-training-programme\/prep\/#breadcrumb","itemListElement":[{"@type":"ListItem","position":1,"name":"Home","item":"https:\/\/mihealtheurope.org\/"},{"@type":"ListItem","position":2,"name":"Welcome to MI Care","item":"https:\/\/mihealtheurope.org\/mi-care-training-programme\/"},{"@type":"ListItem","position":3,"name":"PrEP"}]},{"@type":"WebSite","@id":"https:\/\/mihealtheurope.org\/#website","url":"https:\/\/mihealtheurope.org\/","name":"https:\/\/mihealtheurope.org\/","description":"Mejorar la salud de los inmigrantes","publisher":{"@id":"https:\/\/mihealtheurope.org\/#organization"},"potentialAction":[{"@type":"SearchAction","target":{"@type":"EntryPoint","urlTemplate":"https:\/\/mihealtheurope.org\/?s={search_term_string}"},"query-input":{"@type":"PropertyValueSpecification","valueRequired":true,"valueName":"search_term_string"}}],"inLanguage":"es"},{"@type":"Organization","@id":"https:\/\/mihealtheurope.org\/#organization","name":"Mi-Health Europe","url":"https:\/\/mihealtheurope.org\/","logo":{"@type":"ImageObject","inLanguage":"es","@id":"https:\/\/mihealtheurope.org\/#\/schema\/logo\/image\/","url":"https:\/\/mihealtheurope.org\/wp-content\/uploads\/2024\/04\/MiHealth_Blue-High-Res.png","contentUrl":"https:\/\/mihealtheurope.org\/wp-content\/uploads\/2024\/04\/MiHealth_Blue-High-Res.png","width":1536,"height":1489,"caption":"Mi-Health Europe"},"image":{"@id":"https:\/\/mihealtheurope.org\/#\/schema\/logo\/image\/"},"sameAs":["https:\/\/www.facebook.com\/MiHealthAAF","https:\/\/x.com\/MiHealth_Europe","https:\/\/www.instagram.com\/mi_health_advocacy\/"]}]}},"uagb_featured_image_src":{"full":false,"thumbnail":false,"medium":false,"medium_large":false,"large":false,"1536x1536":false,"2048x2048":false,"trp-custom-language-flag":false,"blog-img":false,"gform-image-choice-sm":false,"gform-image-choice-md":false,"gform-image-choice-lg":false},"uagb_author_info":{"display_name":"HalaMI","author_link":"https:\/\/mihealtheurope.org\/es\/author\/halami\/"},"uagb_comment_info":0,"uagb_excerpt":"PrEP Guidelines across Europe PrEP Watch CLICK HERE to explore data and information on PrEP across the globe Pre-exposure prophylaxis for HIV prevention in Europe and Central Asia by ECDC Monitoring implementation of the Dublin Declaration on Partnership to fight HIV\/AIDS inEurope and Central Asia &#8211; 2023 progress report PREP AVAILABILITY ACCESSIBILITY AND EQUITY IN&hellip;","_links":{"self":[{"href":"https:\/\/mihealtheurope.org\/es\/wp-json\/wp\/v2\/pages\/2291","targetHints":{"allow":["GET"]}}],"collection":[{"href":"https:\/\/mihealtheurope.org\/es\/wp-json\/wp\/v2\/pages"}],"about":[{"href":"https:\/\/mihealtheurope.org\/es\/wp-json\/wp\/v2\/types\/page"}],"author":[{"embeddable":true,"href":"https:\/\/mihealtheurope.org\/es\/wp-json\/wp\/v2\/users\/29"}],"replies":[{"embeddable":true,"href":"https:\/\/mihealtheurope.org\/es\/wp-json\/wp\/v2\/comments?post=2291"}],"version-history":[{"count":15,"href":"https:\/\/mihealtheurope.org\/es\/wp-json\/wp\/v2\/pages\/2291\/revisions"}],"predecessor-version":[{"id":3322,"href":"https:\/\/mihealtheurope.org\/es\/wp-json\/wp\/v2\/pages\/2291\/revisions\/3322"}],"up":[{"embeddable":true,"href":"https:\/\/mihealtheurope.org\/es\/wp-json\/wp\/v2\/pages\/1034"}],"wp:attachment":[{"href":"https:\/\/mihealtheurope.org\/es\/wp-json\/wp\/v2\/media?parent=2291"}],"wp:term":[{"taxonomy":"wf_page_folders","embeddable":true,"href":"https:\/\/mihealtheurope.org\/es\/wp-json\/wp\/v2\/wf_page_folders?post=2291"}],"curies":[{"name":"wp","href":"https:\/\/api.w.org\/{rel}","templated":true}]}}