{"id":1340,"date":"2022-07-18T09:54:26","date_gmt":"2022-07-18T08:54:26","guid":{"rendered":"https:\/\/mihealth.418staging.co.uk\/?page_id=1340"},"modified":"2025-05-14T11:56:27","modified_gmt":"2025-05-14T10:56:27","slug":"asociacion-mi-health-vih","status":"publish","type":"page","link":"https:\/\/mihealtheurope.org\/es\/mi-health-hiv-partnership\/","title":{"rendered":"Asociaci\u00f3n Mi-Health contra el VIH"},"content":{"rendered":"<div style=\"height:50px\" aria-hidden=\"true\" class=\"wp-block-spacer\"><\/div>\n\n\n\n<div class=\"wp-block-group\"><div class=\"wp-block-group__inner-container is-layout-flow wp-block-group-is-layout-flow\">\n<h1 class=\"wp-block-heading\">Asociaci\u00f3n Mi-Health contra el VIH<\/h1>\n\n\n\n<p>Desde <strong>2022<\/strong>Hemos coordinado una iniciativa comunitaria para colmar las lagunas existentes en la atenci\u00f3n continuada del VIH entre las principales comunidades de inmigrantes de 11 pa\u00edses europeos con una elevada prevalencia del VIH. Est\u00e1 bien documentado que a los inmigrantes se les diagnostica m\u00e1s tarde que a la poblaci\u00f3n europea en general, y estamos llevando a cabo actividades adecuadas a las necesidades de las diversas comunidades que representa nuestra asociaci\u00f3n para superar algunas de las barreras a las que se enfrentan los inmigrantes tanto en t\u00e9rminos de prestaci\u00f3n de servicios como de aceptaci\u00f3n de los servicios de pruebas del VIH. En <strong>2024<\/strong>empezamos a trabajar con <a href=\"https:\/\/www.maastrichtuniversity.nl\/about-um\/faculties\/faculty-psychology-and-neuroscience\">Universidad de Maastricht<\/a> investigadores para analizar mejor los datos de nuestros programas de pruebas del VIH, lo que nos ayudar\u00e1 a defender con mayor eficacia la equidad sanitaria de los inmigrantes en Europa.<\/p>\n\n\n\n<p>Esperamos que nuestra asociaci\u00f3n siga dando lugar a soluciones impulsadas por la comunidad que lleguen a las comunidades de migrantes en un momento en que las mismas desigualdades sociales, pol\u00edticas y econ\u00f3micas que aumentan la vulnerabilidad al VIH y otros riesgos se est\u00e1n profundizando en toda la regi\u00f3n. Creemos que las asociaciones eficaces y \u00e1giles que dotan de recursos a las organizaciones de primera l\u00ednea en todas las jurisdicciones tienen el potencial de hacer frente al empeoramiento de la precariedad de los migrantes y otros grupos vulnerables en todas partes.&nbsp;<\/p>\n\n\n\n<div style=\"height:15px\" aria-hidden=\"true\" class=\"wp-block-spacer\"><\/div>\n\n\n\n<div class=\"wp-block-cover\" style=\"min-height:400px;aspect-ratio:unset;\"><img loading=\"lazy\" decoding=\"async\" width=\"2000\" height=\"1344\" class=\"wp-block-cover__image-background wp-image-1346\" alt=\"Asociaci\u00f3n Europea contra el VIH\" src=\"https:\/\/mihealtheurope.org\/wp-content\/uploads\/2022\/07\/Extra-4.jpg\" data-object-fit=\"cover\" srcset=\"https:\/\/mihealtheurope.org\/wp-content\/uploads\/2022\/07\/Extra-4.jpg 2000w, https:\/\/mihealtheurope.org\/wp-content\/uploads\/2022\/07\/Extra-4-300x202.jpg 300w, https:\/\/mihealtheurope.org\/wp-content\/uploads\/2022\/07\/Extra-4-1024x688.jpg 1024w, https:\/\/mihealtheurope.org\/wp-content\/uploads\/2022\/07\/Extra-4-768x516.jpg 768w, https:\/\/mihealtheurope.org\/wp-content\/uploads\/2022\/07\/Extra-4-1536x1032.jpg 1536w, https:\/\/mihealtheurope.org\/wp-content\/uploads\/2022\/07\/Extra-4-18x12.jpg 18w\" sizes=\"auto, (max-width: 2000px) 100vw, 2000px\" \/><span aria-hidden=\"true\" class=\"wp-block-cover__background has-background-dim\"><\/span><div class=\"wp-block-cover__inner-container is-layout-flow wp-block-cover-is-layout-flow\">\n<p class=\"has-text-align-center has-large-font-size\"><em>Estamos utilizando nuestras posiciones en nuestras comunidades para involucrar a los migrantes en la prevenci\u00f3n, las pruebas, el tratamiento y la atenci\u00f3n del VIH.<\/em>.<\/p>\n<\/div><\/div>\n\n\n\n<div style=\"height:15px\" aria-hidden=\"true\" class=\"wp-block-spacer\"><\/div>\n\n\n\n<div class=\"wp-block-columns is-layout-flex wp-container-core-columns-is-layout-9d6595d7 wp-block-columns-is-layout-flex\">\n<div class=\"wp-block-column is-layout-flow wp-block-column-is-layout-flow\">\n<p>Estamos utilizando nuestras posiciones en nuestras comunidades para involucrar a los migrantes en la prevenci\u00f3n, las pruebas, el tratamiento y la atenci\u00f3n del VIH y para desarrollar y difundir materiales educativos personalizados que informen a los migrantes sobre sus derechos de atenci\u00f3n m\u00e9dica y los recursos de VIH disponibles para ellos localmente.<\/p>\n<\/div>\n\n\n\n<div class=\"wp-block-column is-layout-flow wp-block-column-is-layout-flow\">\n<p>Tambi\u00e9n estamos facilitando foros de intercambio comunitario para compartir las mejores pr\u00e1cticas entre nuestras organizaciones asociadas. Conectar a nuestras organizaciones asociada con otros que trabajan a nivel de base en entornos desafiantes con recursos y apoyos limitados nos fortalece a todos.&nbsp;<\/p>\n<\/div>\n<\/div>\n\n\n\n<h2 class=\"wp-block-heading has-medium-font-size\"><strong>Somos una asociaci\u00f3n de 11 organizaciones:<\/strong><\/h2>\n\n\n\n<div class=\"wp-block-columns is-layout-flex wp-container-core-columns-is-layout-9d6595d7 wp-block-columns-is-layout-flex\">\n<div class=\"wp-block-column is-layout-flow wp-block-column-is-layout-flow\">\n<p><strong>B\u00e9lgica:<\/strong> <a href=\"https:\/\/www.cool-and-safe.org\/fr\/\">Plataforma de Prevenci\u00f3n del SIDA<\/a><\/p>\n\n\n\n<p><strong>Chipre: <\/strong><a href=\"https:\/\/www.facebook.com\/asmcyprus\/\">Movimiento de Solidaridad con el Sida<\/a><\/p>\n\n\n\n<p><strong>Inglaterra: <\/strong><a href=\"https:\/\/www.africadvocacy.org\/\">Fundaci\u00f3n para la Defensa de \u00c1frica (AAF)<\/a><\/p>\n\n\n\n<p><strong>Francia: <\/strong><a href=\"https:\/\/regis-pastt.asso-web.com\/28+prevention.html\">Asociaci\u00f3n PASTT<\/a><\/p>\n\n\n\n<p><strong>Alemania:<\/strong> <a href=\"https:\/\/www.via-in-berlin.de\/projekt\/afrikaherz\/\">Afrikaherz<\/a><\/p>\n\n\n\n<p><strong>Grecia<\/strong> <a href=\"https:\/\/www.openpathsathens.org\/\">Caminos abiertos Atenas<\/a><\/p>\n<\/div>\n\n\n\n<div class=\"wp-block-column is-layout-flow wp-block-column-is-layout-flow\">\n<p><strong>Irlanda:<\/strong> <a href=\"https:\/\/www.hivireland.ie\/\">VIH Irlanda<\/a><\/p>\n\n\n\n<p><strong>Italia: <\/strong><a href=\"https:\/\/www.lhive.it\/\">LHIVE Derechos y prevenci\u00f3n<\/a><\/p>\n\n\n\n<p><strong>Pa\u00edses Bajos:<\/strong> <a href=\"https:\/\/www.stichtingloveplanet.com\/\">Fundaci\u00f3n Love Planet<\/a><\/p>\n\n\n\n<p><strong>Espa\u00f1a:<\/strong> <a href=\"http:\/\/www.asociacionkaribu.org\/\">Asociaci\u00f3n Karibu<\/a><\/p>\n\n\n\n<p><strong>Suecia:<\/strong> <a href=\"https:\/\/noaksark.org\/mosaik\/\">Mosaico del Arca de Noaks<\/a><\/p>\n<\/div>\n<\/div>\n\n\n\n<p>Colectivamente, apoyamos a los siguientes grupos clave de migrantes: solicitantes de asilo, refugiados, ap\u00e1tridas, trabajadores sexuales trans y LGBTQI+, migrantes del \u00c1frica subsahariana y HSH.<\/p>\n\n\n\n<div style=\"height:35px\" aria-hidden=\"true\" class=\"wp-block-spacer\"><\/div>\n\n\n\n<h2 class=\"wp-block-heading has-medium-font-size\">Actividades realizadas hasta la fecha:<\/h2>\n\n\n\n<ul class=\"wp-block-list\">\n<li>Coproducci\u00f3n de 54 materiales sobre U=U, PrEP y pruebas del VIH en 9 idiomas, utilizando 68 defensores comunitarios del VIH para difundir 17.020 materiales entre los inmigrantes.<\/li>\n\n\n\n<li>Creaci\u00f3n de un foro de intercambio comunitario trimestral para que las organizaciones de primera l\u00ednea pongan en com\u00fan sus conocimientos y encuentren soluciones a problemas comunes.<\/li>\n\n\n\n<li>Fomento de la capacidad de las organizaciones asociadas proporcion\u00e1ndoles herramientas, recursos para probar nuevos enfoques de prestaci\u00f3n de servicios y formaci\u00f3n.<\/li>\n\n\n\n<li>2.402 inmigrantes sometidos a la prueba del VIH entre abril de 2022 y marzo de 2023<\/li>\n\n\n\n<li>Vinculaci\u00f3n de 1.071 inmigrantes a la asistencia sanitaria entre abril de 2022 y marzo de 2023<\/li>\n\n\n\n<li>Recopilaci\u00f3n de datos desglosados de alta calidad sobre los inmigrantes que, por lo que sabemos, nunca se hab\u00edan recogido en la UE\/EEE.<\/li>\n\n\n\n<li>Presentamos los resultados de nuestra asociaci\u00f3n en 5 conferencias internacionales: Fast-Track Cities 2023, EACS 2023, HepHIV 2023, el Congreso Nacional de la Sociedad Italiana de Medicina Migratoria 2024 y AIDS 2024.<\/li>\n\n\n\n<li class=\"translation-block\">Ganamos los premios <a href=\"https:\/\/mihealtheurope.org\/es\/mi-health-hiv-partnership-gana-2-premios\/\" target=\"_self\">Impact y People's Choice<\/a> en los Gilead Community Awards 2023 por nuestro trabajo.<\/li>\n\n\n\n<li class=\"translation-block\">Convoc\u00f3 la primera cumbre de este tipo <a href=\"https:\/\/mihealtheurope.org\/es\/informe-de-la-cumbre-sobre-migracion-y-vih\/\" target=\"_blank\" rel=\"noreferrer noopener\">sobre migraci\u00f3n y VIH<\/a>, con 112 delegados de 21 pa\u00edses europeos, para identificar las lagunas que impiden la consecuci\u00f3n de una asistencia sanitaria universal para los migrantes.<\/li>\n\n\n\n<li>Lanzamiento de un documento de posici\u00f3n en el que se reclama la universalizaci\u00f3n de la asistencia sanitaria para todos, independientemente de su estatus migratorio.<\/li>\n<\/ul>\n\n\n\n<div style=\"height:35px\" aria-hidden=\"true\" class=\"wp-block-spacer\"><\/div>\n\n\n\n<figure class=\"wp-block-gallery has-nested-images columns-default is-cropped wp-block-gallery-1 is-layout-flex wp-block-gallery-is-layout-flex\">\n<figure class=\"wp-block-image size-full\"><img loading=\"lazy\" decoding=\"async\" width=\"1172\" height=\"130\" data-id=\"2619\" src=\"https:\/\/mihealtheurope.org\/wp-content\/uploads\/2025\/05\/Logos.jpeg\" alt=\"\" class=\"wp-image-2619\"\/><\/figure>\n<\/figure>\n\n\n\n<h2 class=\"wp-block-heading has-medium-font-size\">Agradecemos a Gilead Sciences Europe su continuo apoyo a esta iniciativa.<\/h2>\n\n\n\n<div style=\"height:35px\" aria-hidden=\"true\" class=\"wp-block-spacer\"><\/div>\n\n\n\n<p class=\"translation-block\">Le invitamos a <a href=\"https:\/\/mihealtheurope.org\/es\/pongase-en-contacto-con-nosotros\/\" target=\"_self\">contactar con nosotros<\/a> si tiene alguna pregunta o desea obtener m\u00e1s informaci\u00f3n sobre nuestra Mi-Health HIV Partnership Europe.<\/p>\n\n\n\n<div class=\"wp-block-buttons is-layout-flex wp-block-buttons-is-layout-flex\">\n<div class=\"wp-block-button\"><a class=\"wp-block-button__link has-theme-colour-1-background-color has-background has-medium-font-size has-custom-font-size wp-element-button\" href=\"\/es\/pongase-en-contacto-con-nosotros\/\" style=\"border-radius:6px\"><strong>M\u00e1s informaci\u00f3n<\/strong><\/a><\/div>\n<\/div>\n<\/div><\/div>\n\n\n\n<div style=\"height:80px\" aria-hidden=\"true\" class=\"wp-block-spacer\"><\/div>\n\n\n\n<ul class=\"wp-block-list\">\n<li><\/li>\n\n\n\n<li><\/li>\n<\/ul>","protected":false},"excerpt":{"rendered":"<p>Mi-Health HIV Partnership Since 2022, we have been coordinating a community-led initiative to address the gaps in the HIV continuum of care amongst key migrant communities across 11 European countries with a high prevalence of HIV. It is well documented that migrants are diagnosed later than the general European population, and we are delivering activities [&hellip;]<\/p>\n","protected":false},"author":1,"featured_media":0,"parent":0,"menu_order":0,"comment_status":"closed","ping_status":"closed","template":"","meta":{"_acf_changed":false,"_uag_custom_page_level_css":"","footnotes":""},"wf_page_folders":[],"class_list":["post-1340","page","type-page","status-publish","hentry"],"acf":[],"yoast_head":"<!-- This site is optimized with the Yoast SEO plugin v27.4 - https:\/\/yoast.com\/product\/yoast-seo-wordpress\/ -->\n<title>HIV Partnership Europe: Addressing HIV Gaps in European Migrant - Mi-Health Europe<\/title>\n<meta name=\"description\" content=\"Discover the Mi-Health HIV Partnership in Europe, addressing HIV gaps among migrant communities across 10 countries. Join us !\" \/>\n<meta name=\"robots\" content=\"index, follow, max-snippet:-1, max-image-preview:large, max-video-preview:-1\" \/>\n<link rel=\"canonical\" href=\"https:\/\/mihealtheurope.org\/es\/asociacion-mi-health-vih\/\" \/>\n<meta property=\"og:locale\" content=\"es_ES\" \/>\n<meta property=\"og:type\" content=\"article\" \/>\n<meta property=\"og:title\" content=\"HIV Partnership Europe: Addressing HIV Gaps in European Migrant - Mi-Health Europe\" \/>\n<meta property=\"og:description\" content=\"Discover the Mi-Health HIV Partnership in Europe, addressing HIV gaps among migrant communities across 10 countries. Join us !\" \/>\n<meta property=\"og:url\" content=\"https:\/\/mihealtheurope.org\/es\/asociacion-mi-health-vih\/\" \/>\n<meta property=\"og:site_name\" content=\"Mi-Health Europe\" \/>\n<meta property=\"article:publisher\" content=\"https:\/\/www.facebook.com\/MiHealthAAF\" \/>\n<meta property=\"article:modified_time\" content=\"2025-05-14T10:56:27+00:00\" \/>\n<meta property=\"og:image\" content=\"https:\/\/mihealtheurope.org\/wp-content\/uploads\/2022\/07\/Extra-4.jpg\" \/>\n\t<meta property=\"og:image:width\" content=\"2000\" \/>\n\t<meta property=\"og:image:height\" content=\"1344\" \/>\n\t<meta property=\"og:image:type\" content=\"image\/jpeg\" \/>\n<meta name=\"twitter:card\" content=\"summary_large_image\" \/>\n<meta name=\"twitter:site\" content=\"@MiHealth_Europe\" \/>\n<meta name=\"twitter:label1\" content=\"Tiempo de lectura\" \/>\n\t<meta name=\"twitter:data1\" content=\"3 minutos\" \/>\n<script type=\"application\/ld+json\" class=\"yoast-schema-graph\">{\"@context\":\"https:\\\/\\\/schema.org\",\"@graph\":[{\"@type\":\"WebPage\",\"@id\":\"https:\\\/\\\/mihealtheurope.org\\\/mi-health-hiv-partnership\\\/\",\"url\":\"https:\\\/\\\/mihealtheurope.org\\\/mi-health-hiv-partnership\\\/\",\"name\":\"HIV Partnership Europe: Addressing HIV Gaps in European Migrant - Mi-Health Europe\",\"isPartOf\":{\"@id\":\"https:\\\/\\\/mihealtheurope.org\\\/#website\"},\"primaryImageOfPage\":{\"@id\":\"https:\\\/\\\/mihealtheurope.org\\\/mi-health-hiv-partnership\\\/#primaryimage\"},\"image\":{\"@id\":\"https:\\\/\\\/mihealtheurope.org\\\/mi-health-hiv-partnership\\\/#primaryimage\"},\"thumbnailUrl\":\"https:\\\/\\\/mihealtheurope.org\\\/wp-content\\\/uploads\\\/2022\\\/07\\\/Extra-4.jpg\",\"datePublished\":\"2022-07-18T08:54:26+00:00\",\"dateModified\":\"2025-05-14T10:56:27+00:00\",\"description\":\"Discover the Mi-Health HIV Partnership in Europe, addressing HIV gaps among migrant communities across 10 countries. Join us !\",\"breadcrumb\":{\"@id\":\"https:\\\/\\\/mihealtheurope.org\\\/mi-health-hiv-partnership\\\/#breadcrumb\"},\"inLanguage\":\"es\",\"potentialAction\":[{\"@type\":\"ReadAction\",\"target\":[\"https:\\\/\\\/mihealtheurope.org\\\/mi-health-hiv-partnership\\\/\"]}]},{\"@type\":\"ImageObject\",\"inLanguage\":\"es\",\"@id\":\"https:\\\/\\\/mihealtheurope.org\\\/mi-health-hiv-partnership\\\/#primaryimage\",\"url\":\"https:\\\/\\\/mihealtheurope.org\\\/wp-content\\\/uploads\\\/2022\\\/07\\\/Extra-4.jpg\",\"contentUrl\":\"https:\\\/\\\/mihealtheurope.org\\\/wp-content\\\/uploads\\\/2022\\\/07\\\/Extra-4.jpg\"},{\"@type\":\"BreadcrumbList\",\"@id\":\"https:\\\/\\\/mihealtheurope.org\\\/mi-health-hiv-partnership\\\/#breadcrumb\",\"itemListElement\":[{\"@type\":\"ListItem\",\"position\":1,\"name\":\"Home\",\"item\":\"https:\\\/\\\/mihealtheurope.org\\\/\"},{\"@type\":\"ListItem\",\"position\":2,\"name\":\"Mi-Health HIV Partnership\"}]},{\"@type\":\"WebSite\",\"@id\":\"https:\\\/\\\/mihealtheurope.org\\\/#website\",\"url\":\"https:\\\/\\\/mihealtheurope.org\\\/\",\"name\":\"https:\\\/\\\/mihealtheurope.org\\\/\",\"description\":\"Improving migrant health\",\"publisher\":{\"@id\":\"https:\\\/\\\/mihealtheurope.org\\\/#organization\"},\"potentialAction\":[{\"@type\":\"SearchAction\",\"target\":{\"@type\":\"EntryPoint\",\"urlTemplate\":\"https:\\\/\\\/mihealtheurope.org\\\/?s={search_term_string}\"},\"query-input\":{\"@type\":\"PropertyValueSpecification\",\"valueRequired\":true,\"valueName\":\"search_term_string\"}}],\"inLanguage\":\"es\"},{\"@type\":\"Organization\",\"@id\":\"https:\\\/\\\/mihealtheurope.org\\\/#organization\",\"name\":\"Mi-Health Europe\",\"url\":\"https:\\\/\\\/mihealtheurope.org\\\/\",\"logo\":{\"@type\":\"ImageObject\",\"inLanguage\":\"es\",\"@id\":\"https:\\\/\\\/mihealtheurope.org\\\/#\\\/schema\\\/logo\\\/image\\\/\",\"url\":\"https:\\\/\\\/mihealtheurope.org\\\/wp-content\\\/uploads\\\/2024\\\/04\\\/MiHealth_Blue-High-Res.png\",\"contentUrl\":\"https:\\\/\\\/mihealtheurope.org\\\/wp-content\\\/uploads\\\/2024\\\/04\\\/MiHealth_Blue-High-Res.png\",\"width\":1536,\"height\":1489,\"caption\":\"Mi-Health Europe\"},\"image\":{\"@id\":\"https:\\\/\\\/mihealtheurope.org\\\/#\\\/schema\\\/logo\\\/image\\\/\"},\"sameAs\":[\"https:\\\/\\\/www.facebook.com\\\/MiHealthAAF\",\"https:\\\/\\\/x.com\\\/MiHealth_Europe\",\"https:\\\/\\\/www.instagram.com\\\/mi_health_advocacy\\\/\"]}]}<\/script>\n<!-- \/ Yoast SEO plugin. -->","yoast_head_json":{"title":"Asociaci\u00f3n VIH Europa: Abordar las carencias en materia de VIH de los inmigrantes europeos - Mi-Health Europe","description":"Descubra la Asociaci\u00f3n Mi-Health contra el VIH en Europa, que aborda las carencias en materia de VIH entre las comunidades inmigrantes de 10 pa\u00edses. \u00danase a nosotros.","robots":{"index":"index","follow":"follow","max-snippet":"max-snippet:-1","max-image-preview":"max-image-preview:large","max-video-preview":"max-video-preview:-1"},"canonical":"https:\/\/mihealtheurope.org\/es\/asociacion-mi-health-vih\/","og_locale":"es_ES","og_type":"article","og_title":"HIV Partnership Europe: Addressing HIV Gaps in European Migrant - Mi-Health Europe","og_description":"Discover the Mi-Health HIV Partnership in Europe, addressing HIV gaps among migrant communities across 10 countries. Join us !","og_url":"https:\/\/mihealtheurope.org\/es\/asociacion-mi-health-vih\/","og_site_name":"Mi-Health Europe","article_publisher":"https:\/\/www.facebook.com\/MiHealthAAF","article_modified_time":"2025-05-14T10:56:27+00:00","og_image":[{"width":2000,"height":1344,"url":"https:\/\/mihealtheurope.org\/wp-content\/uploads\/2022\/07\/Extra-4.jpg","type":"image\/jpeg"}],"twitter_card":"summary_large_image","twitter_site":"@MiHealth_Europe","twitter_misc":{"Tiempo de lectura":"3 minutos"},"schema":{"@context":"https:\/\/schema.org","@graph":[{"@type":"WebPage","@id":"https:\/\/mihealtheurope.org\/mi-health-hiv-partnership\/","url":"https:\/\/mihealtheurope.org\/mi-health-hiv-partnership\/","name":"Asociaci\u00f3n VIH Europa: Abordar las carencias en materia de VIH de los inmigrantes europeos - Mi-Health Europe","isPartOf":{"@id":"https:\/\/mihealtheurope.org\/#website"},"primaryImageOfPage":{"@id":"https:\/\/mihealtheurope.org\/mi-health-hiv-partnership\/#primaryimage"},"image":{"@id":"https:\/\/mihealtheurope.org\/mi-health-hiv-partnership\/#primaryimage"},"thumbnailUrl":"https:\/\/mihealtheurope.org\/wp-content\/uploads\/2022\/07\/Extra-4.jpg","datePublished":"2022-07-18T08:54:26+00:00","dateModified":"2025-05-14T10:56:27+00:00","description":"Descubra la Asociaci\u00f3n Mi-Health contra el VIH en Europa, que aborda las carencias en materia de VIH entre las comunidades inmigrantes de 10 pa\u00edses. \u00danase a nosotros.","breadcrumb":{"@id":"https:\/\/mihealtheurope.org\/mi-health-hiv-partnership\/#breadcrumb"},"inLanguage":"es","potentialAction":[{"@type":"ReadAction","target":["https:\/\/mihealtheurope.org\/mi-health-hiv-partnership\/"]}]},{"@type":"ImageObject","inLanguage":"es","@id":"https:\/\/mihealtheurope.org\/mi-health-hiv-partnership\/#primaryimage","url":"https:\/\/mihealtheurope.org\/wp-content\/uploads\/2022\/07\/Extra-4.jpg","contentUrl":"https:\/\/mihealtheurope.org\/wp-content\/uploads\/2022\/07\/Extra-4.jpg"},{"@type":"BreadcrumbList","@id":"https:\/\/mihealtheurope.org\/mi-health-hiv-partnership\/#breadcrumb","itemListElement":[{"@type":"ListItem","position":1,"name":"Home","item":"https:\/\/mihealtheurope.org\/"},{"@type":"ListItem","position":2,"name":"Mi-Health HIV Partnership"}]},{"@type":"WebSite","@id":"https:\/\/mihealtheurope.org\/#website","url":"https:\/\/mihealtheurope.org\/","name":"https:\/\/mihealtheurope.org\/","description":"Mejorar la salud de los inmigrantes","publisher":{"@id":"https:\/\/mihealtheurope.org\/#organization"},"potentialAction":[{"@type":"SearchAction","target":{"@type":"EntryPoint","urlTemplate":"https:\/\/mihealtheurope.org\/?s={search_term_string}"},"query-input":{"@type":"PropertyValueSpecification","valueRequired":true,"valueName":"search_term_string"}}],"inLanguage":"es"},{"@type":"Organization","@id":"https:\/\/mihealtheurope.org\/#organization","name":"Mi-Health Europe","url":"https:\/\/mihealtheurope.org\/","logo":{"@type":"ImageObject","inLanguage":"es","@id":"https:\/\/mihealtheurope.org\/#\/schema\/logo\/image\/","url":"https:\/\/mihealtheurope.org\/wp-content\/uploads\/2024\/04\/MiHealth_Blue-High-Res.png","contentUrl":"https:\/\/mihealtheurope.org\/wp-content\/uploads\/2024\/04\/MiHealth_Blue-High-Res.png","width":1536,"height":1489,"caption":"Mi-Health Europe"},"image":{"@id":"https:\/\/mihealtheurope.org\/#\/schema\/logo\/image\/"},"sameAs":["https:\/\/www.facebook.com\/MiHealthAAF","https:\/\/x.com\/MiHealth_Europe","https:\/\/www.instagram.com\/mi_health_advocacy\/"]}]}},"uagb_featured_image_src":{"full":false,"thumbnail":false,"medium":false,"medium_large":false,"large":false,"1536x1536":false,"2048x2048":false,"trp-custom-language-flag":false,"blog-img":false,"gform-image-choice-sm":false,"gform-image-choice-md":false,"gform-image-choice-lg":false},"uagb_author_info":{"display_name":"MIHealthUsr","author_link":"https:\/\/mihealtheurope.org\/es\/author\/mihealthusr\/"},"uagb_comment_info":0,"uagb_excerpt":"Mi-Health HIV Partnership Since 2022, we have been coordinating a community-led initiative to address the gaps in the HIV continuum of care amongst key migrant communities across 11 European countries with a high prevalence of HIV. It is well documented that migrants are diagnosed later than the general European population, and we are delivering activities&hellip;","_links":{"self":[{"href":"https:\/\/mihealtheurope.org\/es\/wp-json\/wp\/v2\/pages\/1340","targetHints":{"allow":["GET"]}}],"collection":[{"href":"https:\/\/mihealtheurope.org\/es\/wp-json\/wp\/v2\/pages"}],"about":[{"href":"https:\/\/mihealtheurope.org\/es\/wp-json\/wp\/v2\/types\/page"}],"author":[{"embeddable":true,"href":"https:\/\/mihealtheurope.org\/es\/wp-json\/wp\/v2\/users\/1"}],"replies":[{"embeddable":true,"href":"https:\/\/mihealtheurope.org\/es\/wp-json\/wp\/v2\/comments?post=1340"}],"version-history":[{"count":35,"href":"https:\/\/mihealtheurope.org\/es\/wp-json\/wp\/v2\/pages\/1340\/revisions"}],"predecessor-version":[{"id":2620,"href":"https:\/\/mihealtheurope.org\/es\/wp-json\/wp\/v2\/pages\/1340\/revisions\/2620"}],"wp:attachment":[{"href":"https:\/\/mihealtheurope.org\/es\/wp-json\/wp\/v2\/media?parent=1340"}],"wp:term":[{"taxonomy":"wf_page_folders","embeddable":true,"href":"https:\/\/mihealtheurope.org\/es\/wp-json\/wp\/v2\/wf_page_folders?post=1340"}],"curies":[{"name":"wp","href":"https:\/\/api.w.org\/{rel}","templated":true}]}}